{"version":"1.0","provider_name":"ANAM","provider_url":"https:\/\/anam.org.gt\/inicio","author_name":"admin","author_url":"https:\/\/anam.org.gt\/inicio\/author\/admin\/","title":"ANAM acompa\u00f1a gesti\u00f3n municipal en Samayac, Suchitep\u00e9quez. - ANAM","type":"rich","width":600,"height":338,"html":"<blockquote class=\"wp-embedded-content\" data-secret=\"bRG0BqaEVw\"><a href=\"https:\/\/anam.org.gt\/inicio\/anam-acompana-gestion-municipal-en-samayac-suchitepequez\/\">ANAM acompa\u00f1a gesti\u00f3n municipal en Samayac, Suchitep\u00e9quez.<\/a><\/blockquote><iframe sandbox=\"allow-scripts\" security=\"restricted\" src=\"https:\/\/anam.org.gt\/inicio\/anam-acompana-gestion-municipal-en-samayac-suchitepequez\/embed\/#?secret=bRG0BqaEVw\" width=\"600\" height=\"338\" title=\"\u00abANAM acompa\u00f1a gesti\u00f3n municipal en Samayac, Suchitep\u00e9quez.\u00bb \u2014 ANAM\" data-secret=\"bRG0BqaEVw\" frameborder=\"0\" marginwidth=\"0\" marginheight=\"0\" scrolling=\"no\" class=\"wp-embedded-content\"><\/iframe><script>\n\/*! This file is auto-generated *\/\n!function(d,l){\"use strict\";l.querySelector&&d.addEventListener&&\"undefined\"!=typeof URL&&(d.wp=d.wp||{},d.wp.receiveEmbedMessage||(d.wp.receiveEmbedMessage=function(e){var t=e.data;if((t||t.secret||t.message||t.value)&&!\/[^a-zA-Z0-9]\/.test(t.secret)){for(var s,r,n,a=l.querySelectorAll('iframe[data-secret=\"'+t.secret+'\"]'),o=l.querySelectorAll('blockquote[data-secret=\"'+t.secret+'\"]'),c=new RegExp(\"^https?:$\",\"i\"),i=0;i<o.length;i++)o[i].style.display=\"none\";for(i=0;i<a.length;i++)s=a[i],e.source===s.contentWindow&&(s.removeAttribute(\"style\"),\"height\"===t.message?(1e3<(r=parseInt(t.value,10))?r=1e3:~~r<200&&(r=200),s.height=r):\"link\"===t.message&&(r=new URL(s.getAttribute(\"src\")),n=new URL(t.value),c.test(n.protocol))&&n.host===r.host&&l.activeElement===s&&(d.top.location.href=t.value))}},d.addEventListener(\"message\",d.wp.receiveEmbedMessage,!1),l.addEventListener(\"DOMContentLoaded\",function(){for(var e,t,s=l.querySelectorAll(\"iframe.wp-embedded-content\"),r=0;r<s.length;r++)(t=(e=s[r]).getAttribute(\"data-secret\"))||(t=Math.random().toString(36).substring(2,12),e.src+=\"#?secret=\"+t,e.setAttribute(\"data-secret\",t)),e.contentWindow.postMessage({message:\"ready\",secret:t},\"*\")},!1)))}(window,document);\n\/\/# sourceURL=https:\/\/anam.org.gt\/inicio\/wp-includes\/js\/wp-embed.min.js\n<\/script>\n","thumbnail_url":"https:\/\/anam.org.gt\/inicio\/wp-content\/uploads\/2025\/08\/image-12.png","thumbnail_width":1440,"thumbnail_height":960,"description":"El presidente de la Asociaci\u00f3n Nacional de Municipalidades de la Rep\u00fablica de Guatemala \u2013ANAM\u2013, Sebasti\u00e1n Siero, sostuvo una reuni\u00f3n con el alcalde del municipio de Samayac, Suchitep\u00e9quez, Pablo Hern\u00e1ndez. Durante el encuentro se reafirm\u00f3 el compromiso de ANAM de brindar acompa\u00f1amiento t\u00e9cnico e institucional a la municipalidad, fortaleciendo proyectos y acciones que impulsen el desarrollo [&hellip;]"}