{"version":"1.0","provider_name":"ANAM","provider_url":"https:\/\/anam.org.gt\/inicio","author_name":"Redacci\u00f3n ANAM","author_url":"https:\/\/anam.org.gt\/inicio\/author\/redaccion\/","title":"Convenio Diario De Centro Am\u00e9rica - ANAM","type":"rich","width":600,"height":338,"html":"<blockquote class=\"wp-embedded-content\" data-secret=\"2RwzOsE4zl\"><a href=\"https:\/\/anam.org.gt\/inicio\/convenio-diario-de-centro-america\/\">Convenio Diario De Centro Am\u00e9rica<\/a><\/blockquote><iframe sandbox=\"allow-scripts\" security=\"restricted\" src=\"https:\/\/anam.org.gt\/inicio\/convenio-diario-de-centro-america\/embed\/#?secret=2RwzOsE4zl\" width=\"600\" height=\"338\" title=\"\u00abConvenio Diario De Centro Am\u00e9rica\u00bb \u2014 ANAM\" data-secret=\"2RwzOsE4zl\" frameborder=\"0\" marginwidth=\"0\" marginheight=\"0\" scrolling=\"no\" class=\"wp-embedded-content\"><\/iframe><script>\n\/*! This file is auto-generated *\/\n!function(d,l){\"use strict\";l.querySelector&&d.addEventListener&&\"undefined\"!=typeof URL&&(d.wp=d.wp||{},d.wp.receiveEmbedMessage||(d.wp.receiveEmbedMessage=function(e){var t=e.data;if((t||t.secret||t.message||t.value)&&!\/[^a-zA-Z0-9]\/.test(t.secret)){for(var s,r,n,a=l.querySelectorAll('iframe[data-secret=\"'+t.secret+'\"]'),o=l.querySelectorAll('blockquote[data-secret=\"'+t.secret+'\"]'),c=new RegExp(\"^https?:$\",\"i\"),i=0;i<o.length;i++)o[i].style.display=\"none\";for(i=0;i<a.length;i++)s=a[i],e.source===s.contentWindow&&(s.removeAttribute(\"style\"),\"height\"===t.message?(1e3<(r=parseInt(t.value,10))?r=1e3:~~r<200&&(r=200),s.height=r):\"link\"===t.message&&(r=new URL(s.getAttribute(\"src\")),n=new URL(t.value),c.test(n.protocol))&&n.host===r.host&&l.activeElement===s&&(d.top.location.href=t.value))}},d.addEventListener(\"message\",d.wp.receiveEmbedMessage,!1),l.addEventListener(\"DOMContentLoaded\",function(){for(var e,t,s=l.querySelectorAll(\"iframe.wp-embedded-content\"),r=0;r<s.length;r++)(t=(e=s[r]).getAttribute(\"data-secret\"))||(t=Math.random().toString(36).substring(2,12),e.src+=\"#?secret=\"+t,e.setAttribute(\"data-secret\",t)),e.contentWindow.postMessage({message:\"ready\",secret:t},\"*\")},!1)))}(window,document);\n\/\/# sourceURL=https:\/\/anam.org.gt\/inicio\/wp-includes\/js\/wp-embed.min.js\n<\/script>\n","thumbnail_url":"https:\/\/anam.org.gt\/inicio\/wp-content\/uploads\/2024\/09\/dc.jpg","thumbnail_width":1440,"thumbnail_height":960,"description":"ANAM firma convenio con el Diario de Centro Am\u00e9rica para la publicaci\u00f3n de acuerdos municipales El Presidente de la Asociaci\u00f3n Nacional de Municipalidades de la Rep\u00fablica de Guatemala (ANAM), Sebasti\u00e1n Siero, firm\u00f3 hoy un importante convenio interinstitucional con el Diario de Centro Am\u00e9rica. Este acuerdo permitir\u00e1 que las municipalidades del pa\u00eds puedan publicar gratuitamente acuerdos [&hellip;]"}