{"id":2471,"date":"2024-09-26T19:00:40","date_gmt":"2024-09-26T19:00:40","guid":{"rendered":"https:\/\/anam.org.gt\/inicio\/?page_id=2471"},"modified":"2026-04-22T20:47:06","modified_gmt":"2026-04-22T20:47:06","slug":"numeral-3","status":"publish","type":"page","link":"https:\/\/anam.org.gt\/inicio\/numeral-3\/","title":{"rendered":"N\u00fameral 3"},"content":{"rendered":"\t\t<div data-elementor-type=\"wp-page\" data-elementor-id=\"2471\" class=\"elementor elementor-2471\">\n\t\t\t\t\t\t<section class=\"elementor-section elementor-top-section elementor-element elementor-element-edbf342 elementor-section-boxed elementor-section-height-default elementor-section-height-default\" data-id=\"edbf342\" data-element_type=\"section\">\n\t\t\t\t\t\t<div class=\"elementor-container elementor-column-gap-default\">\n\t\t\t\t\t<div class=\"elementor-column elementor-col-100 elementor-top-column elementor-element elementor-element-2015dc0\" data-id=\"2015dc0\" data-element_type=\"column\">\n\t\t\t<div class=\"elementor-widget-wrap elementor-element-populated\">\n\t\t\t\t\t\t<div class=\"elementor-element elementor-element-0af39f8 elementor-widget elementor-widget-heading\" data-id=\"0af39f8\" data-element_type=\"widget\" data-widget_type=\"heading.default\">\n\t\t\t\t<div class=\"elementor-widget-container\">\n\t\t\t\t\t<h2 class=\"elementor-heading-title elementor-size-default\"><h5><span>3. Directorio de colaboradores y empleados contratados<\/span><span><\/span><br><\/h5><\/h2>\t\t\t\t<\/div>\n\t\t\t\t<\/div>\n\t\t\t\t<div class=\"elementor-element elementor-element-af34a50 elementor-widget elementor-widget-heading\" data-id=\"af34a50\" data-element_type=\"widget\" data-widget_type=\"heading.default\">\n\t\t\t\t<div class=\"elementor-widget-container\">\n\t\t\t\t\t<h5 class=\"elementor-heading-title elementor-size-default\">Numeral 3. Directorio de empleados y servidores p\u00fablicos, incluyendo n\u00fameros de tel\u00e9fono y direcciones de correo electr\u00f3nico oficiales no privados; quedan exentos de esta obligaci\u00f3n los sujetos obligados cuando se ponga en riesgo el sistema nacional de seguridad, la investigaci\u00f3n criminal e inteligencia del Estado.<\/h5>\t\t\t\t<\/div>\n\t\t\t\t<\/div>\n\t\t\t\t\t<\/div>\n\t\t<\/div>\n\t\t\t\t\t<\/div>\n\t\t<\/section>\n\t\t\t\t<section class=\"elementor-section elementor-top-section elementor-element elementor-element-08696b3 elementor-section-boxed elementor-section-height-default elementor-section-height-default\" data-id=\"08696b3\" data-element_type=\"section\">\n\t\t\t\t\t\t<div class=\"elementor-container elementor-column-gap-default\">\n\t\t\t\t\t<div class=\"elementor-column elementor-col-100 elementor-top-column elementor-element elementor-element-4e5ce4f\" data-id=\"4e5ce4f\" data-element_type=\"column\">\n\t\t\t<div class=\"elementor-widget-wrap elementor-element-populated\">\n\t\t\t\t\t\t<div class=\"elementor-element elementor-element-342c90e elementor-widget elementor-widget-toggle\" data-id=\"342c90e\" data-element_type=\"widget\" data-widget_type=\"toggle.default\">\n\t\t\t\t<div class=\"elementor-widget-container\">\n\t\t\t\t\t\t\t<div class=\"elementor-toggle\">\n\t\t\t\t\t\t\t<div class=\"elementor-toggle-item\">\n\t\t\t\t\t<div id=\"elementor-tab-title-5471\" class=\"elementor-tab-title\" data-tab=\"1\" role=\"button\" aria-controls=\"elementor-tab-content-5471\" aria-expanded=\"false\">\n\t\t\t\t\t\t\t\t\t\t\t\t<span class=\"elementor-toggle-icon elementor-toggle-icon-left\" aria-hidden=\"true\">\n\t\t\t\t\t\t\t\t\t\t\t\t\t\t\t<span class=\"elementor-toggle-icon-closed\"><i class=\"fas fa-caret-right\"><\/i><\/span>\n\t\t\t\t\t\t\t\t<span class=\"elementor-toggle-icon-opened\"><i class=\"elementor-toggle-icon-opened fas fa-caret-up\"><\/i><\/span>\n\t\t\t\t\t\t\t\t\t\t\t\t\t<\/span>\n\t\t\t\t\t\t\t\t\t\t\t\t<a class=\"elementor-toggle-title\" tabindex=\"0\">2026<\/a>\n\t\t\t\t\t<\/div>\n\n\t\t\t\t\t<div id=\"elementor-tab-content-5471\" class=\"elementor-tab-content elementor-clearfix\" data-tab=\"1\" role=\"region\" aria-labelledby=\"elementor-tab-title-5471\"><p><a href=\"https:\/\/anam.org.gt\/inicio\/wp-content\/uploads\/2026\/04\/3-DIRECTORIODEPERSONALPORSERVICIOSTECNICOSYPROFESIONALESENERO26.pdf\" target=\"_blank\" rel=\"noopener\">03A012026 DIRECTORIO DE EMPLEADOS ENE 2026<\/a><\/p><p><a href=\"https:\/\/anam.org.gt\/inicio\/wp-content\/uploads\/2026\/04\/3-DIRECTORIODEPERSONALPORSERVICIOSTECNICOSYPROFESIONALESFEBRERO26.pdf\" target=\"_blank\" rel=\"noopener\">03A022026 DIRECTORIO DE EMPLEADOS FEB 2026<\/a><\/p><p><a href=\"https:\/\/anam.org.gt\/inicio\/wp-content\/uploads\/2026\/04\/3-DIRECTORIODEPERSONALPORSERVICIOSTECNICOSYPROFESIONALESMARZO26.pdf\" target=\"_blank\" rel=\"noopener\">03A032026 DIRECTORIO DE EMPLEADOS MAR 2026<\/a><\/p><\/div>\n\t\t\t\t<\/div>\n\t\t\t\t\t\t\t<div class=\"elementor-toggle-item\">\n\t\t\t\t\t<div id=\"elementor-tab-title-5472\" class=\"elementor-tab-title\" data-tab=\"2\" role=\"button\" aria-controls=\"elementor-tab-content-5472\" aria-expanded=\"false\">\n\t\t\t\t\t\t\t\t\t\t\t\t<span class=\"elementor-toggle-icon elementor-toggle-icon-left\" aria-hidden=\"true\">\n\t\t\t\t\t\t\t\t\t\t\t\t\t\t\t<span class=\"elementor-toggle-icon-closed\"><i class=\"fas fa-caret-right\"><\/i><\/span>\n\t\t\t\t\t\t\t\t<span class=\"elementor-toggle-icon-opened\"><i class=\"elementor-toggle-icon-opened fas fa-caret-up\"><\/i><\/span>\n\t\t\t\t\t\t\t\t\t\t\t\t\t<\/span>\n\t\t\t\t\t\t\t\t\t\t\t\t<a class=\"elementor-toggle-title\" tabindex=\"0\">2025<\/a>\n\t\t\t\t\t<\/div>\n\n\t\t\t\t\t<div id=\"elementor-tab-content-5472\" class=\"elementor-tab-content elementor-clearfix\" data-tab=\"2\" role=\"region\" aria-labelledby=\"elementor-tab-title-5472\"><p><a href=\"https:\/\/anam.org.gt\/inicio\/wp-content\/uploads\/2025\/03\/NUMERAL-3-ENERO.pdf\" target=\"_blank\" rel=\"noopener\">03A012025 DIRECTORIO DE EMPLEADOS ENE 2025<\/a><\/p><p><a href=\"https:\/\/anam.org.gt\/inicio\/wp-content\/uploads\/2025\/03\/NUMERAL-3-FEBRERO.pdf\">03A022025 DIRECTORIO DE EMPLEADOS FEB 2025<\/a><\/p><p><a href=\"https:\/\/anam.org.gt\/inicio\/wp-content\/uploads\/2026\/01\/3-DIRECTORIODEPERSONALPORSERVICIOSTECNICOSYPROFESIONALESMARZO25.pdf\" target=\"_blank\" rel=\"noopener\">03A032025 DIRECTORIO DE EMPLEADOS MAR 2025<\/a><\/p><p><a href=\"https:\/\/anam.org.gt\/inicio\/wp-content\/uploads\/2025\/08\/3-DIRECTORIODEPERSONALPORSERVICIOSTECNICOSYPROFESIONALESABRIL25.pdf\" target=\"_blank\" rel=\"noopener\">03A042025 DIRECTORIO DE EMPLEADOS ABR 2025<\/a><\/p><p><a href=\"https:\/\/anam.org.gt\/inicio\/wp-content\/uploads\/2025\/08\/NUMERAL-3-MAYO.pdf\" target=\"_blank\" rel=\"noopener\">03A052025 DIRECTORIO DE EMPLEADOS MAY 2025<\/a><\/p><p><a href=\"https:\/\/anam.org.gt\/inicio\/wp-content\/uploads\/2025\/08\/NUMERAL-3-JUNIO.pdf\" target=\"_blank\" rel=\"noopener\">03A062025 DIRECTORIO DE EMPLEADOS JUN 2025<\/a><\/p><p><a href=\"https:\/\/anam.org.gt\/inicio\/wp-content\/uploads\/2026\/01\/3-DIRECTORIODEPERSONALPORSERVICIOSTECNICOSYPROFESIONALESJULIO25.pdf\" target=\"_blank\" rel=\"noopener\">03A072025 DIRECTORIO DE EMPLEADOS JUL 2025<\/a><\/p><p><a href=\"https:\/\/anam.org.gt\/inicio\/wp-content\/uploads\/2026\/01\/3-DIRECTORIODEPERSONALPORSERVICIOSTECNICOSYPROFESIONALESAGOSTO25.pdf\" target=\"_blank\" rel=\"noopener\">03A082025 DIRECTORIO DE EMPLEADOS AGO 2025<\/a><\/p><p><a href=\"https:\/\/anam.org.gt\/inicio\/wp-content\/uploads\/2026\/01\/3-DIRECTORIODEPERSONALPORSERVICIOSTECNICOSYPROFESIONALESSEPTIEMBRE25.pdf\" target=\"_blank\" rel=\"noopener\">03A092025 DIRECTORIO DE EMPLEADOS SEP 2025<\/a><\/p><p><a href=\"https:\/\/anam.org.gt\/inicio\/wp-content\/uploads\/2026\/01\/3-DIRECTORIODEPERSONALPORSERVICIOSTECNICOSYPROFESIONALESNOVIEMBRE25.pdf\" target=\"_blank\" rel=\"noopener\">03A112025 DIRECTORIO DE EMPLEADOS NOV 2025<\/a><\/p><p><a href=\"https:\/\/anam.org.gt\/inicio\/wp-content\/uploads\/2026\/01\/3-DIRECTORIODEPERSONALPORSERVICIOSTECNICOSYPROFESIONALESDICIEMBRE25.pdf\" target=\"_blank\" rel=\"noopener\">03A122025 DIRECTORIO DE EMPLEADOS DIC 2025<\/a><\/p><\/div>\n\t\t\t\t<\/div>\n\t\t\t\t\t\t\t<div class=\"elementor-toggle-item\">\n\t\t\t\t\t<div id=\"elementor-tab-title-5473\" class=\"elementor-tab-title\" data-tab=\"3\" role=\"button\" aria-controls=\"elementor-tab-content-5473\" aria-expanded=\"false\">\n\t\t\t\t\t\t\t\t\t\t\t\t<span class=\"elementor-toggle-icon elementor-toggle-icon-left\" aria-hidden=\"true\">\n\t\t\t\t\t\t\t\t\t\t\t\t\t\t\t<span class=\"elementor-toggle-icon-closed\"><i class=\"fas fa-caret-right\"><\/i><\/span>\n\t\t\t\t\t\t\t\t<span class=\"elementor-toggle-icon-opened\"><i class=\"elementor-toggle-icon-opened fas fa-caret-up\"><\/i><\/span>\n\t\t\t\t\t\t\t\t\t\t\t\t\t<\/span>\n\t\t\t\t\t\t\t\t\t\t\t\t<a class=\"elementor-toggle-title\" tabindex=\"0\">2024<\/a>\n\t\t\t\t\t<\/div>\n\n\t\t\t\t\t<div id=\"elementor-tab-content-5473\" class=\"elementor-tab-content elementor-clearfix\" data-tab=\"3\" role=\"region\" aria-labelledby=\"elementor-tab-title-5473\"><p><a href=\"https:\/\/anam.org.gt\/wp-content\/uploads\/2024\/02\/03A012024-DIRECORIO-DE-EMPLEADOS-ENE-2024.pdf\" target=\"_blank\" rel=\"attachment wp-att-3423 noopener noreferrer\">03A012024 DIRECTORIO DE EMPLEADOS ENE 2024<\/a><\/p><p><a href=\"https:\/\/anam.org.gt\/wp-content\/uploads\/2024\/03\/03A022024-DIRECTORIO-DE-EMPLEADOS-FEB-2024.pdf\" target=\"_blank\" rel=\"attachment wp-att-3475 noopener noreferrer\">03A022024 DIRECTORIO DE EMPLEADOS FEB 2024<\/a><\/p><p><a href=\"https:\/\/anam.org.gt\/wp-content\/uploads\/2024\/04\/03A032024-DIRECTORIO-DE-EMPLEADOS-MAR-2024.pdf\" target=\"_blank\" rel=\"attachment wp-att-3496 noopener noreferrer\">03A032024 DIRECTORIO DE EMPLEADOS MAR 2024<\/a><\/p><p><a href=\"https:\/\/anam.org.gt\/wp-content\/uploads\/2024\/05\/03A042024-DIRECTORIO-DE-EMPLEADOS-ABR-2024.pdf\" target=\"_blank\" rel=\"attachment wp-att-3999 noopener noreferrer\">03A042024 DIRECTORIO DE EMPLEADOS ABR 2024<\/a><\/p><p><a href=\"https:\/\/anam.org.gt\/wp-content\/uploads\/2024\/06\/03A052024_DIRECTORIO_DE_EMPLEADOS_MAY_2024.pdf\" target=\"_blank\" rel=\"attachment wp-att-4015 noopener noreferrer\">03A052024 DIRECTORIO DE EMPLEADOS MAY 2024<\/a><\/p><p><a href=\"https:\/\/anam.org.gt\/wp-content\/uploads\/2024\/07\/03A062024_DIRECTORIO_DE_EMPLEADOS_JUN_2024.pdf\" target=\"_blank\" rel=\"attachment wp-att-4035 noopener noreferrer\">03A062024 DIRECTORIO DE EMPLEADOS JUN 2024<\/a><\/p><p><a href=\"https:\/\/anam.org.gt\/inicio\/wp-content\/uploads\/2024\/10\/3-DIRECTORIODEPERSONALPORSERVICIOSTECNICOSYPROFESIONALESJULIO24.pdf\" target=\"_blank\" rel=\"noopener\">03A072024 DIRECTORIO DE EMPLEADOS JUL 2024<\/a><\/p><p><a href=\"https:\/\/anam.org.gt\/inicio\/wp-content\/uploads\/2024\/10\/3-DIRECTORIODEPERSONALPORSERVICIOSTECNICOSYPROFESIONALESAGOSTO24.pdf\" target=\"_blank\" rel=\"noopener\">03A082024 DIRECTORIO DE EMPLEADOS AGO 2024<\/a><\/p><p><a href=\"https:\/\/anam.org.gt\/inicio\/wp-content\/uploads\/2024\/10\/3-DIRECTORIODEPERSONALPORSERVICIOSTECNICOSYPROFESIONALESSEPTIEMBRE24.pdf\" target=\"_blank\" rel=\"noopener\">03A092024 DIRECTORIO DE EMPLEADOS SEP 2024<\/a><\/p><p><a href=\"https:\/\/anam.org.gt\/inicio\/wp-content\/uploads\/2025\/02\/DIRECTORIO-DE-EMPLEADOS-OCTUBRE.pdf\" target=\"_blank\" rel=\"noopener\">03A102024 DIRECTORIO DE EMPLEADOS OCT 2024<\/a><\/p><p><a href=\"https:\/\/anam.org.gt\/inicio\/wp-content\/uploads\/2025\/02\/DIRECTORIO-EMPLEADOS-NOVIEMBRE.pdf\" target=\"_blank\" rel=\"noopener\">03A112024 DIRECTORIO DE EMPLEADOS NOV 2024<\/a><\/p><p><a href=\"https:\/\/anam.org.gt\/inicio\/wp-content\/uploads\/2025\/03\/NUMERAL-3-DICIEMBRE.pdf\" target=\"_blank\" rel=\"noopener\">03A122024 DIRECTORIO DE EMPLEADOS DIC 2024<\/a><\/p><\/div>\n\t\t\t\t<\/div>\n\t\t\t\t\t\t\t<div class=\"elementor-toggle-item\">\n\t\t\t\t\t<div id=\"elementor-tab-title-5474\" class=\"elementor-tab-title\" data-tab=\"4\" role=\"button\" aria-controls=\"elementor-tab-content-5474\" aria-expanded=\"false\">\n\t\t\t\t\t\t\t\t\t\t\t\t<span class=\"elementor-toggle-icon elementor-toggle-icon-left\" aria-hidden=\"true\">\n\t\t\t\t\t\t\t\t\t\t\t\t\t\t\t<span class=\"elementor-toggle-icon-closed\"><i class=\"fas fa-caret-right\"><\/i><\/span>\n\t\t\t\t\t\t\t\t<span class=\"elementor-toggle-icon-opened\"><i class=\"elementor-toggle-icon-opened fas fa-caret-up\"><\/i><\/span>\n\t\t\t\t\t\t\t\t\t\t\t\t\t<\/span>\n\t\t\t\t\t\t\t\t\t\t\t\t<a class=\"elementor-toggle-title\" tabindex=\"0\">2023<\/a>\n\t\t\t\t\t<\/div>\n\n\t\t\t\t\t<div id=\"elementor-tab-content-5474\" class=\"elementor-tab-content elementor-clearfix\" data-tab=\"4\" role=\"region\" aria-labelledby=\"elementor-tab-title-5474\"><p><a href=\"https:\/\/anam.org.gt\/wp-content\/uploads\/2023\/05\/03A012023-DIRECTORIO-DE-EMPLEADOS-ENE-2023.pdf\" target=\"_blank\" rel=\"attachment wp-att-2997 noopener noreferrer\">03A012023 DIRECTORIO DE EMPLEADOS ENE 2023<\/a><\/p><p><a href=\"https:\/\/anam.org.gt\/wp-content\/uploads\/2023\/05\/03A022023-DIRECTORIO-DE-EMPLEADOS-FEB-2023.pdf\" target=\"_blank\" rel=\"attachment wp-att-2998 noopener noreferrer\">03A022023 DIRECTORIO DE EMPLEADOS FEB 2023<\/a><\/p><p><a href=\"https:\/\/anam.org.gt\/wp-content\/uploads\/2023\/05\/03A032023-DIRECTORIO-DE-EMPLEADOS-MAR-2023.pdf\" target=\"_blank\" rel=\"attachment wp-att-2999 noopener noreferrer\">03A032023 DIRECTORIO DE EMPLEADOS MAR 2023<\/a><\/p><p><a href=\"https:\/\/anam.org.gt\/wp-content\/uploads\/2023\/05\/03A042023-DIRECTORIO-DE-EMPLEADOS-ABR-2023.pdf\" target=\"_blank\" rel=\"attachment wp-att-3000 noopener noreferrer\">03A042023 DIRECTORIO DE EMPLEADOS ABR 2023<\/a><\/p><p><a href=\"https:\/\/anam.org.gt\/wp-content\/uploads\/2024\/01\/03A052023-DIRECTORIO-DE-EMPLEADOS-MAY-2023.pdf\" target=\"_blank\" rel=\"attachment wp-att-3336 noopener noreferrer\">03A052023 DIRECTORIO DE EMPLEADOS MAY 2023<\/a><\/p><p><a href=\"https:\/\/anam.org.gt\/wp-content\/uploads\/2024\/01\/03A062023-DIRECTORIO-DE-EMPLEADOS-JUN-2023.pdf\" target=\"_blank\" rel=\"attachment wp-att-3337 noopener noreferrer\">03A062023 DIRECTORIO DE EMPLEADOS JUN 2023<\/a><\/p><p><a href=\"https:\/\/anam.org.gt\/wp-content\/uploads\/2024\/01\/03A072023-DIRECTORIO-DE-EMPLEADOS-JUL-2023.pdf\" target=\"_blank\" rel=\"attachment wp-att-3338 noopener noreferrer\">03A072023 DIRECTORIO DE EMPLEADOS JUL 2023<\/a><\/p><p><a href=\"https:\/\/anam.org.gt\/wp-content\/uploads\/2024\/01\/03A082023-DIRECTORIO-DE-EMPLEADOS-AGO-2023.pdf\" target=\"_blank\" rel=\"attachment wp-att-3339 noopener noreferrer\">03A082023 DIRECTORIO DE EMPLEADOS AGO 2023<\/a><\/p><p><a href=\"https:\/\/anam.org.gt\/wp-content\/uploads\/2024\/01\/03A092023-DIRECTROIO-DE-EMPLEADOS-SEP-2023.pdf\" target=\"_blank\" rel=\"attachment wp-att-3340 noopener noreferrer\">03A092023 DIRECTROIO DE EMPLEADOS SEP 2023<\/a><\/p><p><a href=\"https:\/\/anam.org.gt\/wp-content\/uploads\/2024\/01\/03A102023-DIRECTORIO-DE-EMPLEADOS-OCT-2023.pdf\" target=\"_blank\" rel=\"attachment wp-att-3341 noopener noreferrer\">03A102023 DIRECTORIO DE EMPLEADOS OCT 2023<\/a><\/p><p><a href=\"https:\/\/anam.org.gt\/wp-content\/uploads\/2024\/01\/03A112023-DIRECTORIO-DE-EMPLEADOS-NOV-2023.pdf\" target=\"_blank\" rel=\"attachment wp-att-3342 noopener noreferrer\">03A112023 DIRECTORIO DE EMPLEADOS NOV 2023<\/a><\/p><p><a href=\"https:\/\/anam.org.gt\/wp-content\/uploads\/2024\/01\/03A122023-DIRECTORIO-DE-EMPLEADOS-DIC-2023.pdf\" target=\"_blank\" rel=\"attachment wp-att-3343 noopener noreferrer\">03A122023 DIRECTORIO DE EMPLEADOS DIC 2023<\/a><\/p><\/div>\n\t\t\t\t<\/div>\n\t\t\t\t\t\t\t<div class=\"elementor-toggle-item\">\n\t\t\t\t\t<div id=\"elementor-tab-title-5475\" class=\"elementor-tab-title\" data-tab=\"5\" role=\"button\" aria-controls=\"elementor-tab-content-5475\" aria-expanded=\"false\">\n\t\t\t\t\t\t\t\t\t\t\t\t<span class=\"elementor-toggle-icon elementor-toggle-icon-left\" aria-hidden=\"true\">\n\t\t\t\t\t\t\t\t\t\t\t\t\t\t\t<span class=\"elementor-toggle-icon-closed\"><i class=\"fas fa-caret-right\"><\/i><\/span>\n\t\t\t\t\t\t\t\t<span class=\"elementor-toggle-icon-opened\"><i class=\"elementor-toggle-icon-opened fas fa-caret-up\"><\/i><\/span>\n\t\t\t\t\t\t\t\t\t\t\t\t\t<\/span>\n\t\t\t\t\t\t\t\t\t\t\t\t<a class=\"elementor-toggle-title\" tabindex=\"0\">2022<\/a>\n\t\t\t\t\t<\/div>\n\n\t\t\t\t\t<div id=\"elementor-tab-content-5475\" class=\"elementor-tab-content elementor-clearfix\" data-tab=\"5\" role=\"region\" aria-labelledby=\"elementor-tab-title-5475\"><p><a href=\"https:\/\/anam.org.gt\/wp-content\/uploads\/2022\/05\/02A012022-DIRECCION-Y-TELEFONOS-ANO-2022.pdf\">Direcci\u00f3n y Tel\u00e9fonos 2022<\/a><\/p><p><a href=\"https:\/\/anam.org.gt\/wp-content\/uploads\/2022\/06\/02A022022-DIRECCION-Y-TELEFONO-DE-LAS-DIFERENTES-SEDES-ANO-2022.pdf\">Direcci\u00f3n Y Telefono De Las Diferentes Sedes A\u00f1o 2022a<\/a><\/p><p><a href=\"https:\/\/anam.org.gt\/wp-content\/uploads\/2022\/03\/3-DIRECTORIODECOLABORADORESENERO22.xlsx\" target=\"_blank\" rel=\"attachment wp-att-1930 noopener noreferrer\">DIRECTORIO DE COLABORADORES NOMINA ENERO<\/a><\/p><p><a href=\"https:\/\/anam.org.gt\/wp-content\/uploads\/2022\/03\/3-DIRECTORIODECOLABORADORESYPERSONALCONTRATADOSENERO22.xlsx\" target=\"_blank\" rel=\"attachment wp-att-1931 noopener noreferrer\">DIRECTORIO DE COLABORADORES Y PERSONAL CONTRATADOS ENERO<\/a><\/p><p><a href=\"https:\/\/anam.org.gt\/wp-content\/uploads\/2022\/04\/03A022022-DIRECTORIO-DE-EMPLEADOS-FEB-2022.pdf\" target=\"_blank\" rel=\"attachment wp-att-2041 noopener noreferrer\">03A022022 DIRECTORIO DE EMPLEADOS FEB 2022<\/a><\/p><p><a href=\"https:\/\/anam.org.gt\/wp-content\/uploads\/2022\/04\/03A032022-DIRECTORIO-DE-EMPLEADOS-MAR-2022.pdf\" target=\"_blank\" rel=\"attachment wp-att-2042 noopener noreferrer\">03A032022 DIRECTORIO DE EMPLEADOS MAR 2022<\/a><\/p><p><a href=\"https:\/\/anam.org.gt\/wp-content\/uploads\/2022\/05\/03A042022-DIRECTORIO-DE-EMPLEADOS-ABR-2022.pdf\" target=\"_blank\" rel=\"attachment wp-att-2222 noopener noreferrer\">03A042022 DIRECTORIO DE EMPLEADOS ABR 2022<\/a><\/p><p><a href=\"https:\/\/anam.org.gt\/wp-content\/uploads\/2022\/05\/03A042022-DIRECTORIO-DE-EMPLEADOS-MAY-2022.pdf\" target=\"_blank\" rel=\"attachment wp-att-2342 noopener noreferrer\">03A052022 DIRECTORIO DE EMPLEADOS ABR 2022<\/a><\/p><p><a href=\"https:\/\/anam.org.gt\/wp-content\/uploads\/2022\/07\/03A062022-DIRECTORIO-DE-EMPLEADOS-JUN-2022.pdf\" target=\"_blank\" rel=\"attachment wp-att-2398 noopener noreferrer\">03A062022 DIRECTORIO DE EMPLEADOS JUN 2022<\/a><\/p><p><a href=\"https:\/\/anam.org.gt\/wp-content\/uploads\/2023\/01\/03A072022-DIRECTORIO-DE-EMPLEADOS-JUL-2022-1.pdf\" target=\"_blank\" rel=\"noopener noreferrer\">03A072022 DIRECTORIO DE EMPLEADOS JUL 2022<\/a><\/p><p><a href=\"https:\/\/anam.org.gt\/wp-content\/uploads\/2023\/01\/03A082022-DIRECTORIO-DE-EMPLEADOS-AGO-2022-1.pdf\" target=\"_blank\" rel=\"noopener noreferrer\">03A082022 DIRECTORIO DE EMPLEADOS AGO 2022<\/a><\/p><p><a href=\"https:\/\/anam.org.gt\/wp-content\/uploads\/2023\/01\/03A092022-DIRECTORIO-DE-EMPLEADOS-SEP-2022-1.pdf\" target=\"_blank\" rel=\"noopener noreferrer\">03A092022 DIRECTORIO DE EMPLEADOS SEP 2022<\/a><\/p><p><a href=\"https:\/\/anam.org.gt\/wp-content\/uploads\/2023\/01\/03A102022-DIRECTORIO-DE-EMPLEADOS-OCT-2022.pdf\" target=\"_blank\" rel=\"noopener noreferrer\">03A102022 DIRECTORIO DE EMPLEADOS OCT 2022<\/a><\/p><p><a href=\"https:\/\/anam.org.gt\/wp-content\/uploads\/2023\/01\/03A112022-DIRECTORIO-DE-EMPLEADOS-NOV-2022.pdf\" target=\"_blank\" rel=\"noopener noreferrer\">03A112022 DIRECTORIO DE EMPLEADOS NOV 2022<\/a><\/p><p><a href=\"https:\/\/anam.org.gt\/wp-content\/uploads\/2023\/01\/03A122022-DIRECTORIO-DE-EMPLEADOS-DIC-2022.pdf\" target=\"_blank\" rel=\"noopener noreferrer\">03A122022 DIRECTORIO DE EMPLEADOS DIC 2022<\/a><\/p><\/div>\n\t\t\t\t<\/div>\n\t\t\t\t\t\t\t<div class=\"elementor-toggle-item\">\n\t\t\t\t\t<div id=\"elementor-tab-title-5476\" class=\"elementor-tab-title\" data-tab=\"6\" role=\"button\" aria-controls=\"elementor-tab-content-5476\" aria-expanded=\"false\">\n\t\t\t\t\t\t\t\t\t\t\t\t<span class=\"elementor-toggle-icon elementor-toggle-icon-left\" aria-hidden=\"true\">\n\t\t\t\t\t\t\t\t\t\t\t\t\t\t\t<span class=\"elementor-toggle-icon-closed\"><i class=\"fas fa-caret-right\"><\/i><\/span>\n\t\t\t\t\t\t\t\t<span class=\"elementor-toggle-icon-opened\"><i class=\"elementor-toggle-icon-opened fas fa-caret-up\"><\/i><\/span>\n\t\t\t\t\t\t\t\t\t\t\t\t\t<\/span>\n\t\t\t\t\t\t\t\t\t\t\t\t<a class=\"elementor-toggle-title\" tabindex=\"0\">2021<\/a>\n\t\t\t\t\t<\/div>\n\n\t\t\t\t\t<div id=\"elementor-tab-content-5476\" class=\"elementor-tab-content elementor-clearfix\" data-tab=\"6\" role=\"region\" aria-labelledby=\"elementor-tab-title-5476\"><p><a href=\"https:\/\/anam.org.gt\/wp-content\/uploads\/2021\/09\/3.-Autoridades-y-Empleados-ANAM.pdf\" target=\"_blank\" rel=\"attachment wp-att-1397 noopener noreferrer\">Listado de los numeros de telefonos, direcciones de correo electronico institucional de los colaboradores, asesores t\u00e9cnicos y profesionales de la ANAM<\/a><\/p><\/div>\n\t\t\t\t<\/div>\n\t\t\t\t\t\t\t<div class=\"elementor-toggle-item\">\n\t\t\t\t\t<div id=\"elementor-tab-title-5477\" class=\"elementor-tab-title\" data-tab=\"7\" role=\"button\" aria-controls=\"elementor-tab-content-5477\" aria-expanded=\"false\">\n\t\t\t\t\t\t\t\t\t\t\t\t<span class=\"elementor-toggle-icon elementor-toggle-icon-left\" aria-hidden=\"true\">\n\t\t\t\t\t\t\t\t\t\t\t\t\t\t\t<span class=\"elementor-toggle-icon-closed\"><i class=\"fas fa-caret-right\"><\/i><\/span>\n\t\t\t\t\t\t\t\t<span class=\"elementor-toggle-icon-opened\"><i class=\"elementor-toggle-icon-opened fas fa-caret-up\"><\/i><\/span>\n\t\t\t\t\t\t\t\t\t\t\t\t\t<\/span>\n\t\t\t\t\t\t\t\t\t\t\t\t<a class=\"elementor-toggle-title\" tabindex=\"0\">2020<\/a>\n\t\t\t\t\t<\/div>\n\n\t\t\t\t\t<div id=\"elementor-tab-content-5477\" class=\"elementor-tab-content elementor-clearfix\" data-tab=\"7\" role=\"region\" aria-labelledby=\"elementor-tab-title-5477\"><p><a href=\"https:\/\/anam.org.gt\/wp-content\/uploads\/2021\/08\/3.-LISTADO-DE-LOS-NUMEROS-DE-TELEFONOS-DIRECCIONES-DE-CORREO-ELECTRONICO-INSTITUCIONAL-DE-LOS-COLABORADORES-ASESORES-TECNICOS-Y-PROFESIONALES-DE-LA-ANAM-2020.pdf\" target=\"_blank\" rel=\"attachment wp-att-805 noopener noreferrer\">LISTADO DE LOS NUMEROS DE TELEFONOS, DIRECCIONES DE CORREO ELECTRONICO INSTITUCIONAL DE LOS COLABORADORES, ASESORES TECNICOS Y PROFESIONALES DE LA ANAM 2020<\/a><\/p><\/div>\n\t\t\t\t<\/div>\n\t\t\t\t\t\t\t<div class=\"elementor-toggle-item\">\n\t\t\t\t\t<div id=\"elementor-tab-title-5478\" class=\"elementor-tab-title\" data-tab=\"8\" role=\"button\" aria-controls=\"elementor-tab-content-5478\" aria-expanded=\"false\">\n\t\t\t\t\t\t\t\t\t\t\t\t<span class=\"elementor-toggle-icon elementor-toggle-icon-left\" aria-hidden=\"true\">\n\t\t\t\t\t\t\t\t\t\t\t\t\t\t\t<span class=\"elementor-toggle-icon-closed\"><i class=\"fas fa-caret-right\"><\/i><\/span>\n\t\t\t\t\t\t\t\t<span class=\"elementor-toggle-icon-opened\"><i class=\"elementor-toggle-icon-opened fas fa-caret-up\"><\/i><\/span>\n\t\t\t\t\t\t\t\t\t\t\t\t\t<\/span>\n\t\t\t\t\t\t\t\t\t\t\t\t<a class=\"elementor-toggle-title\" tabindex=\"0\">2019<\/a>\n\t\t\t\t\t<\/div>\n\n\t\t\t\t\t<div id=\"elementor-tab-content-5478\" class=\"elementor-tab-content elementor-clearfix\" data-tab=\"8\" role=\"region\" aria-labelledby=\"elementor-tab-title-5478\"><p><a href=\"https:\/\/anam.org.gt\/wp-content\/uploads\/2021\/08\/ANAM-3-2019-LISTADO-DIRECCIONES-TELEFONO-EXTENSIONES-CORREO-ELECTRONICO-1.pdf\" target=\"_blank\" rel=\"attachment wp-att-806 noopener noreferrer\">Listado de direcciones, n\u00fameros de tel\u00e9fono y extensiones, direcciones de correos electr\u00f3nicos oficiales de los Colaboradores, Asesores T\u00e9cnicos y Profesionales de la ANAM<\/a><\/p><\/div>\n\t\t\t\t<\/div>\n\t\t\t\t\t\t\t<div class=\"elementor-toggle-item\">\n\t\t\t\t\t<div id=\"elementor-tab-title-5479\" class=\"elementor-tab-title\" data-tab=\"9\" role=\"button\" aria-controls=\"elementor-tab-content-5479\" aria-expanded=\"false\">\n\t\t\t\t\t\t\t\t\t\t\t\t<span class=\"elementor-toggle-icon elementor-toggle-icon-left\" aria-hidden=\"true\">\n\t\t\t\t\t\t\t\t\t\t\t\t\t\t\t<span class=\"elementor-toggle-icon-closed\"><i class=\"fas fa-caret-right\"><\/i><\/span>\n\t\t\t\t\t\t\t\t<span class=\"elementor-toggle-icon-opened\"><i class=\"elementor-toggle-icon-opened fas fa-caret-up\"><\/i><\/span>\n\t\t\t\t\t\t\t\t\t\t\t\t\t<\/span>\n\t\t\t\t\t\t\t\t\t\t\t\t<a class=\"elementor-toggle-title\" tabindex=\"0\">2018<\/a>\n\t\t\t\t\t<\/div>\n\n\t\t\t\t\t<div id=\"elementor-tab-content-5479\" class=\"elementor-tab-content elementor-clearfix\" data-tab=\"9\" role=\"region\" aria-labelledby=\"elementor-tab-title-5479\"><p><a href=\"https:\/\/anam.org.gt\/wp-content\/uploads\/2021\/08\/ANAM-3-2018-LISTADO-DIRECCIONES-TELEFONO-EXTENSIONES-CORREO-ELECTRONICO.pdf\" target=\"_blank\" rel=\"attachment wp-att-807 noopener noreferrer\">Listado de direcciones, n\u00fameros de tel\u00e9fono y extensiones, direcciones de correos electr\u00f3nicos oficiales de los Colaboradores, Asesores T\u00e9cnicos y Profesionales de la ANAM<\/a><\/p><\/div>\n\t\t\t\t<\/div>\n\t\t\t\t\t\t\t<div class=\"elementor-toggle-item\">\n\t\t\t\t\t<div id=\"elementor-tab-title-54710\" class=\"elementor-tab-title\" data-tab=\"10\" role=\"button\" aria-controls=\"elementor-tab-content-54710\" aria-expanded=\"false\">\n\t\t\t\t\t\t\t\t\t\t\t\t<span class=\"elementor-toggle-icon elementor-toggle-icon-left\" aria-hidden=\"true\">\n\t\t\t\t\t\t\t\t\t\t\t\t\t\t\t<span class=\"elementor-toggle-icon-closed\"><i class=\"fas fa-caret-right\"><\/i><\/span>\n\t\t\t\t\t\t\t\t<span class=\"elementor-toggle-icon-opened\"><i class=\"elementor-toggle-icon-opened fas fa-caret-up\"><\/i><\/span>\n\t\t\t\t\t\t\t\t\t\t\t\t\t<\/span>\n\t\t\t\t\t\t\t\t\t\t\t\t<a class=\"elementor-toggle-title\" tabindex=\"0\">2017<\/a>\n\t\t\t\t\t<\/div>\n\n\t\t\t\t\t<div id=\"elementor-tab-content-54710\" class=\"elementor-tab-content elementor-clearfix\" data-tab=\"10\" role=\"region\" aria-labelledby=\"elementor-tab-title-54710\"><p><a href=\"https:\/\/anam.org.gt\/wp-content\/uploads\/2021\/08\/ANAM-3-2017-LISTADO-TELEFONO-CORREO-ELECTRONICO.pdf\" target=\"_blank\" rel=\"attachment wp-att-808 noopener noreferrer\">Listado de los n\u00fameros de tel\u00e9fono y direcciones de correo electr\u00f3nico oficiales de los Colaboradores y Asesores T\u00e9cnicos y Profesionales de la ANAM<\/a><\/p><\/div>\n\t\t\t\t<\/div>\n\t\t\t\t\t\t\t\t<\/div>\n\t\t\t\t\t\t<\/div>\n\t\t\t\t<\/div>\n\t\t\t\t\t<\/div>\n\t\t<\/div>\n\t\t\t\t\t<\/div>\n\t\t<\/section>\n\t\t\t\t<\/div>\n\t\t","protected":false},"excerpt":{"rendered":"<p>3. Directorio de colaboradores y empleados contratados Numeral 3. Directorio de empleados y servidores p\u00fablicos, incluyendo n\u00fameros de tel\u00e9fono y direcciones de correo electr\u00f3nico oficiales no privados; quedan exentos de esta obligaci\u00f3n los sujetos obligados cuando se ponga en riesgo el sistema nacional de seguridad, la investigaci\u00f3n criminal e inteligencia del Estado. 2026 03A012026 DIRECTORIO [&hellip;]<\/p>\n","protected":false},"author":4,"featured_media":0,"parent":0,"menu_order":0,"comment_status":"closed","ping_status":"closed","template":"elementor_header_footer","meta":{"footnotes":""},"class_list":["post-2471","page","type-page","status-publish","hentry"],"yoast_head":"<!-- This site is optimized with the Yoast SEO plugin v27.0 - https:\/\/yoast.com\/product\/yoast-seo-wordpress\/ -->\n<title>N\u00fameral 3 - ANAM<\/title>\n<meta name=\"robots\" content=\"index, follow, max-snippet:-1, max-image-preview:large, max-video-preview:-1\" \/>\n<link rel=\"canonical\" href=\"https:\/\/anam.org.gt\/inicio\/numeral-3\/\" \/>\n<meta property=\"og:locale\" content=\"es_ES\" \/>\n<meta property=\"og:type\" content=\"article\" \/>\n<meta property=\"og:title\" content=\"N\u00fameral 3 - ANAM\" \/>\n<meta property=\"og:description\" content=\"3. Directorio de colaboradores y empleados contratados Numeral 3. Directorio de empleados y servidores p\u00fablicos, incluyendo n\u00fameros de tel\u00e9fono y direcciones de correo electr\u00f3nico oficiales no privados; quedan exentos de esta obligaci\u00f3n los sujetos obligados cuando se ponga en riesgo el sistema nacional de seguridad, la investigaci\u00f3n criminal e inteligencia del Estado. 2026 03A012026 DIRECTORIO [&hellip;]\" \/>\n<meta property=\"og:url\" content=\"https:\/\/anam.org.gt\/inicio\/numeral-3\/\" \/>\n<meta property=\"og:site_name\" content=\"ANAM\" \/>\n<meta property=\"article:publisher\" content=\"https:\/\/www.facebook.com\/ANAMGuatemala.org.gt\" \/>\n<meta property=\"article:modified_time\" content=\"2026-04-22T20:47:06+00:00\" \/>\n<meta name=\"twitter:card\" content=\"summary_large_image\" \/>\n<meta name=\"twitter:site\" content=\"@ANAM_Guatemala\" \/>\n<meta name=\"twitter:label1\" content=\"Tiempo de lectura\" \/>\n\t<meta name=\"twitter:data1\" content=\"3 minutos\" \/>\n<script type=\"application\/ld+json\" class=\"yoast-schema-graph\">{\"@context\":\"https:\/\/schema.org\",\"@graph\":[{\"@type\":\"WebPage\",\"@id\":\"https:\/\/anam.org.gt\/inicio\/numeral-3\/\",\"url\":\"https:\/\/anam.org.gt\/inicio\/numeral-3\/\",\"name\":\"N\u00fameral 3 - ANAM\",\"isPartOf\":{\"@id\":\"https:\/\/anam.org.gt\/inicio\/#website\"},\"datePublished\":\"2024-09-26T19:00:40+00:00\",\"dateModified\":\"2026-04-22T20:47:06+00:00\",\"breadcrumb\":{\"@id\":\"https:\/\/anam.org.gt\/inicio\/numeral-3\/#breadcrumb\"},\"inLanguage\":\"es\",\"potentialAction\":[{\"@type\":\"ReadAction\",\"target\":[\"https:\/\/anam.org.gt\/inicio\/numeral-3\/\"]}]},{\"@type\":\"BreadcrumbList\",\"@id\":\"https:\/\/anam.org.gt\/inicio\/numeral-3\/#breadcrumb\",\"itemListElement\":[{\"@type\":\"ListItem\",\"position\":1,\"name\":\"Portada\",\"item\":\"https:\/\/anam.org.gt\/inicio\/\"},{\"@type\":\"ListItem\",\"position\":2,\"name\":\"N\u00fameral 3\"}]},{\"@type\":\"WebSite\",\"@id\":\"https:\/\/anam.org.gt\/inicio\/#website\",\"url\":\"https:\/\/anam.org.gt\/inicio\/\",\"name\":\"ANAM\",\"description\":\"Asociaci\u00f3n Nacional de Municipalidades de la Rep\u00fablica de Guatemala\",\"publisher\":{\"@id\":\"https:\/\/anam.org.gt\/inicio\/#organization\"},\"potentialAction\":[{\"@type\":\"SearchAction\",\"target\":{\"@type\":\"EntryPoint\",\"urlTemplate\":\"https:\/\/anam.org.gt\/inicio\/?s={search_term_string}\"},\"query-input\":{\"@type\":\"PropertyValueSpecification\",\"valueRequired\":true,\"valueName\":\"search_term_string\"}}],\"inLanguage\":\"es\"},{\"@type\":\"Organization\",\"@id\":\"https:\/\/anam.org.gt\/inicio\/#organization\",\"name\":\"Asociaci\u00f3n Nacional de Municipalidades de la Rep\u00fablica de Guatemala\",\"url\":\"https:\/\/anam.org.gt\/inicio\/\",\"logo\":{\"@type\":\"ImageObject\",\"inLanguage\":\"es\",\"@id\":\"https:\/\/anam.org.gt\/inicio\/#\/schema\/logo\/image\/\",\"url\":\"https:\/\/anam.org.gt\/inicio\/wp-content\/uploads\/2026\/02\/logo-anam-central-1.png\",\"contentUrl\":\"https:\/\/anam.org.gt\/inicio\/wp-content\/uploads\/2026\/02\/logo-anam-central-1.png\",\"width\":600,\"height\":280,\"caption\":\"Asociaci\u00f3n Nacional de Municipalidades de la Rep\u00fablica de Guatemala\"},\"image\":{\"@id\":\"https:\/\/anam.org.gt\/inicio\/#\/schema\/logo\/image\/\"},\"sameAs\":[\"https:\/\/www.facebook.com\/ANAMGuatemala.org.gt\",\"https:\/\/x.com\/ANAM_Guatemala\",\"https:\/\/www.instagram.com\/anam_guatemala\/?hl=es\"]}]}<\/script>\n<!-- \/ Yoast SEO plugin. -->","yoast_head_json":{"title":"N\u00fameral 3 - ANAM","robots":{"index":"index","follow":"follow","max-snippet":"max-snippet:-1","max-image-preview":"max-image-preview:large","max-video-preview":"max-video-preview:-1"},"canonical":"https:\/\/anam.org.gt\/inicio\/numeral-3\/","og_locale":"es_ES","og_type":"article","og_title":"N\u00fameral 3 - ANAM","og_description":"3. Directorio de colaboradores y empleados contratados Numeral 3. Directorio de empleados y servidores p\u00fablicos, incluyendo n\u00fameros de tel\u00e9fono y direcciones de correo electr\u00f3nico oficiales no privados; quedan exentos de esta obligaci\u00f3n los sujetos obligados cuando se ponga en riesgo el sistema nacional de seguridad, la investigaci\u00f3n criminal e inteligencia del Estado. 2026 03A012026 DIRECTORIO [&hellip;]","og_url":"https:\/\/anam.org.gt\/inicio\/numeral-3\/","og_site_name":"ANAM","article_publisher":"https:\/\/www.facebook.com\/ANAMGuatemala.org.gt","article_modified_time":"2026-04-22T20:47:06+00:00","twitter_card":"summary_large_image","twitter_site":"@ANAM_Guatemala","twitter_misc":{"Tiempo de lectura":"3 minutos"},"schema":{"@context":"https:\/\/schema.org","@graph":[{"@type":"WebPage","@id":"https:\/\/anam.org.gt\/inicio\/numeral-3\/","url":"https:\/\/anam.org.gt\/inicio\/numeral-3\/","name":"N\u00fameral 3 - ANAM","isPartOf":{"@id":"https:\/\/anam.org.gt\/inicio\/#website"},"datePublished":"2024-09-26T19:00:40+00:00","dateModified":"2026-04-22T20:47:06+00:00","breadcrumb":{"@id":"https:\/\/anam.org.gt\/inicio\/numeral-3\/#breadcrumb"},"inLanguage":"es","potentialAction":[{"@type":"ReadAction","target":["https:\/\/anam.org.gt\/inicio\/numeral-3\/"]}]},{"@type":"BreadcrumbList","@id":"https:\/\/anam.org.gt\/inicio\/numeral-3\/#breadcrumb","itemListElement":[{"@type":"ListItem","position":1,"name":"Portada","item":"https:\/\/anam.org.gt\/inicio\/"},{"@type":"ListItem","position":2,"name":"N\u00fameral 3"}]},{"@type":"WebSite","@id":"https:\/\/anam.org.gt\/inicio\/#website","url":"https:\/\/anam.org.gt\/inicio\/","name":"ANAM","description":"Asociaci\u00f3n Nacional de Municipalidades de la Rep\u00fablica de Guatemala","publisher":{"@id":"https:\/\/anam.org.gt\/inicio\/#organization"},"potentialAction":[{"@type":"SearchAction","target":{"@type":"EntryPoint","urlTemplate":"https:\/\/anam.org.gt\/inicio\/?s={search_term_string}"},"query-input":{"@type":"PropertyValueSpecification","valueRequired":true,"valueName":"search_term_string"}}],"inLanguage":"es"},{"@type":"Organization","@id":"https:\/\/anam.org.gt\/inicio\/#organization","name":"Asociaci\u00f3n Nacional de Municipalidades de la Rep\u00fablica de Guatemala","url":"https:\/\/anam.org.gt\/inicio\/","logo":{"@type":"ImageObject","inLanguage":"es","@id":"https:\/\/anam.org.gt\/inicio\/#\/schema\/logo\/image\/","url":"https:\/\/anam.org.gt\/inicio\/wp-content\/uploads\/2026\/02\/logo-anam-central-1.png","contentUrl":"https:\/\/anam.org.gt\/inicio\/wp-content\/uploads\/2026\/02\/logo-anam-central-1.png","width":600,"height":280,"caption":"Asociaci\u00f3n Nacional de Municipalidades de la Rep\u00fablica de Guatemala"},"image":{"@id":"https:\/\/anam.org.gt\/inicio\/#\/schema\/logo\/image\/"},"sameAs":["https:\/\/www.facebook.com\/ANAMGuatemala.org.gt","https:\/\/x.com\/ANAM_Guatemala","https:\/\/www.instagram.com\/anam_guatemala\/?hl=es"]}]}},"_links":{"self":[{"href":"https:\/\/anam.org.gt\/inicio\/wp-json\/wp\/v2\/pages\/2471","targetHints":{"allow":["GET"]}}],"collection":[{"href":"https:\/\/anam.org.gt\/inicio\/wp-json\/wp\/v2\/pages"}],"about":[{"href":"https:\/\/anam.org.gt\/inicio\/wp-json\/wp\/v2\/types\/page"}],"author":[{"embeddable":true,"href":"https:\/\/anam.org.gt\/inicio\/wp-json\/wp\/v2\/users\/4"}],"replies":[{"embeddable":true,"href":"https:\/\/anam.org.gt\/inicio\/wp-json\/wp\/v2\/comments?post=2471"}],"version-history":[{"count":34,"href":"https:\/\/anam.org.gt\/inicio\/wp-json\/wp\/v2\/pages\/2471\/revisions"}],"predecessor-version":[{"id":5937,"href":"https:\/\/anam.org.gt\/inicio\/wp-json\/wp\/v2\/pages\/2471\/revisions\/5937"}],"wp:attachment":[{"href":"https:\/\/anam.org.gt\/inicio\/wp-json\/wp\/v2\/media?parent=2471"}],"curies":[{"name":"wp","href":"https:\/\/api.w.org\/{rel}","templated":true}]}}