{"id":2476,"date":"2024-09-26T19:07:23","date_gmt":"2024-09-26T19:07:23","guid":{"rendered":"https:\/\/anam.org.gt\/inicio\/?page_id=2476"},"modified":"2026-04-09T18:20:56","modified_gmt":"2026-04-09T18:20:56","slug":"numeral-4","status":"publish","type":"page","link":"https:\/\/anam.org.gt\/inicio\/numeral-4\/","title":{"rendered":"N\u00fameral 4"},"content":{"rendered":"\t\t<div data-elementor-type=\"wp-page\" data-elementor-id=\"2476\" class=\"elementor elementor-2476\">\n\t\t\t\t\t\t<section class=\"elementor-section elementor-top-section elementor-element elementor-element-3938e90 elementor-section-boxed elementor-section-height-default elementor-section-height-default\" data-id=\"3938e90\" data-element_type=\"section\">\n\t\t\t\t\t\t<div class=\"elementor-container elementor-column-gap-default\">\n\t\t\t\t\t<div class=\"elementor-column elementor-col-100 elementor-top-column elementor-element elementor-element-280ac25\" data-id=\"280ac25\" data-element_type=\"column\">\n\t\t\t<div class=\"elementor-widget-wrap elementor-element-populated\">\n\t\t\t\t\t\t<div class=\"elementor-element elementor-element-d40ed58 elementor-widget elementor-widget-heading\" data-id=\"d40ed58\" data-element_type=\"widget\" data-widget_type=\"heading.default\">\n\t\t\t\t<div class=\"elementor-widget-container\">\n\t\t\t\t\t<h2 class=\"elementor-heading-title elementor-size-default\"><h5><span>4. N\u00famero y Nombre de Colaboradores y Personal Contratado<\/span><span><\/span><br><\/h5><\/h2>\t\t\t\t<\/div>\n\t\t\t\t<\/div>\n\t\t\t\t<div class=\"elementor-element elementor-element-513b315 elementor-widget elementor-widget-heading\" data-id=\"513b315\" data-element_type=\"widget\" data-widget_type=\"heading.default\">\n\t\t\t\t<div class=\"elementor-widget-container\">\n\t\t\t\t\t<h5 class=\"elementor-heading-title elementor-size-default\">Numeral 4. N\u00famero y nombre de funcionarios, servidores p\u00fablicos, empleados y asesores que laboran en el sujeto obligado y todas sus dependencias, incluyendo salarios que corresponden a cada cargo, honorarios, dietas, bonos, vi\u00e1ticos o cualquier otra remuneraci\u00f3n econ\u00f3mica que perciban por cualquier concepto. Quedan exentos de esta obligaci\u00f3n los sujetos obligados cuando se ponga en riesgo el sistema nacional de seguridad, la investigaci\u00f3n criminal e inteligencia del Estado.<\/h5>\t\t\t\t<\/div>\n\t\t\t\t<\/div>\n\t\t\t\t\t<\/div>\n\t\t<\/div>\n\t\t\t\t\t<\/div>\n\t\t<\/section>\n\t\t\t\t<section class=\"elementor-section elementor-top-section elementor-element elementor-element-5e4e563 elementor-section-boxed elementor-section-height-default elementor-section-height-default\" data-id=\"5e4e563\" data-element_type=\"section\">\n\t\t\t\t\t\t<div class=\"elementor-container elementor-column-gap-default\">\n\t\t\t\t\t<div class=\"elementor-column elementor-col-100 elementor-top-column elementor-element elementor-element-44b9361\" data-id=\"44b9361\" data-element_type=\"column\">\n\t\t\t<div class=\"elementor-widget-wrap elementor-element-populated\">\n\t\t\t\t\t\t<div class=\"elementor-element elementor-element-9b415b0 elementor-widget elementor-widget-toggle\" data-id=\"9b415b0\" data-element_type=\"widget\" data-widget_type=\"toggle.default\">\n\t\t\t\t<div class=\"elementor-widget-container\">\n\t\t\t\t\t\t\t<div class=\"elementor-toggle\">\n\t\t\t\t\t\t\t<div class=\"elementor-toggle-item\">\n\t\t\t\t\t<div id=\"elementor-tab-title-1621\" class=\"elementor-tab-title\" data-tab=\"1\" role=\"button\" aria-controls=\"elementor-tab-content-1621\" aria-expanded=\"false\">\n\t\t\t\t\t\t\t\t\t\t\t\t<span class=\"elementor-toggle-icon elementor-toggle-icon-left\" aria-hidden=\"true\">\n\t\t\t\t\t\t\t\t\t\t\t\t\t\t\t<span class=\"elementor-toggle-icon-closed\"><i class=\"fas fa-caret-right\"><\/i><\/span>\n\t\t\t\t\t\t\t\t<span class=\"elementor-toggle-icon-opened\"><i class=\"elementor-toggle-icon-opened fas fa-caret-up\"><\/i><\/span>\n\t\t\t\t\t\t\t\t\t\t\t\t\t<\/span>\n\t\t\t\t\t\t\t\t\t\t\t\t<a class=\"elementor-toggle-title\" tabindex=\"0\">2026<\/a>\n\t\t\t\t\t<\/div>\n\n\t\t\t\t\t<div id=\"elementor-tab-content-1621\" class=\"elementor-tab-content elementor-clearfix\" data-tab=\"1\" role=\"region\" aria-labelledby=\"elementor-tab-title-1621\"><p><a href=\"https:\/\/anam.org.gt\/inicio\/wp-content\/uploads\/2026\/03\/numeral-4-salarios-honorarios-dietas-gastos-de-rep-2026.pdf\" target=\"_blank\" rel=\"noopener\">04A012026 REMUNERACIONES ENE 2026\u00a0<\/a><\/p><p><a href=\"https:\/\/anam.org.gt\/inicio\/wp-content\/uploads\/2026\/03\/numeral-4-salarios-honorarios-dietas-gastos-de-rep-2026-FEB.pdf\" target=\"_blank\" rel=\"noopener\">04A022026 REMUNERACIONES FEB 2026<\/a><\/p><p><a href=\"https:\/\/anam.org.gt\/inicio\/wp-content\/uploads\/2026\/04\/numeral-4-salarios-honorarios-dietas-gastos-de-rep-2026-1.pdf\" target=\"_blank\" rel=\"noopener\">04A032026 REMUNERACIONES MAR 2026<\/a><\/p><\/div>\n\t\t\t\t<\/div>\n\t\t\t\t\t\t\t<div class=\"elementor-toggle-item\">\n\t\t\t\t\t<div id=\"elementor-tab-title-1622\" class=\"elementor-tab-title\" data-tab=\"2\" role=\"button\" aria-controls=\"elementor-tab-content-1622\" aria-expanded=\"false\">\n\t\t\t\t\t\t\t\t\t\t\t\t<span class=\"elementor-toggle-icon elementor-toggle-icon-left\" aria-hidden=\"true\">\n\t\t\t\t\t\t\t\t\t\t\t\t\t\t\t<span class=\"elementor-toggle-icon-closed\"><i class=\"fas fa-caret-right\"><\/i><\/span>\n\t\t\t\t\t\t\t\t<span class=\"elementor-toggle-icon-opened\"><i class=\"elementor-toggle-icon-opened fas fa-caret-up\"><\/i><\/span>\n\t\t\t\t\t\t\t\t\t\t\t\t\t<\/span>\n\t\t\t\t\t\t\t\t\t\t\t\t<a class=\"elementor-toggle-title\" tabindex=\"0\">2025<\/a>\n\t\t\t\t\t<\/div>\n\n\t\t\t\t\t<div id=\"elementor-tab-content-1622\" class=\"elementor-tab-content elementor-clearfix\" data-tab=\"2\" role=\"region\" aria-labelledby=\"elementor-tab-title-1622\"><p><a href=\"https:\/\/anam.org.gt\/inicio\/wp-content\/uploads\/2025\/03\/NUMERAL-4-ENERO.pdf\" target=\"_blank\" rel=\"noopener\">04A012025 REMUNERACIONES ENE 2025\u00a0<\/a><\/p><p><a href=\"https:\/\/anam.org.gt\/inicio\/wp-content\/uploads\/2025\/03\/NUMERAL-4-FEBRERO.pdf\">04A022025 REMUNERACIONES FEB 2025<\/a><\/p><p><a href=\"https:\/\/anam.org.gt\/inicio\/wp-content\/uploads\/2025\/05\/NUMERAL-4-MARZO.pdf\" target=\"_blank\" rel=\"noopener\">04A032025 REMUNERACIONES MAR 2025<\/a><\/p><p><a href=\"https:\/\/anam.org.gt\/inicio\/wp-content\/uploads\/2025\/05\/NUMERAL-27-MARZO.pdf\" target=\"_blank\" rel=\"noopener\">04A042025 REMUNERACIONES ABR 2025<\/a><\/p><p><a href=\"https:\/\/anam.org.gt\/inicio\/wp-content\/uploads\/2025\/08\/NUMERAL-4-MAYO.pdf\" target=\"_blank\" rel=\"noopener\">04A052025 REMUNERACIONES MAY 2025<\/a><\/p><p><a href=\"https:\/\/anam.org.gt\/inicio\/wp-content\/uploads\/2025\/08\/NUMERAL-4-JUNIO.pdf\" target=\"_blank\" rel=\"noopener\">04A062025 REMUNERACIONES JUN 2025<\/a><\/p><p><a href=\"https:\/\/anam.org.gt\/inicio\/wp-content\/uploads\/2025\/10\/numeral-4-salarios-honorarios-dietas-gastos-de-rep-2025.pdf\" target=\"_blank\" rel=\"noopener\">04A072025 REMUNERACIONES JUL 2025<\/a><\/p><p><a href=\"https:\/\/anam.org.gt\/inicio\/wp-content\/uploads\/2026\/01\/NUMERAL-4-AGOSTO.pdf\" target=\"_blank\" rel=\"noopener\">04A082025 REMUNERACIONES AGO 2025<\/a><\/p><p><a href=\"https:\/\/anam.org.gt\/inicio\/wp-content\/uploads\/2026\/01\/NUMERAL-4-SEPTIEMBRE.pdf\" target=\"_blank\" rel=\"noopener\">04A092025 REMUNERACIONES SEP 2025<\/a><\/p><p><a href=\"https:\/\/anam.org.gt\/inicio\/wp-content\/uploads\/2026\/01\/NUMERAL-4-OCTUBRE.pdf\" target=\"_blank\" rel=\"noopener\">04A102025 REMUNERACIONES OCT 2025<\/a><\/p><p><a href=\"https:\/\/anam.org.gt\/inicio\/wp-content\/uploads\/2026\/01\/numeral-4-salarios-honorarios-dietas-gastos-de-rep-noviembre-2025.pdf\" target=\"_blank\" rel=\"noopener\">04A112025 REMUNERACIONES NOV 2025<\/a><\/p><p><a href=\"https:\/\/anam.org.gt\/inicio\/wp-content\/uploads\/2026\/01\/numeral-4-salarios-honorarios-dietas-gastos-de-rep-DICIEMBRE-2025.pdf\" target=\"_blank\" rel=\"noopener\">04A122025 REMUNERACIONES DIC 2025<\/a><\/p><\/div>\n\t\t\t\t<\/div>\n\t\t\t\t\t\t\t<div class=\"elementor-toggle-item\">\n\t\t\t\t\t<div id=\"elementor-tab-title-1623\" class=\"elementor-tab-title\" data-tab=\"3\" role=\"button\" aria-controls=\"elementor-tab-content-1623\" aria-expanded=\"false\">\n\t\t\t\t\t\t\t\t\t\t\t\t<span class=\"elementor-toggle-icon elementor-toggle-icon-left\" aria-hidden=\"true\">\n\t\t\t\t\t\t\t\t\t\t\t\t\t\t\t<span class=\"elementor-toggle-icon-closed\"><i class=\"fas fa-caret-right\"><\/i><\/span>\n\t\t\t\t\t\t\t\t<span class=\"elementor-toggle-icon-opened\"><i class=\"elementor-toggle-icon-opened fas fa-caret-up\"><\/i><\/span>\n\t\t\t\t\t\t\t\t\t\t\t\t\t<\/span>\n\t\t\t\t\t\t\t\t\t\t\t\t<a class=\"elementor-toggle-title\" tabindex=\"0\">2024<\/a>\n\t\t\t\t\t<\/div>\n\n\t\t\t\t\t<div id=\"elementor-tab-content-1623\" class=\"elementor-tab-content elementor-clearfix\" data-tab=\"3\" role=\"region\" aria-labelledby=\"elementor-tab-title-1623\"><p><a href=\"https:\/\/anam.org.gt\/wp-content\/uploads\/2024\/02\/04A012024-REMUNERACIONES-ENE-2024.pdf\" target=\"_blank\" rel=\"attachment wp-att-3400 noopener noreferrer\">04A012024<\/a><a href=\"https:\/\/anam.org.gt\/wp-content\/uploads\/2024\/02\/04A012024-REMUNERACIONES-ENE-2024.pdf\" target=\"_blank\" rel=\"attachment wp-att-3400 noopener noreferrer\">\u00a0REMUNERACIONES ENE 2024<\/a><\/p><p><a href=\"https:\/\/anam.org.gt\/wp-content\/uploads\/2024\/03\/04A022024-REMUNERACIONES-FEB-2024.pdf\" target=\"_blank\" rel=\"attachment wp-att-3470 noopener noreferrer\">04A022024 REMUNERACIONES FEB 2024<\/a><\/p><p><a href=\"https:\/\/anam.org.gt\/wp-content\/uploads\/2024\/04\/04A032024-REMUNERACIONES-MAR-2024.pdf\" target=\"_blank\" rel=\"attachment wp-att-3498 noopener noreferrer\">04A032024 REMUNERACIONES MAR 2024<\/a><\/p><p><a href=\"https:\/\/anam.org.gt\/wp-content\/uploads\/2024\/05\/04A042024-REMUNERACIONES-ABR-2024.pdf\" target=\"_blank\" rel=\"attachment wp-att-4000 noopener noreferrer\">04A042024 REMUNERACIONES ABR 2024<\/a><\/p><p><a href=\"https:\/\/anam.org.gt\/wp-content\/uploads\/2024\/06\/04A052024_REMUNERACIONES_MAY_2024.pdf\" target=\"_blank\" rel=\"attachment wp-att-4016 noopener noreferrer\">04A052024 REMUNERACIONES MAY 2024<\/a><\/p><p><a href=\"https:\/\/anam.org.gt\/wp-content\/uploads\/2024\/07\/04A062024_REMUNERACIONES_JUN_2024.pdf\" target=\"_blank\" rel=\"attachment wp-att-4036 noopener noreferrer\">04A062024 REMUNERACIONES JUN 2024<\/a><\/p><p><a href=\"https:\/\/anam.org.gt\/inicio\/wp-content\/uploads\/2024\/11\/numeral-4-salarios-honorarios-dietas-gastos-de-rep-JULIO-2024.pdf\" target=\"_blank\" rel=\"noopener\">04A072024 REMUNERACIONES JUL 2024<\/a><\/p><p><a href=\"https:\/\/anam.org.gt\/inicio\/wp-content\/uploads\/2024\/11\/numeral-4-salarios-honorarios-dietas-gastos-de-rep-AGOSTO-2024.pdf\" target=\"_blank\" rel=\"noopener\">04A082024 REMUNERACIONES AGO 2024<\/a><\/p><p><a href=\"https:\/\/anam.org.gt\/inicio\/wp-content\/uploads\/2024\/11\/numeral-4-salarios-honorarios-dietas-gastos-de-rep-SEPTIEMBRE-2024.pdf\" target=\"_blank\" rel=\"noopener\">04A092024 REMUNERACIONES SEP 2024<\/a><\/p><p><a href=\"https:\/\/anam.org.gt\/inicio\/wp-content\/uploads\/2025\/02\/NUMERAL-4-OCTUBRE.pdf\" target=\"_blank\" rel=\"noopener\">04A102024 REMUNERACIONES OCT 2024<\/a><\/p><p><a href=\"https:\/\/anam.org.gt\/inicio\/wp-content\/uploads\/2025\/02\/NUMERAL-4-NOVIEMBRE.pdf\" target=\"_blank\" rel=\"noopener\">04A112024 REMUNERACIONES NOV 2024<\/a><\/p><p><a href=\"https:\/\/anam.org.gt\/inicio\/wp-content\/uploads\/2025\/02\/NUMERAL-4-DICIEMBRE.pdf\" target=\"_blank\" rel=\"noopener\">04A122024 REMUNERACIONES DIC 2024<\/a><\/p><\/div>\n\t\t\t\t<\/div>\n\t\t\t\t\t\t\t<div class=\"elementor-toggle-item\">\n\t\t\t\t\t<div id=\"elementor-tab-title-1624\" class=\"elementor-tab-title\" data-tab=\"4\" role=\"button\" aria-controls=\"elementor-tab-content-1624\" aria-expanded=\"false\">\n\t\t\t\t\t\t\t\t\t\t\t\t<span class=\"elementor-toggle-icon elementor-toggle-icon-left\" aria-hidden=\"true\">\n\t\t\t\t\t\t\t\t\t\t\t\t\t\t\t<span class=\"elementor-toggle-icon-closed\"><i class=\"fas fa-caret-right\"><\/i><\/span>\n\t\t\t\t\t\t\t\t<span class=\"elementor-toggle-icon-opened\"><i class=\"elementor-toggle-icon-opened fas fa-caret-up\"><\/i><\/span>\n\t\t\t\t\t\t\t\t\t\t\t\t\t<\/span>\n\t\t\t\t\t\t\t\t\t\t\t\t<a class=\"elementor-toggle-title\" tabindex=\"0\">2023<\/a>\n\t\t\t\t\t<\/div>\n\n\t\t\t\t\t<div id=\"elementor-tab-content-1624\" class=\"elementor-tab-content elementor-clearfix\" data-tab=\"4\" role=\"region\" aria-labelledby=\"elementor-tab-title-1624\"><p><a href=\"https:\/\/anam.org.gt\/inicio\/wp-content\/uploads\/2024\/10\/numeral-4-salarios-honorarios-dietas-gastos-de-rep-ENERO-2023.pdf\" target=\"_blank\" rel=\"attachment wp-att-3229 noopener noreferrer\">04A012023 RENUMERACIONES ENE 2023<\/a><\/p><p><a href=\"https:\/\/anam.org.gt\/inicio\/wp-content\/uploads\/2024\/10\/numeral-4-salarios-honorarios-dietas-gastos-de-rep-FEBRERO-2023.pdf\" target=\"_blank\" rel=\"attachment wp-att-3230 noopener noreferrer\">04A022023 RENUMERACIONES FEB 2023<\/a><\/p><p><a href=\"https:\/\/anam.org.gt\/inicio\/wp-content\/uploads\/2024\/10\/numeral-4-salarios-honorarios-dietas-gastos-de-rep-MARZO-2023.pdf\" target=\"_blank\" rel=\"attachment wp-att-3231 noopener noreferrer\">04A032023 RENUMERACIONES MAR 2023<\/a><\/p><p><a href=\"https:\/\/anam.org.gt\/inicio\/wp-content\/uploads\/2024\/10\/numeral-4-salarios-honorarios-dietas-gastos-de-rep-ABRIL-2023.pdf\" target=\"_blank\" rel=\"attachment wp-att-3232 noopener noreferrer\">04A042023 RENUMERACIONES ABR 2023<\/a><\/p><p><a href=\"https:\/\/anam.org.gt\/inicio\/wp-content\/uploads\/2024\/10\/numeral-4-salarios-honorarios-dietas-gastos-de-rep-MAYO-2023.pdf\" target=\"_blank\" rel=\"attachment wp-att-3233 noopener noreferrer\">04A052023 RENUMERACIONES MAY 2023<\/a><\/p><p><a href=\"https:\/\/anam.org.gt\/inicio\/wp-content\/uploads\/2024\/10\/numeral-4-salarios-honorarios-dietas-gastos-de-rep-JUNIO-2023.pdf\" target=\"_blank\" rel=\"attachment wp-att-3234 noopener noreferrer\">04A062023 RENUMERACIONES JUN 2023<\/a><\/p><p><a href=\"https:\/\/anam.org.gt\/inicio\/wp-content\/uploads\/2024\/10\/numeral-4-salarios-honorarios-dietas-gastos-de-rep-JULIO-2023.pdf\" target=\"_blank\" rel=\"attachment wp-att-3235 noopener noreferrer\">04A072023 RENUMERACIONES JUL 2023<\/a><\/p><p><a href=\"https:\/\/anam.org.gt\/inicio\/wp-content\/uploads\/2024\/10\/numeral-4-salarios-honorarios-dietas-gastos-de-rep-AGOSTO-2023.pdf\" target=\"_blank\" rel=\"attachment wp-att-3236 noopener noreferrer\">04A082023 RENUMERACIONES AGO 2023<\/a><\/p><p><a href=\"https:\/\/anam.org.gt\/inicio\/wp-content\/uploads\/2024\/10\/numeral-4-salarios-honorarios-dietas-gastos-de-rep-SEPTIEMBRE-2023.pdf\" target=\"_blank\" rel=\"attachment wp-att-3190 noopener noreferrer\">04A092023 RENUMERACIONES SEP 2023<\/a><\/p><p><a href=\"https:\/\/anam.org.gt\/inicio\/wp-content\/uploads\/2024\/10\/numeral-4-salarios-honorarios-dietas-gastos-de-rep-OCTUBRE-2023.pdf\" target=\"_blank\" rel=\"attachment wp-att-3191 noopener noreferrer\">04A102023 RENUMERACIONES OCT 2023<\/a><\/p><p><a href=\"https:\/\/anam.org.gt\/inicio\/wp-content\/uploads\/2024\/10\/numeral-4-salarios-honorarios-dietas-gastos-de-rep-NOVIEMBRE-2023.pdf\" target=\"_blank\" rel=\"attachment wp-att-3199 noopener noreferrer\">04A112023 RENUMERACIONES NOV 2023<\/a><\/p><p><a href=\"https:\/\/anam.org.gt\/wp-content\/uploads\/2024\/01\/04A122023-RENUMERACIONES-DIC-2023.pdf\" target=\"_blank\" rel=\"attachment wp-att-3292 noopener noreferrer\">04A122023 RENUMERACIONES DIC 2023<\/a><\/p><\/div>\n\t\t\t\t<\/div>\n\t\t\t\t\t\t\t<div class=\"elementor-toggle-item\">\n\t\t\t\t\t<div id=\"elementor-tab-title-1625\" class=\"elementor-tab-title\" data-tab=\"5\" role=\"button\" aria-controls=\"elementor-tab-content-1625\" aria-expanded=\"false\">\n\t\t\t\t\t\t\t\t\t\t\t\t<span class=\"elementor-toggle-icon elementor-toggle-icon-left\" aria-hidden=\"true\">\n\t\t\t\t\t\t\t\t\t\t\t\t\t\t\t<span class=\"elementor-toggle-icon-closed\"><i class=\"fas fa-caret-right\"><\/i><\/span>\n\t\t\t\t\t\t\t\t<span class=\"elementor-toggle-icon-opened\"><i class=\"elementor-toggle-icon-opened fas fa-caret-up\"><\/i><\/span>\n\t\t\t\t\t\t\t\t\t\t\t\t\t<\/span>\n\t\t\t\t\t\t\t\t\t\t\t\t<a class=\"elementor-toggle-title\" tabindex=\"0\">2022<\/a>\n\t\t\t\t\t<\/div>\n\n\t\t\t\t\t<div id=\"elementor-tab-content-1625\" class=\"elementor-tab-content elementor-clearfix\" data-tab=\"5\" role=\"region\" aria-labelledby=\"elementor-tab-title-1625\"><p><a href=\"https:\/\/anam.org.gt\/wp-content\/uploads\/2022\/03\/4-NUMEROYNOMBREPUESTO-HONORARIO-Y-BONO-O-DIETA.NOMINAENE22.xlsx\" target=\"_blank\" rel=\"attachment wp-att-1926 noopener noreferrer\">NUMERO Y NOMBRE, PUESTO, HONORARIO Y BONO O DIETA NOMINA ENERO<\/a><\/p><p><a href=\"https:\/\/anam.org.gt\/wp-content\/uploads\/2022\/03\/4-NUMEROYNOMBREPUESTOHONORARIO-ENERO2022.xlsx\" target=\"_blank\" rel=\"attachment wp-att-1927 noopener noreferrer\">NUMERO Y NOMBRE, PUESTO, HONORARIO ENERO<\/a><\/p><p><a href=\"https:\/\/anam.org.gt\/wp-content\/uploads\/2022\/03\/4-GASTOS-DE-REPRESENTACION-ENERO-.pdf\" target=\"_blank\" rel=\"attachment wp-att-1907 noopener noreferrer\">GASTOS DE REPRESENTACION ENERO<\/a><\/p><p><a href=\"https:\/\/anam.org.gt\/wp-content\/uploads\/2022\/03\/4-GASTOS-DE-REPRESENTACION-FEBRERO.pdf\" target=\"_blank\" rel=\"attachment wp-att-1908 noopener noreferrer\">GASTOS DE REPRESENTACION FEBRERO<\/a><\/p><p><a href=\"https:\/\/anam.org.gt\/wp-content\/uploads\/2022\/03\/DIETAS-JD-28-DE-ENERO-2022.pdf\" target=\"_blank\" rel=\"attachment wp-att-1916 noopener noreferrer\">DIETAS JUNTA DIRECTIVA 28 DE ENERO<\/a><\/p><p><a href=\"https:\/\/anam.org.gt\/wp-content\/uploads\/2022\/03\/DIETAS-JD-08-FEBRERO-2022.pdf\" target=\"_blank\" rel=\"attachment wp-att-1919 noopener noreferrer\">DIETAS JUNTA DIRECTIVA 08 FEBRERO<\/a><\/p><p><a href=\"https:\/\/anam.org.gt\/wp-content\/uploads\/2022\/03\/DIETAS-CC-28-DE-ENERO-2022.pdf\" target=\"_blank\" rel=\"attachment wp-att-1918 noopener noreferrer\">DIETAS CONSEJO CONSULTIVO 28 DE ENERO<\/a><\/p><p><a href=\"https:\/\/anam.org.gt\/wp-content\/uploads\/2022\/04\/04A032022-RENUMERACIONES-MAR-2022.pdf\" target=\"_blank\" rel=\"attachment wp-att-1959 noopener noreferrer\">04A032022 RENUMERACIONES MAR 2022<\/a><\/p><p><a href=\"https:\/\/anam.org.gt\/wp-content\/uploads\/2022\/05\/04A042022-RENUMERACIONES-ABR-2022.pdf\" target=\"_blank\" rel=\"attachment wp-att-2260 noopener noreferrer\">04A042022 RENUMERACIONES ABR 2022<\/a><\/p><p><a href=\"https:\/\/anam.org.gt\/wp-content\/uploads\/2022\/06\/04A052022-RENUMERACIONES-MAY-2022.pdf\" target=\"_blank\" rel=\"attachment wp-att-2323 noopener noreferrer\">04A052022 RENUMERACIONES MAY 2022<\/a><\/p><p><a href=\"https:\/\/anam.org.gt\/wp-content\/uploads\/2022\/07\/04A062022-RENUMERACIONES-JUN-2022.pdf\" target=\"_blank\" rel=\"attachment wp-att-2388 noopener noreferrer\">04A062022 RENUMERACIONES JUN 2022<\/a><\/p><p><a href=\"https:\/\/anam.org.gt\/wp-content\/uploads\/2022\/08\/04A072022-RENUMERACIONES-JUL-2022.pdf\" target=\"_blank\" rel=\"attachment wp-att-2425 noopener noreferrer\">04A072022 RENUMERACIONES JUL 2022<\/a><\/p><p><a href=\"https:\/\/anam.org.gt\/wp-content\/uploads\/2022\/09\/04A082022-RENUMERACIONES-AGO-2022.pdf\" target=\"_blank\" rel=\"attachment wp-att-2478 noopener noreferrer\">04A082022 RENUMERACIONES AGO 2022<\/a><\/p><p><a href=\"https:\/\/anam.org.gt\/wp-content\/uploads\/2023\/01\/04A092022-RENUMERACIONES-SEP-2022.pdf\" target=\"_blank\" rel=\"noopener noreferrer\">04A082022 RENUMERACIONES SEP 2022<\/a><\/p><p><a href=\"https:\/\/anam.org.gt\/wp-content\/uploads\/2023\/01\/04A102022-RENUMERACIONES-OCT-2022-1.pdf\" target=\"_blank\" rel=\"noopener noreferrer\">04A082022 RENUMERACIONES OCT 2022<\/a><\/p><p><a href=\"https:\/\/anam.org.gt\/wp-content\/uploads\/2023\/02\/04A112022-RENUMERACIONES-NOV-2022.pdf\" target=\"_blank\" rel=\"attachment wp-att-2666 noopener noreferrer\">04A112022 RENUMERACIONES NOV 2022<\/a><\/p><p><a href=\"https:\/\/anam.org.gt\/wp-content\/uploads\/2023\/02\/04A122022-RENUMERACIONES-DIC-2022.pdf\" target=\"_blank\" rel=\"attachment wp-att-2667 noopener noreferrer\">04A122022 RENUMERACIONES DIC 2022<\/a><\/p><\/div>\n\t\t\t\t<\/div>\n\t\t\t\t\t\t\t<div class=\"elementor-toggle-item\">\n\t\t\t\t\t<div id=\"elementor-tab-title-1626\" class=\"elementor-tab-title\" data-tab=\"6\" role=\"button\" aria-controls=\"elementor-tab-content-1626\" aria-expanded=\"false\">\n\t\t\t\t\t\t\t\t\t\t\t\t<span class=\"elementor-toggle-icon elementor-toggle-icon-left\" aria-hidden=\"true\">\n\t\t\t\t\t\t\t\t\t\t\t\t\t\t\t<span class=\"elementor-toggle-icon-closed\"><i class=\"fas fa-caret-right\"><\/i><\/span>\n\t\t\t\t\t\t\t\t<span class=\"elementor-toggle-icon-opened\"><i class=\"elementor-toggle-icon-opened fas fa-caret-up\"><\/i><\/span>\n\t\t\t\t\t\t\t\t\t\t\t\t\t<\/span>\n\t\t\t\t\t\t\t\t\t\t\t\t<a class=\"elementor-toggle-title\" tabindex=\"0\">2021<\/a>\n\t\t\t\t\t<\/div>\n\n\t\t\t\t\t<div id=\"elementor-tab-content-1626\" class=\"elementor-tab-content elementor-clearfix\" data-tab=\"6\" role=\"region\" aria-labelledby=\"elementor-tab-title-1626\"><p><a href=\"https:\/\/anam.org.gt\/wp-content\/uploads\/2021\/09\/4.-Cargos-y-Remuneraciones.pdf\" target=\"_blank\" rel=\"attachment wp-att-1389 noopener noreferrer\">Cargos y Remuneraciones<\/a><\/p><p><a href=\"https:\/\/anam.org.gt\/wp-content\/uploads\/2021\/10\/4.-Cargos-y-Remuneraciones-JUNIO.pdf\" target=\"_blank\" rel=\"attachment wp-att-1597 noopener noreferrer\">Cargos y Remuneraciones JUNIO<\/a><\/p><p><a href=\"https:\/\/anam.org.gt\/wp-content\/uploads\/2021\/10\/4.-Cargos-y-Remuneraciones-JULIO-03.pdf\" target=\"_blank\" rel=\"attachment wp-att-1599 noopener noreferrer\">Cargos y Remuneraciones JULIO<\/a><\/p><p><a href=\"https:\/\/anam.org.gt\/wp-content\/uploads\/2021\/10\/4.-Cargos-y-Remuneraciones-AGOSTO.pdf\" target=\"_blank\" rel=\"attachment wp-att-1600 noopener noreferrer\">Cargos y Remuneraciones AGOSTO<\/a><\/p><p><a href=\"https:\/\/anam.org.gt\/wp-content\/uploads\/2021\/10\/4.-Cargos-y-Remuneraciones-SEP.pdf\" target=\"_blank\" rel=\"attachment wp-att-1601 noopener noreferrer\">Cargos y Remuneraciones SEPTIEMBRE<\/a><\/p><p><a href=\"https:\/\/anam.org.gt\/wp-content\/uploads\/2021\/09\/PAGO-DE-DIETAS-JD-ENERO-2021.pdf\" target=\"_blank\" rel=\"attachment wp-att-1407 noopener noreferrer\">Pago de dietas Junta Directiva ENERO<\/a><\/p><p><a href=\"https:\/\/anam.org.gt\/wp-content\/uploads\/2021\/09\/PAGO-DE-DIETAS-JD-FEBRERO-2021.pdf\" target=\"_blank\" rel=\"attachment wp-att-1408 noopener noreferrer\">Pago de dietas Junta Directiva FEBRERO<\/a><\/p><p><a href=\"https:\/\/anam.org.gt\/wp-content\/uploads\/2021\/09\/PAGO-DE-DIETAS-JD-MARZO-2021.pdf\" target=\"_blank\" rel=\"attachment wp-att-1409 noopener noreferrer\">Pago de dietas Junta Directiva MARZO<\/a><\/p><p><a href=\"https:\/\/anam.org.gt\/wp-content\/uploads\/2021\/09\/PAGO-DE-DIETAS-JD-ABRIL-2021.pdf\" target=\"_blank\" rel=\"attachment wp-att-1406 noopener noreferrer\">Pago de dietas Junta Directiva ABRIL<\/a><\/p><p><a href=\"https:\/\/anam.org.gt\/wp-content\/uploads\/2021\/10\/PAGO-DE-DIETAS-JD-MAYO0-2021.pdf\" target=\"_blank\" rel=\"attachment wp-att-1585 noopener noreferrer\">Pago de dietas Junta Directiva MAYO<\/a><\/p><p><a href=\"https:\/\/anam.org.gt\/wp-content\/uploads\/2021\/10\/PAGO-DE-DIETAS-JD-JUNIO0-2021.pdf\" target=\"_blank\" rel=\"attachment wp-att-1590 noopener noreferrer\">Pago de dietas Junta Directiva JUNIO<\/a><\/p><p><a href=\"https:\/\/anam.org.gt\/wp-content\/uploads\/2021\/10\/PAGO-DE-DIETAS-JD-JULIO0-2021.pdf\" target=\"_blank\" rel=\"attachment wp-att-1589 noopener noreferrer\">Pago de dietas Junta Directiva JULIO<\/a><\/p><p><a href=\"https:\/\/anam.org.gt\/wp-content\/uploads\/2021\/10\/PAGO-DE-DIETAS-JD-AGOSTO-2021.pdf\" target=\"_blank\" rel=\"attachment wp-att-1591 noopener noreferrer\">Pago de dietas Junta Directiva AGOSTO<\/a><\/p><p><a href=\"https:\/\/anam.org.gt\/wp-content\/uploads\/2022\/01\/PAGO-DE-DIETAS-JD-04-OCTUBRE-2021-LAIP.pdf\" target=\"_blank\" rel=\"attachment wp-att-1678 noopener noreferrer\">Pago de dietas Junta Directiva 04 Octubre<\/a><\/p><p><a href=\"https:\/\/anam.org.gt\/wp-content\/uploads\/2022\/01\/PAGO-DE-DIETAS-JD-07-OCTUBRE-2021-LAIP.pdf\" target=\"_blank\" rel=\"attachment wp-att-1679 noopener noreferrer\">Pago de dietas Junta Directiva 07 Octubre<\/a><\/p><p><a href=\"https:\/\/anam.org.gt\/wp-content\/uploads\/2022\/01\/PAGO-DE-DIETAS-JD-08-OCTUBRE-2021-LAIP.pdf\" target=\"_blank\" rel=\"attachment wp-att-1680 noopener noreferrer\">Pago de dietas Junta Directiva 08 Octubre<\/a><\/p><p><a href=\"https:\/\/anam.org.gt\/wp-content\/uploads\/2022\/01\/PAGO-DE-DIETAS-JD-28-OCTUBRE-2021-LAIP.pdf\" target=\"_blank\" rel=\"attachment wp-att-1682 noopener noreferrer\">Pago de dietas Junta Directiva 28 Octubre<\/a><\/p><p><a href=\"https:\/\/anam.org.gt\/wp-content\/uploads\/2022\/01\/PAGO-DE-DIETAS-JD-19-NOVIEMBRE-2021-LAIP.pdf\" target=\"_blank\" rel=\"attachment wp-att-1681 noopener noreferrer\">Pago de dietas Junta Directiva 19 Noviembre<\/a><\/p><p><a href=\"https:\/\/anam.org.gt\/wp-content\/uploads\/2021\/09\/PAGO-DE-DIETAS-CC-ENERO-2021.pdf\" target=\"_blank\" rel=\"attachment wp-att-1403 noopener noreferrer\">Pago de dietas Consejo Consultivo ENERO<\/a><\/p><p><a href=\"https:\/\/anam.org.gt\/wp-content\/uploads\/2021\/09\/PAGO-DE-DIETAS-CC-FEBRERO-2021.pdf\" target=\"_blank\" rel=\"attachment wp-att-1404 noopener noreferrer\">Pago de dietas Consejo Consultivo FEBRERO<\/a><\/p><p><a href=\"https:\/\/anam.org.gt\/wp-content\/uploads\/2021\/09\/PAGO-DE-DIETAS-CC-MARZO-2021.pdf\" target=\"_blank\" rel=\"attachment wp-att-1405 noopener noreferrer\">Pago de dietas Consejo Consultivo MARZO<\/a><\/p><p><a href=\"https:\/\/anam.org.gt\/wp-content\/uploads\/2021\/09\/PAGO-DE-DIETAS-CC-ABRIL-2021.pdf\" target=\"_blank\" rel=\"attachment wp-att-1402 noopener noreferrer\">Pago de dietas Consejo Consultivo ABRIL<\/a><\/p><p><a href=\"https:\/\/anam.org.gt\/wp-content\/uploads\/2021\/10\/PAGO-DE-DIETAS-CC-MAYO-2021.pdf\" target=\"_blank\" rel=\"attachment wp-att-1586 noopener noreferrer\">Pago de dietas Consejo Consultivo MAYO<\/a><\/p><p><a href=\"https:\/\/anam.org.gt\/wp-content\/uploads\/2021\/10\/PAGO-DE-DIETAS-CC-JUNIO-2021-1.pdf\" target=\"_blank\" rel=\"attachment wp-att-1588 noopener noreferrer\">Pago de dietas Consejo Consultivo JUNIO<\/a><\/p><p><a href=\"https:\/\/anam.org.gt\/wp-content\/uploads\/2021\/10\/PAGO-DE-DIETAS-CC-AGOSTO-2021.pdf\" rel=\"attachment wp-att-1594\">Pago de dietas Consejo Consultivo AGOSTO<\/a><\/p><p><a href=\"https:\/\/anam.org.gt\/wp-content\/uploads\/2022\/01\/PAGO-DE-DIETAS-CC-04-OCTUBRE-2021-LAIP.pdf\" target=\"_blank\" rel=\"attachment wp-att-1672 noopener noreferrer\">Pago de dietas Consejo Consultivo 04 Octubre<\/a><\/p><p><a href=\"https:\/\/anam.org.gt\/wp-content\/uploads\/2022\/01\/PAGO-DE-DIETAS-CC-07-OCTUBRE-2021-LAIP.pdf\" target=\"_blank\" rel=\"attachment wp-att-1673 noopener noreferrer\">Pago de dietas Consejo Consultivo 07 Octubre<\/a><\/p><p><a href=\"https:\/\/anam.org.gt\/wp-content\/uploads\/2022\/01\/PAGO-DE-DIETAS-CC-08-OCTUBRE-2021-LAIP.pdf\" target=\"_blank\" rel=\"attachment wp-att-1674 noopener noreferrer\">Pago de dietas Consejo Consultivo 08 Octubre<\/a><\/p><p><a href=\"https:\/\/anam.org.gt\/wp-content\/uploads\/2022\/01\/PAGO-DE-DIETAS-CC-28-OCTUBRE-2021-LAIP.pdf\" rel=\"attachment wp-att-1676\">Pago de dietas Consejo Consultivo 28 Octubre<\/a><\/p><p><a href=\"https:\/\/anam.org.gt\/wp-content\/uploads\/2022\/01\/PAGO-DE-DIETAS-CC-19-NOVIEMBRE-2021-LAIP.pdf\" target=\"_blank\" rel=\"attachment wp-att-1675 noopener noreferrer\">Pago de dietas Consejo Consultivo 19 Noviembre<\/a><\/p><\/div>\n\t\t\t\t<\/div>\n\t\t\t\t\t\t\t<div class=\"elementor-toggle-item\">\n\t\t\t\t\t<div id=\"elementor-tab-title-1627\" class=\"elementor-tab-title\" data-tab=\"7\" role=\"button\" aria-controls=\"elementor-tab-content-1627\" aria-expanded=\"false\">\n\t\t\t\t\t\t\t\t\t\t\t\t<span class=\"elementor-toggle-icon elementor-toggle-icon-left\" aria-hidden=\"true\">\n\t\t\t\t\t\t\t\t\t\t\t\t\t\t\t<span class=\"elementor-toggle-icon-closed\"><i class=\"fas fa-caret-right\"><\/i><\/span>\n\t\t\t\t\t\t\t\t<span class=\"elementor-toggle-icon-opened\"><i class=\"elementor-toggle-icon-opened fas fa-caret-up\"><\/i><\/span>\n\t\t\t\t\t\t\t\t\t\t\t\t\t<\/span>\n\t\t\t\t\t\t\t\t\t\t\t\t<a class=\"elementor-toggle-title\" tabindex=\"0\">2020<\/a>\n\t\t\t\t\t<\/div>\n\n\t\t\t\t\t<div id=\"elementor-tab-content-1627\" class=\"elementor-tab-content elementor-clearfix\" data-tab=\"7\" role=\"region\" aria-labelledby=\"elementor-tab-title-1627\"><p><a href=\"https:\/\/anam.org.gt\/wp-content\/uploads\/2021\/08\/4.-CARGO-Y-REMUNERACIONES-MIEMBROS-DE-CONSEJO-CONSULTIVO-PERIODO-2020-2022.pdf\" target=\"_blank\" rel=\"attachment wp-att-812 noopener noreferrer\">1. CARGO Y REMUNERACIONES MIEMBROS DE CONSEJO CONSULTIVO PERIODO 2020-2022<\/a><\/p><p><a href=\"https:\/\/anam.org.gt\/wp-content\/uploads\/2021\/08\/4.-CARGOS-Y-REMUNERACIONES-MIEMBROS-DE-JUNTA-DIRECTIVA-PERIODO-2020-2022.pdf\" target=\"_blank\" rel=\"attachment wp-att-811 noopener noreferrer\">2. CARGOS Y REMUNERACIONES MIEMBROS DE JUNTA DIRECTIVA PERIODO 2020-2022<\/a><\/p><p><a href=\"https:\/\/anam.org.gt\/wp-content\/uploads\/2021\/08\/4.-Cargos-y-Remuneraciones.pdf\" target=\"_blank\" rel=\"attachment wp-att-813 noopener noreferrer\">3. Cargos y Remuneraciones<\/a><\/p><p><a href=\"https:\/\/anam.org.gt\/wp-content\/uploads\/2021\/08\/4.-GASTOS-DE-REPRESENTACIO%CC%81N-DE-LAS-AUTORIDADES-DE-LA-ANAM-AN%CC%83O-2020-.pdf\" target=\"_blank\" rel=\"attachment wp-att-814 noopener noreferrer\">4. GASTOS DE REPRESENTACI\u00d3N DE LAS AUTORIDADES DE LA ANAM A\u00d1O 2020<\/a><\/p><\/div>\n\t\t\t\t<\/div>\n\t\t\t\t\t\t\t<div class=\"elementor-toggle-item\">\n\t\t\t\t\t<div id=\"elementor-tab-title-1628\" class=\"elementor-tab-title\" data-tab=\"8\" role=\"button\" aria-controls=\"elementor-tab-content-1628\" aria-expanded=\"false\">\n\t\t\t\t\t\t\t\t\t\t\t\t<span class=\"elementor-toggle-icon elementor-toggle-icon-left\" aria-hidden=\"true\">\n\t\t\t\t\t\t\t\t\t\t\t\t\t\t\t<span class=\"elementor-toggle-icon-closed\"><i class=\"fas fa-caret-right\"><\/i><\/span>\n\t\t\t\t\t\t\t\t<span class=\"elementor-toggle-icon-opened\"><i class=\"elementor-toggle-icon-opened fas fa-caret-up\"><\/i><\/span>\n\t\t\t\t\t\t\t\t\t\t\t\t\t<\/span>\n\t\t\t\t\t\t\t\t\t\t\t\t<a class=\"elementor-toggle-title\" tabindex=\"0\">2019<\/a>\n\t\t\t\t\t<\/div>\n\n\t\t\t\t\t<div id=\"elementor-tab-content-1628\" class=\"elementor-tab-content elementor-clearfix\" data-tab=\"8\" role=\"region\" aria-labelledby=\"elementor-tab-title-1628\"><p><a href=\"https:\/\/anam.org.gt\/wp-content\/uploads\/2021\/08\/ANAM-4-2019-ENE-GASTOS-DE-REPRESENTACION-AUTORIDADES.pdf\" target=\"_blank\" rel=\"attachment wp-att-816 noopener noreferrer\">Gastos de Representaci\u00f3n de las Autoridades correspondientes a Enero<\/a><\/p><p><a href=\"https:\/\/anam.org.gt\/wp-content\/uploads\/2021\/08\/ANAM-4-2019-FEB-GASTOS-DE-REPRESENTACION-AUTORIDADES.pdf\" target=\"_blank\" rel=\"attachment wp-att-817 noopener noreferrer\">Gastos de Representaci\u00f3n de las Autoridades correspondientes a Febrero<\/a><\/p><p><a href=\"https:\/\/anam.org.gt\/wp-content\/uploads\/2021\/08\/ANAM-4-2019-MAR-GASTOS-DE-REPRESENTACION-AUTORIDADES.pdf\" target=\"_blank\" rel=\"attachment wp-att-822 noopener noreferrer\">Gastos de Representaci\u00f3n de las Autoridades correspondientes a Marzo<\/a><\/p><p><a href=\"https:\/\/anam.org.gt\/wp-content\/uploads\/2021\/08\/ANAM-4-2019-ABR-GASTOS-DE-REPRESENTACION-AUTORIDADES.pdf\" target=\"_blank\" rel=\"attachment wp-att-815 noopener noreferrer\">Gastos de Representaci\u00f3n de las Autoridades correspondientes a Abril<\/a><\/p><p><a href=\"https:\/\/anam.org.gt\/wp-content\/uploads\/2021\/08\/ANAM-4-2019-MAY-GASTOS-DE-REPRESENTACION-AUTORIDADES.pdf\" target=\"_blank\" rel=\"attachment wp-att-823 noopener noreferrer\">Gastos de Representaci\u00f3n de las Autoridades correspondientes a Mayo<\/a><\/p><p><a href=\"https:\/\/anam.org.gt\/wp-content\/uploads\/2021\/08\/ANAM-4-2019-JUN-GASTOS-DE-REPRESENTACION-AUTORIDADES.pdf\" target=\"_blank\" rel=\"attachment wp-att-819 noopener noreferrer\">Gastos de Representaci\u00f3n de las Autoridades correspondientes a Junio<\/a><\/p><p><a href=\"https:\/\/anam.org.gt\/wp-content\/uploads\/2021\/08\/ANAM-4-2019-JUL-GASTOS-DE-REPRESENTACION-AUTORIDADES.pdf\" target=\"_blank\" rel=\"attachment wp-att-818 noopener noreferrer\">Gastos de Representaci\u00f3n de las Autoridades correspondientes a Julio<\/a><\/p><p><a href=\"https:\/\/anam.org.gt\/wp-content\/uploads\/2021\/08\/ANAM-4-2019-AGO-GASTOS-DE-REPRESENTACION-AUTORIDADES.pdf\" target=\"_blank\" rel=\"attachment wp-att-824 noopener noreferrer\">Gastos de Representaci\u00f3n de las Autoridades correspondientes a Agosto<\/a><\/p><p><a href=\"https:\/\/anam.org.gt\/wp-content\/uploads\/2021\/08\/ANAM-4-2019-ENE-DIETAS-PAGADAS-JUNTA-DIRECTIVA.pdf\" target=\"_blank\" rel=\"attachment wp-att-825 noopener noreferrer\">Dietas pagadas a miembros de la Junta Directiva correspondiente al mes de Enero<\/a><\/p><p><a href=\"https:\/\/anam.org.gt\/wp-content\/uploads\/2021\/08\/ANAM-4-2019-ENE-DIETAS-PAGADAS-CONSEJO-CONSULTIVO.pdf\" target=\"_blank\" rel=\"attachment wp-att-826 noopener noreferrer\">Dietas pagadas a miembros del Consejo Consultivo correspondiente al mes de Enero<\/a><\/p><p><a href=\"https:\/\/anam.org.gt\/wp-content\/uploads\/2021\/08\/ANAM-4-2019-FEB-DIETAS-PAGADAS-JUNTA-DIRECTIVA.pdf\" target=\"_blank\" rel=\"attachment wp-att-827 noopener noreferrer\">Dietas pagadas a miembros de Junta Directiva correspondiente al mes de Febrero<\/a><\/p><p><a href=\"https:\/\/anam.org.gt\/wp-content\/uploads\/2021\/08\/ANAM-4-2019-FEB-DIETAS-PAGADAS-CONSEJO-CONSULTIVO.pdf\" target=\"_blank\" rel=\"attachment wp-att-828 noopener noreferrer\">Dietas pagadas a miembros del Consejo Consultivo correspondiente al mes de Febrero<\/a><\/p><p><a href=\"https:\/\/anam.org.gt\/wp-content\/uploads\/2021\/08\/ANAM-4-2019-LISTADO-DE-CARGOS-Y-REMUNERACIONES-COLABORADORES-ANAM.pdf\" target=\"_blank\" rel=\"attachment wp-att-829 noopener noreferrer\">Listado de cargos y remuneraciones de los Colaboradores y listado de Profesionales y T\u00e9cnicos contratados con sus respectivos honorarios<\/a><\/p><\/div>\n\t\t\t\t<\/div>\n\t\t\t\t\t\t\t<div class=\"elementor-toggle-item\">\n\t\t\t\t\t<div id=\"elementor-tab-title-1629\" class=\"elementor-tab-title\" data-tab=\"9\" role=\"button\" aria-controls=\"elementor-tab-content-1629\" aria-expanded=\"false\">\n\t\t\t\t\t\t\t\t\t\t\t\t<span class=\"elementor-toggle-icon elementor-toggle-icon-left\" aria-hidden=\"true\">\n\t\t\t\t\t\t\t\t\t\t\t\t\t\t\t<span class=\"elementor-toggle-icon-closed\"><i class=\"fas fa-caret-right\"><\/i><\/span>\n\t\t\t\t\t\t\t\t<span class=\"elementor-toggle-icon-opened\"><i class=\"elementor-toggle-icon-opened fas fa-caret-up\"><\/i><\/span>\n\t\t\t\t\t\t\t\t\t\t\t\t\t<\/span>\n\t\t\t\t\t\t\t\t\t\t\t\t<a class=\"elementor-toggle-title\" tabindex=\"0\">2018<\/a>\n\t\t\t\t\t<\/div>\n\n\t\t\t\t\t<div id=\"elementor-tab-content-1629\" class=\"elementor-tab-content elementor-clearfix\" data-tab=\"9\" role=\"region\" aria-labelledby=\"elementor-tab-title-1629\"><p><a href=\"https:\/\/anam.org.gt\/wp-content\/uploads\/2021\/08\/ANAM-4-2018-12-DICIEMBRE-DIETAS-JD-28112018.pdf\" target=\"_blank\" rel=\"attachment wp-att-831 noopener noreferrer\">Dietas pagadas a miembros de la Junta Directiva del mes de Noviembre (28)<\/a><\/p><p><a href=\"https:\/\/anam.org.gt\/wp-content\/uploads\/2021\/08\/ANAM-4-2018-GASTOS-DE-REPRESENTACION-AUTORIDADES.pdf\" target=\"_blank\" rel=\"attachment wp-att-832 noopener noreferrer\">Gastos de Representaci\u00f3n de las autoridades de la ANAM correspondientes al mes de Octubre<\/a><\/p><p><a href=\"https:\/\/anam.org.gt\/wp-content\/uploads\/2021\/08\/ANAM-4-2018-07-DIETAS-PAGADAS-JUNTA-DIRECTIVA.pdf\" target=\"_blank\" rel=\"attachment wp-att-833 noopener noreferrer\">Dietas pagadas a miembros de la Junta Directiva del mes de Julio<\/a><\/p><p><a href=\"https:\/\/anam.org.gt\/wp-content\/uploads\/2021\/08\/ANAM-4-2018-12-DICIEMBRE-DIETAS-CC-28112018.pdf\" target=\"_blank\" rel=\"attachment wp-att-834 noopener noreferrer\">Dietas pagadas a miembros del Consejo Consultivo del mes de Noviembre (28)<\/a><\/p><p><a href=\"https:\/\/anam.org.gt\/wp-content\/uploads\/2021\/08\/ANAM-4-2018-12-DICIEMBRE-DIETAS-JD-03092018.pdf\" target=\"_blank\" rel=\"attachment wp-att-835 noopener noreferrer\">Dietas pagadas a miembros de la Junta Directa del mes de Septiembre (03)<\/a><\/p><p><a href=\"https:\/\/anam.org.gt\/wp-content\/uploads\/2021\/08\/ANAM-4-2018-07-DIETAS-PAGADAS-CONSEJO-CONSULTIVO.pdf\" target=\"_blank\" rel=\"attachment wp-att-836 noopener noreferrer\">Dietas pagadas a miembros del Consejo Consultivo del mes de Julio<\/a><\/p><p><a href=\"https:\/\/anam.org.gt\/wp-content\/uploads\/2021\/08\/ANAM-4-2018-08-05-DIETAS-PAGADAS-JUNTA-DIRECTIVA.pdf\" target=\"_blank\" rel=\"attachment wp-att-837 noopener noreferrer\">Dietas pagadas a miembros de la Junta Directiva del mes de Mayo<\/a><\/p><p><a href=\"https:\/\/anam.org.gt\/wp-content\/uploads\/2021\/08\/ANAM-4-2018-08-05-DIETAS-PAGADAS-CONSEJO-CONSULTIVO.pdf\" target=\"_blank\" rel=\"attachment wp-att-839 noopener noreferrer\">Dietas pagadas a miembros del Consejo Consultivo del mes de Mayo<\/a><\/p><p><a href=\"https:\/\/anam.org.gt\/wp-content\/uploads\/2021\/08\/ANAM-4-2018-05-04-DIETAS-PAGADAS-JUNTA-DIRECTIVA.pdf\" target=\"_blank\" rel=\"attachment wp-att-840 noopener noreferrer\">Dietas pagadas a miembros de la Junta Directiva del mes de Abril (05)<\/a><\/p><p><a href=\"https:\/\/anam.org.gt\/wp-content\/uploads\/2021\/08\/ANAM-4-2018-12-DICIEMBRE-DIETAS-JD-21082018.pdf\" target=\"_blank\" rel=\"attachment wp-att-841 noopener noreferrer\">Dietas pagadas a miembros de la Junta Directiva del mes de Agosto (21)<\/a><\/p><p><a href=\"https:\/\/anam.org.gt\/wp-content\/uploads\/2021\/08\/ANAM-4-2018-05-04-DIETAS-PAGADAS-CONSEJO-CONSULTIVO.pdf\" target=\"_blank\" rel=\"attachment wp-att-842 noopener noreferrer\">Dietas pagadas a miembros del Consejo Consultivo del mes de Abril (05)<\/a><\/p><p><a href=\"https:\/\/anam.org.gt\/wp-content\/uploads\/2021\/08\/ANAM-4-2018-12-DICIEMBRE-DIETAS-CC-21082018.pdf\" target=\"_blank\" rel=\"attachment wp-att-843 noopener noreferrer\">Dietas pagadas a miembros del Consejo Consultivo del mes de Agosto (21)<\/a><\/p><p><a href=\"https:\/\/anam.org.gt\/wp-content\/uploads\/2021\/08\/ANAM-4-2018-03-GASTOS-DE-REPRESENTACION-AUTORIDADES.pdf\" target=\"_blank\" rel=\"attachment wp-att-844 noopener noreferrer\">Listado de Gastos de Representaci\u00f3n de Autoridades ANAM correspondiente al mes de Marzo<\/a><\/p><p><a href=\"https:\/\/anam.org.gt\/wp-content\/uploads\/2021\/08\/ANAM-4-2018-03-COLABORADORES-ANAM-SUELDOS-BONIFICACIONES.pdf\" target=\"_blank\" rel=\"attachment wp-att-845 noopener noreferrer\">Listado de Colaboradores de la ANAM correspondiente al mes de Marzo<\/a><\/p><p><a href=\"https:\/\/anam.org.gt\/wp-content\/uploads\/2021\/08\/ANAM-4-2018-08-02-DIETAS-PAGADAS-JUNTA-DIRECTIVA.pdf\" target=\"_blank\" rel=\"attachment wp-att-846 noopener noreferrer\">Dietas pagadas a miembros de la Junta Directiva del mes de Febrero (08)<\/a><\/p><p><a href=\"https:\/\/anam.org.gt\/wp-content\/uploads\/2021\/08\/ANAM-4-2018-08-02-DIETAS-PAGADAS-CONSEJO-CONSULTIVO.pdf\" target=\"_blank\" rel=\"attachment wp-att-847 noopener noreferrer\">Dietas pagadas a miembros del Consejo Consultivo del mes de Febrero (08)<\/a><\/p><p><a href=\"https:\/\/anam.org.gt\/wp-content\/uploads\/2021\/08\/ANAM-4-2018-30-01-DIETAS-PAGADAS-JUNTA-DIRECTIVA.pdf\" target=\"_blank\" rel=\"attachment wp-att-848 noopener noreferrer\">Dietas pagadas a miembros de la Junta Directiva del mes de Enero (30)<\/a><\/p><p><a href=\"https:\/\/anam.org.gt\/wp-content\/uploads\/2021\/08\/ANAM-4-2018-1-DIETAS-PAGADAS-JUNTA-DIRECTIVA.pdf\" target=\"_blank\" rel=\"attachment wp-att-849 noopener noreferrer\">Dietas pagadas a miembros de Junta Directiva del mes de Enero<\/a><\/p><p><a href=\"https:\/\/anam.org.gt\/wp-content\/uploads\/2021\/08\/ANAM-4-2018-1-DIETAS-PAGADAS-CONSEJO-CONSULTIVO.pdf\" target=\"_blank\" rel=\"attachment wp-att-850 noopener noreferrer\">Dietas pagadas a miembros del Consejo Consultivo del mes de Enero<\/a><\/p><\/div>\n\t\t\t\t<\/div>\n\t\t\t\t\t\t\t<div class=\"elementor-toggle-item\">\n\t\t\t\t\t<div id=\"elementor-tab-title-16210\" class=\"elementor-tab-title\" data-tab=\"10\" role=\"button\" aria-controls=\"elementor-tab-content-16210\" aria-expanded=\"false\">\n\t\t\t\t\t\t\t\t\t\t\t\t<span class=\"elementor-toggle-icon elementor-toggle-icon-left\" aria-hidden=\"true\">\n\t\t\t\t\t\t\t\t\t\t\t\t\t\t\t<span class=\"elementor-toggle-icon-closed\"><i class=\"fas fa-caret-right\"><\/i><\/span>\n\t\t\t\t\t\t\t\t<span class=\"elementor-toggle-icon-opened\"><i class=\"elementor-toggle-icon-opened fas fa-caret-up\"><\/i><\/span>\n\t\t\t\t\t\t\t\t\t\t\t\t\t<\/span>\n\t\t\t\t\t\t\t\t\t\t\t\t<a class=\"elementor-toggle-title\" tabindex=\"0\">2017<\/a>\n\t\t\t\t\t<\/div>\n\n\t\t\t\t\t<div id=\"elementor-tab-content-16210\" class=\"elementor-tab-content elementor-clearfix\" data-tab=\"10\" role=\"region\" aria-labelledby=\"elementor-tab-title-16210\"><p><a href=\"https:\/\/anam.org.gt\/wp-content\/uploads\/2021\/08\/ANAM-4-2017-11-DIETAS-PAGADAS-JUNTA-DIRECTIVA.pdf\" target=\"_blank\" rel=\"attachment wp-att-852 noopener noreferrer\">Dietas pagadas a miembros de Junta Directiva del mes de Noviembre<\/a><\/p><p><a href=\"https:\/\/anam.org.gt\/wp-content\/uploads\/2021\/08\/ANAM-4-2017-11-DIETAS-PAGADAS-CONSEJO-CONSULTIVO.pdf\" target=\"_blank\" rel=\"attachment wp-att-853 noopener noreferrer\">Dietas pagadas a miembros del Consejo Consultivo del mes de Noviembre<\/a><\/p><p><a href=\"https:\/\/anam.org.gt\/wp-content\/uploads\/2021\/08\/ANAM-4-2017-10-DIETAS-PAGADAS-CONSEJO-CONSULTIVO-OCTUBRE.pdf\" target=\"_blank\" rel=\"attachment wp-att-855 noopener noreferrer\">Dietas pagadas a miembros del Consejo Consultivo del mes de Octubre<\/a><\/p><p><a href=\"https:\/\/anam.org.gt\/wp-content\/uploads\/2021\/08\/ANAM-4-2017-10-DIETAS-PAGADAS-JUNTA-DIRECTIVA-OCTUBRE.pdf\" target=\"_blank\" rel=\"attachment wp-att-856 noopener noreferrer\">Dietas pagadas a miembros de Junta Directiva del mes de Octubre<\/a><\/p><p><a href=\"https:\/\/anam.org.gt\/wp-content\/uploads\/2021\/08\/ANAM-1-2017-JUNTA-DIRECTIVA-CON-DIETAS-Y-GASTOS-REPRESENTACION.pdf\" target=\"_blank\" rel=\"attachment wp-att-857 noopener noreferrer\">Dietas pagadas a miembros de Junta Directiva<\/a><\/p><p><a href=\"https:\/\/anam.org.gt\/wp-content\/uploads\/2021\/08\/7.ANAM-12-2017-LISTADO-DE-COMISIONES-DE-TRABAJO-NACIONALES-INTERNACIONALES.pdf\" target=\"_blank\" rel=\"attachment wp-att-858 noopener noreferrer\">El listado de comisiones de trabajo al interior y exterior de Guatemala<\/a><\/p><p><a href=\"https:\/\/anam.org.gt\/wp-content\/uploads\/2021\/08\/ANAM-1-2017-CONSEJO-CONSULTIVO-CON-DIETAS.pdf\" target=\"_blank\" rel=\"attachment wp-att-859 noopener noreferrer\">Dietas pagadas a miembros de Consejo Consultivo<\/a><\/p><p><a href=\"https:\/\/anam.org.gt\/wp-content\/uploads\/2021\/08\/4.-ANAM-4-2017-CARGOS-DIETAS.pdf\" target=\"_blank\" rel=\"attachment wp-att-860 noopener noreferrer\">Listado con los cargos administrativos que perciben dietas<\/a><\/p><p><a href=\"https:\/\/anam.org.gt\/wp-content\/uploads\/2021\/08\/ANAM-4-2017-LISTADO-COLABORADORES-DIETAS.pdf\" target=\"_blank\" rel=\"attachment wp-att-861 noopener noreferrer\">Listado con los cargos que perciben gastos de representaci\u00f3n<\/a><\/p><p><a href=\"https:\/\/anam.org.gt\/wp-content\/uploads\/2021\/08\/ANAM-4-2017-LISTADO-CARGOS-Y-REMUNERACIONES-COLABORADORES.pdf\" target=\"_blank\" rel=\"attachment wp-att-862 noopener noreferrer\">Listado de los cargos y las remuneraciones de los Colaboradores, as\u00ed como el listado de Profesionales y T\u00e9cnicos contratados con sus respectivos honorarios<\/a><\/p><p><a href=\"https:\/\/anam.org.gt\/wp-content\/uploads\/2021\/08\/ANAM-4-2017-LISTADO-COLABORADORES-ASESORES-TECNICOS-PROFESIONALES.pdf\" target=\"_blank\" rel=\"attachment wp-att-863 noopener noreferrer\">Listado de los Colaboradores y Asesores T\u00e9cnicos y Profesionales de la ANAM y los cargos que desempe\u00f1an<\/a><\/p><\/div>\n\t\t\t\t<\/div>\n\t\t\t\t\t\t\t<div class=\"elementor-toggle-item\">\n\t\t\t\t\t<div id=\"elementor-tab-title-16211\" class=\"elementor-tab-title\" data-tab=\"11\" role=\"button\" aria-controls=\"elementor-tab-content-16211\" aria-expanded=\"false\">\n\t\t\t\t\t\t\t\t\t\t\t\t<span class=\"elementor-toggle-icon elementor-toggle-icon-left\" aria-hidden=\"true\">\n\t\t\t\t\t\t\t\t\t\t\t\t\t\t\t<span class=\"elementor-toggle-icon-closed\"><i class=\"fas fa-caret-right\"><\/i><\/span>\n\t\t\t\t\t\t\t\t<span class=\"elementor-toggle-icon-opened\"><i class=\"elementor-toggle-icon-opened fas fa-caret-up\"><\/i><\/span>\n\t\t\t\t\t\t\t\t\t\t\t\t\t<\/span>\n\t\t\t\t\t\t\t\t\t\t\t\t<a class=\"elementor-toggle-title\" tabindex=\"0\">2016<\/a>\n\t\t\t\t\t<\/div>\n\n\t\t\t\t\t<div id=\"elementor-tab-content-16211\" class=\"elementor-tab-content elementor-clearfix\" data-tab=\"11\" role=\"region\" aria-labelledby=\"elementor-tab-title-16211\"><p><a href=\"https:\/\/anam.org.gt\/wp-content\/uploads\/2021\/08\/1.ANAM-4-2016-LISTADO-DE-COLABORADORES-Y-ASESORES-TECNICOS-Y-PROFESIONALES-FEBRERO-AGOSTO.pdf\" target=\"_blank\" rel=\"attachment wp-att-864 noopener noreferrer\">Listado de los Colaboradores y Asesores T\u00e9cnicos y Profesionales de la ANAM y los cargos que desempe\u00f1an de Febrero a Agosto<\/a><\/p><p><a href=\"https:\/\/anam.org.gt\/wp-content\/uploads\/2021\/08\/2.ANAM-4-2016-LISTADO-COLABORADORES-Y-TECNICOS-Y-PROFESIONALES-SEPTIEMBRE-DICIEMBRE.pdf\" target=\"_blank\" rel=\"attachment wp-att-865 noopener noreferrer\">Listado de los Colaboradores y Asesores T\u00e9cnicos y Profesionales de la ANAM y los cargos que desempe\u00f1an de Septiembre a Diciembre<\/a><\/p><p><a href=\"https:\/\/anam.org.gt\/wp-content\/uploads\/2021\/08\/3.ANAM-4-2016-LISTADO-CARGOS-REMUNERACIONES-COLABORADORES-PROFESIONALES-Y-TECNICOS-HORORARIOS-FEBRERO-AGOSTO.pdf\" target=\"_blank\" rel=\"attachment wp-att-866 noopener noreferrer\">Listado de los cargos y las remuneraciones de los Colaboradores, as\u00ed como el listado de Profesionales y T\u00e9cnicos contratados con sus respectivos honorarios de Febrero a Agosto<\/a><\/p><p><a href=\"https:\/\/anam.org.gt\/wp-content\/uploads\/2021\/08\/4.ANAM-4-2016-LISTADO-CARGOS-REMUNERACIONES-COLABORADORES-LISTADO-PROFESIONALES-TECNICOS-HONORARIOS-SEPTIEMBRE-DICIEMBRE-.pdf\" target=\"_blank\" rel=\"attachment wp-att-867 noopener noreferrer\">Listado de los cargos y las remuneraciones de los Colaboradores, as\u00ed como el listado de Profesionales y T\u00e9cnicos contratados con sus respectivos honorarios de Septiembre a Diciembre<\/a><\/p><p><a href=\"https:\/\/anam.org.gt\/wp-content\/uploads\/2021\/08\/5.ANAM-4-2017-JUNTA-DIRECTIVA-DIETAS.pdf\" target=\"_blank\" rel=\"attachment wp-att-868 noopener noreferrer\">Dietas pagadas a miembros de Junta Directiva<\/a><\/p><p><a href=\"https:\/\/anam.org.gt\/wp-content\/uploads\/2021\/08\/5.ANAM-4-2016-LISTADO-CARGOS-QUE-PERCIBEN-GASTOS-DE-REPRESENTACION.pdf\" target=\"_blank\" rel=\"attachment wp-att-869 noopener noreferrer\">Listado con los cargos que perciben gastos de representaci\u00f3nListado con los cargos administrativos que perciben dietas<\/a><\/p><p><a href=\"https:\/\/anam.org.gt\/wp-content\/uploads\/2021\/08\/7.ANAM-4-2016-JUNTA-DIRECTIVA-GASTOS-REPRESENTACION-DIETAS-FEBRERO-MAYO.pdf\" target=\"_blank\" rel=\"attachment wp-att-871 noopener noreferrer\">Miembros de Junta Directiva con gastos de representaci\u00f3n y dietas de Febrero a Mayo<\/a><\/p><p><a href=\"https:\/\/anam.org.gt\/wp-content\/uploads\/2021\/08\/8.ANAM-4-2016-JUNTA-DIRECTIVA-GASTOS-REPRESENTACION-DIETAS-JUNIO-DICIEMBRE.pdf\" target=\"_blank\" rel=\"attachment wp-att-872 noopener noreferrer\">Miembros de Junta Directiva con gastos de representaci\u00f3n y dietas de Junio a Diciembre<\/a><\/p><p><a href=\"https:\/\/anam.org.gt\/wp-content\/uploads\/2021\/08\/9.ANAM-4-2016-CONSEJO-CONSULTIVO-DIETAS-OCTUBRE-DICIEMBRE.pdf\" target=\"_blank\" rel=\"attachment wp-att-873 noopener noreferrer\">Miembros de Consejo Consultivo con dietas de Octubre a Diciembre<\/a><\/p><p><a href=\"https:\/\/anam.org.gt\/wp-content\/uploads\/2021\/08\/10.ANAM-12-2016-LISTADO-COMISIONES-TRABAJO-INTERIOR-Y-EXTERIOR-ENERO-ABRIL.pdf\" target=\"_blank\" rel=\"attachment wp-att-874 noopener noreferrer\">El listado de comisiones de trabajo al interior y exterior de Guatemala de Enero a Abril<\/a><\/p><p><a href=\"https:\/\/anam.org.gt\/wp-content\/uploads\/2021\/08\/11.ANAM-12-2016-LISTADO-DE-COMISIONES-DE-TRABAJO-NACIONALES-E-INTERNACIONALES.pdf\" target=\"_blank\" rel=\"attachment wp-att-875 noopener noreferrer\">El listado de comisiones de trabajo al interior y exterior de Guatemala de Mayo a Diciembre<\/a><\/p><\/div>\n\t\t\t\t<\/div>\n\t\t\t\t\t\t\t<div class=\"elementor-toggle-item\">\n\t\t\t\t\t<div id=\"elementor-tab-title-16212\" class=\"elementor-tab-title\" data-tab=\"12\" role=\"button\" aria-controls=\"elementor-tab-content-16212\" aria-expanded=\"false\">\n\t\t\t\t\t\t\t\t\t\t\t\t<span class=\"elementor-toggle-icon elementor-toggle-icon-left\" aria-hidden=\"true\">\n\t\t\t\t\t\t\t\t\t\t\t\t\t\t\t<span class=\"elementor-toggle-icon-closed\"><i class=\"fas fa-caret-right\"><\/i><\/span>\n\t\t\t\t\t\t\t\t<span class=\"elementor-toggle-icon-opened\"><i class=\"elementor-toggle-icon-opened fas fa-caret-up\"><\/i><\/span>\n\t\t\t\t\t\t\t\t\t\t\t\t\t<\/span>\n\t\t\t\t\t\t\t\t\t\t\t\t<a class=\"elementor-toggle-title\" tabindex=\"0\">2015<\/a>\n\t\t\t\t\t<\/div>\n\n\t\t\t\t\t<div id=\"elementor-tab-content-16212\" class=\"elementor-tab-content elementor-clearfix\" data-tab=\"12\" role=\"region\" aria-labelledby=\"elementor-tab-title-16212\"><p><a href=\"https:\/\/anam.org.gt\/wp-content\/uploads\/2021\/08\/ANAM-4-2015-NUMERO-Y-NOMBRE-DE-TRABAJADORES-2.pdf\" target=\"_blank\" rel=\"attachment wp-att-880 noopener noreferrer\">N\u00famero y Nombre de Trabajadores 2015<\/a><\/p><p><a href=\"https:\/\/anam.org.gt\/wp-content\/uploads\/2021\/08\/ANAM-4-2015-NUMERO-Y-NOMBRE-DE-TRABAJADORES.pdf\" target=\"_blank\" rel=\"attachment wp-att-881 noopener noreferrer\">N\u00famero y Nombre de Trabajadores 2015<\/a><\/p><\/div>\n\t\t\t\t<\/div>\n\t\t\t\t\t\t\t<div class=\"elementor-toggle-item\">\n\t\t\t\t\t<div id=\"elementor-tab-title-16213\" class=\"elementor-tab-title\" data-tab=\"13\" role=\"button\" aria-controls=\"elementor-tab-content-16213\" aria-expanded=\"false\">\n\t\t\t\t\t\t\t\t\t\t\t\t<span class=\"elementor-toggle-icon elementor-toggle-icon-left\" aria-hidden=\"true\">\n\t\t\t\t\t\t\t\t\t\t\t\t\t\t\t<span class=\"elementor-toggle-icon-closed\"><i class=\"fas fa-caret-right\"><\/i><\/span>\n\t\t\t\t\t\t\t\t<span class=\"elementor-toggle-icon-opened\"><i class=\"elementor-toggle-icon-opened fas fa-caret-up\"><\/i><\/span>\n\t\t\t\t\t\t\t\t\t\t\t\t\t<\/span>\n\t\t\t\t\t\t\t\t\t\t\t\t<a class=\"elementor-toggle-title\" tabindex=\"0\">2014<\/a>\n\t\t\t\t\t<\/div>\n\n\t\t\t\t\t<div id=\"elementor-tab-content-16213\" class=\"elementor-tab-content elementor-clearfix\" data-tab=\"13\" role=\"region\" aria-labelledby=\"elementor-tab-title-16213\"><p><a href=\"https:\/\/anam.org.gt\/wp-content\/uploads\/2021\/08\/ANAM-4-2014-NUMERO-Y-NOMBRE-DE-FUNCIONARIOS.pdf\" target=\"_blank\" rel=\"attachment wp-att-884 noopener noreferrer\">N\u00famero y Nombre de Trabajadores 2014<\/a><\/p><p><a href=\"https:\/\/anam.org.gt\/wp-content\/uploads\/2021\/08\/ANAM-4-2014-NUMERO-Y-NOMBRE-DE-FUNCIONARIOS-2.pdf\" target=\"_blank\" rel=\"attachment wp-att-887 noopener noreferrer\">Junta Directiva 2014 \u2013 2016<\/a><\/p><\/div>\n\t\t\t\t<\/div>\n\t\t\t\t\t\t\t\t<\/div>\n\t\t\t\t\t\t<\/div>\n\t\t\t\t<\/div>\n\t\t\t\t\t<\/div>\n\t\t<\/div>\n\t\t\t\t\t<\/div>\n\t\t<\/section>\n\t\t\t\t<\/div>\n\t\t","protected":false},"excerpt":{"rendered":"<p>4. N\u00famero y Nombre de Colaboradores y Personal Contratado Numeral 4. N\u00famero y nombre de funcionarios, servidores p\u00fablicos, empleados y asesores que laboran en el sujeto obligado y todas sus dependencias, incluyendo salarios que corresponden a cada cargo, honorarios, dietas, bonos, vi\u00e1ticos o cualquier otra remuneraci\u00f3n econ\u00f3mica que perciban por cualquier concepto. Quedan exentos de [&hellip;]<\/p>\n","protected":false},"author":4,"featured_media":0,"parent":0,"menu_order":0,"comment_status":"closed","ping_status":"closed","template":"elementor_header_footer","meta":{"footnotes":""},"class_list":["post-2476","page","type-page","status-publish","hentry"],"yoast_head":"<!-- This site is optimized with the Yoast SEO plugin v27.0 - https:\/\/yoast.com\/product\/yoast-seo-wordpress\/ -->\n<title>N\u00fameral 4 - ANAM<\/title>\n<meta name=\"robots\" content=\"index, follow, max-snippet:-1, max-image-preview:large, max-video-preview:-1\" \/>\n<link rel=\"canonical\" href=\"https:\/\/anam.org.gt\/inicio\/numeral-4\/\" \/>\n<meta property=\"og:locale\" content=\"es_ES\" \/>\n<meta property=\"og:type\" content=\"article\" \/>\n<meta property=\"og:title\" content=\"N\u00fameral 4 - ANAM\" \/>\n<meta property=\"og:description\" content=\"4. N\u00famero y Nombre de Colaboradores y Personal Contratado Numeral 4. N\u00famero y nombre de funcionarios, servidores p\u00fablicos, empleados y asesores que laboran en el sujeto obligado y todas sus dependencias, incluyendo salarios que corresponden a cada cargo, honorarios, dietas, bonos, vi\u00e1ticos o cualquier otra remuneraci\u00f3n econ\u00f3mica que perciban por cualquier concepto. Quedan exentos de [&hellip;]\" \/>\n<meta property=\"og:url\" content=\"https:\/\/anam.org.gt\/inicio\/numeral-4\/\" \/>\n<meta property=\"og:site_name\" content=\"ANAM\" \/>\n<meta property=\"article:publisher\" content=\"https:\/\/www.facebook.com\/ANAMGuatemala.org.gt\" \/>\n<meta property=\"article:modified_time\" content=\"2026-04-09T18:20:56+00:00\" \/>\n<meta name=\"twitter:card\" content=\"summary_large_image\" \/>\n<meta name=\"twitter:site\" content=\"@ANAM_Guatemala\" \/>\n<meta name=\"twitter:label1\" content=\"Tiempo de lectura\" \/>\n\t<meta name=\"twitter:data1\" content=\"6 minutos\" \/>\n<script type=\"application\/ld+json\" class=\"yoast-schema-graph\">{\"@context\":\"https:\/\/schema.org\",\"@graph\":[{\"@type\":\"WebPage\",\"@id\":\"https:\/\/anam.org.gt\/inicio\/numeral-4\/\",\"url\":\"https:\/\/anam.org.gt\/inicio\/numeral-4\/\",\"name\":\"N\u00fameral 4 - ANAM\",\"isPartOf\":{\"@id\":\"https:\/\/anam.org.gt\/inicio\/#website\"},\"datePublished\":\"2024-09-26T19:07:23+00:00\",\"dateModified\":\"2026-04-09T18:20:56+00:00\",\"breadcrumb\":{\"@id\":\"https:\/\/anam.org.gt\/inicio\/numeral-4\/#breadcrumb\"},\"inLanguage\":\"es\",\"potentialAction\":[{\"@type\":\"ReadAction\",\"target\":[\"https:\/\/anam.org.gt\/inicio\/numeral-4\/\"]}]},{\"@type\":\"BreadcrumbList\",\"@id\":\"https:\/\/anam.org.gt\/inicio\/numeral-4\/#breadcrumb\",\"itemListElement\":[{\"@type\":\"ListItem\",\"position\":1,\"name\":\"Portada\",\"item\":\"https:\/\/anam.org.gt\/inicio\/\"},{\"@type\":\"ListItem\",\"position\":2,\"name\":\"N\u00fameral 4\"}]},{\"@type\":\"WebSite\",\"@id\":\"https:\/\/anam.org.gt\/inicio\/#website\",\"url\":\"https:\/\/anam.org.gt\/inicio\/\",\"name\":\"ANAM\",\"description\":\"Asociaci\u00f3n Nacional de Municipalidades de la Rep\u00fablica de Guatemala\",\"publisher\":{\"@id\":\"https:\/\/anam.org.gt\/inicio\/#organization\"},\"potentialAction\":[{\"@type\":\"SearchAction\",\"target\":{\"@type\":\"EntryPoint\",\"urlTemplate\":\"https:\/\/anam.org.gt\/inicio\/?s={search_term_string}\"},\"query-input\":{\"@type\":\"PropertyValueSpecification\",\"valueRequired\":true,\"valueName\":\"search_term_string\"}}],\"inLanguage\":\"es\"},{\"@type\":\"Organization\",\"@id\":\"https:\/\/anam.org.gt\/inicio\/#organization\",\"name\":\"Asociaci\u00f3n Nacional de Municipalidades de la Rep\u00fablica de Guatemala\",\"url\":\"https:\/\/anam.org.gt\/inicio\/\",\"logo\":{\"@type\":\"ImageObject\",\"inLanguage\":\"es\",\"@id\":\"https:\/\/anam.org.gt\/inicio\/#\/schema\/logo\/image\/\",\"url\":\"https:\/\/anam.org.gt\/inicio\/wp-content\/uploads\/2026\/02\/logo-anam-central-1.png\",\"contentUrl\":\"https:\/\/anam.org.gt\/inicio\/wp-content\/uploads\/2026\/02\/logo-anam-central-1.png\",\"width\":600,\"height\":280,\"caption\":\"Asociaci\u00f3n Nacional de Municipalidades de la Rep\u00fablica de Guatemala\"},\"image\":{\"@id\":\"https:\/\/anam.org.gt\/inicio\/#\/schema\/logo\/image\/\"},\"sameAs\":[\"https:\/\/www.facebook.com\/ANAMGuatemala.org.gt\",\"https:\/\/x.com\/ANAM_Guatemala\",\"https:\/\/www.instagram.com\/anam_guatemala\/?hl=es\"]}]}<\/script>\n<!-- \/ Yoast SEO plugin. -->","yoast_head_json":{"title":"N\u00fameral 4 - ANAM","robots":{"index":"index","follow":"follow","max-snippet":"max-snippet:-1","max-image-preview":"max-image-preview:large","max-video-preview":"max-video-preview:-1"},"canonical":"https:\/\/anam.org.gt\/inicio\/numeral-4\/","og_locale":"es_ES","og_type":"article","og_title":"N\u00fameral 4 - ANAM","og_description":"4. N\u00famero y Nombre de Colaboradores y Personal Contratado Numeral 4. N\u00famero y nombre de funcionarios, servidores p\u00fablicos, empleados y asesores que laboran en el sujeto obligado y todas sus dependencias, incluyendo salarios que corresponden a cada cargo, honorarios, dietas, bonos, vi\u00e1ticos o cualquier otra remuneraci\u00f3n econ\u00f3mica que perciban por cualquier concepto. Quedan exentos de [&hellip;]","og_url":"https:\/\/anam.org.gt\/inicio\/numeral-4\/","og_site_name":"ANAM","article_publisher":"https:\/\/www.facebook.com\/ANAMGuatemala.org.gt","article_modified_time":"2026-04-09T18:20:56+00:00","twitter_card":"summary_large_image","twitter_site":"@ANAM_Guatemala","twitter_misc":{"Tiempo de lectura":"6 minutos"},"schema":{"@context":"https:\/\/schema.org","@graph":[{"@type":"WebPage","@id":"https:\/\/anam.org.gt\/inicio\/numeral-4\/","url":"https:\/\/anam.org.gt\/inicio\/numeral-4\/","name":"N\u00fameral 4 - ANAM","isPartOf":{"@id":"https:\/\/anam.org.gt\/inicio\/#website"},"datePublished":"2024-09-26T19:07:23+00:00","dateModified":"2026-04-09T18:20:56+00:00","breadcrumb":{"@id":"https:\/\/anam.org.gt\/inicio\/numeral-4\/#breadcrumb"},"inLanguage":"es","potentialAction":[{"@type":"ReadAction","target":["https:\/\/anam.org.gt\/inicio\/numeral-4\/"]}]},{"@type":"BreadcrumbList","@id":"https:\/\/anam.org.gt\/inicio\/numeral-4\/#breadcrumb","itemListElement":[{"@type":"ListItem","position":1,"name":"Portada","item":"https:\/\/anam.org.gt\/inicio\/"},{"@type":"ListItem","position":2,"name":"N\u00fameral 4"}]},{"@type":"WebSite","@id":"https:\/\/anam.org.gt\/inicio\/#website","url":"https:\/\/anam.org.gt\/inicio\/","name":"ANAM","description":"Asociaci\u00f3n Nacional de Municipalidades de la Rep\u00fablica de Guatemala","publisher":{"@id":"https:\/\/anam.org.gt\/inicio\/#organization"},"potentialAction":[{"@type":"SearchAction","target":{"@type":"EntryPoint","urlTemplate":"https:\/\/anam.org.gt\/inicio\/?s={search_term_string}"},"query-input":{"@type":"PropertyValueSpecification","valueRequired":true,"valueName":"search_term_string"}}],"inLanguage":"es"},{"@type":"Organization","@id":"https:\/\/anam.org.gt\/inicio\/#organization","name":"Asociaci\u00f3n Nacional de Municipalidades de la Rep\u00fablica de Guatemala","url":"https:\/\/anam.org.gt\/inicio\/","logo":{"@type":"ImageObject","inLanguage":"es","@id":"https:\/\/anam.org.gt\/inicio\/#\/schema\/logo\/image\/","url":"https:\/\/anam.org.gt\/inicio\/wp-content\/uploads\/2026\/02\/logo-anam-central-1.png","contentUrl":"https:\/\/anam.org.gt\/inicio\/wp-content\/uploads\/2026\/02\/logo-anam-central-1.png","width":600,"height":280,"caption":"Asociaci\u00f3n Nacional de Municipalidades de la Rep\u00fablica de Guatemala"},"image":{"@id":"https:\/\/anam.org.gt\/inicio\/#\/schema\/logo\/image\/"},"sameAs":["https:\/\/www.facebook.com\/ANAMGuatemala.org.gt","https:\/\/x.com\/ANAM_Guatemala","https:\/\/www.instagram.com\/anam_guatemala\/?hl=es"]}]}},"_links":{"self":[{"href":"https:\/\/anam.org.gt\/inicio\/wp-json\/wp\/v2\/pages\/2476","targetHints":{"allow":["GET"]}}],"collection":[{"href":"https:\/\/anam.org.gt\/inicio\/wp-json\/wp\/v2\/pages"}],"about":[{"href":"https:\/\/anam.org.gt\/inicio\/wp-json\/wp\/v2\/types\/page"}],"author":[{"embeddable":true,"href":"https:\/\/anam.org.gt\/inicio\/wp-json\/wp\/v2\/users\/4"}],"replies":[{"embeddable":true,"href":"https:\/\/anam.org.gt\/inicio\/wp-json\/wp\/v2\/comments?post=2476"}],"version-history":[{"count":88,"href":"https:\/\/anam.org.gt\/inicio\/wp-json\/wp\/v2\/pages\/2476\/revisions"}],"predecessor-version":[{"id":5891,"href":"https:\/\/anam.org.gt\/inicio\/wp-json\/wp\/v2\/pages\/2476\/revisions\/5891"}],"wp:attachment":[{"href":"https:\/\/anam.org.gt\/inicio\/wp-json\/wp\/v2\/media?parent=2476"}],"curies":[{"name":"wp","href":"https:\/\/api.w.org\/{rel}","templated":true}]}}