{"id":2582,"date":"2024-09-26T22:13:12","date_gmt":"2024-09-26T22:13:12","guid":{"rendered":"https:\/\/anam.org.gt\/inicio\/?page_id=2582"},"modified":"2026-04-07T15:41:40","modified_gmt":"2026-04-07T15:41:40","slug":"numeral-25","status":"publish","type":"page","link":"https:\/\/anam.org.gt\/inicio\/numeral-25\/","title":{"rendered":"N\u00fameral 25"},"content":{"rendered":"\t\t<div data-elementor-type=\"wp-page\" data-elementor-id=\"2582\" class=\"elementor elementor-2582\">\n\t\t\t\t\t\t<section class=\"elementor-section elementor-top-section elementor-element elementor-element-68a2370 elementor-section-boxed elementor-section-height-default elementor-section-height-default\" data-id=\"68a2370\" data-element_type=\"section\">\n\t\t\t\t\t\t<div class=\"elementor-container elementor-column-gap-default\">\n\t\t\t\t\t<div class=\"elementor-column elementor-col-100 elementor-top-column elementor-element elementor-element-a175390\" data-id=\"a175390\" data-element_type=\"column\">\n\t\t\t<div class=\"elementor-widget-wrap elementor-element-populated\">\n\t\t\t\t\t\t<div class=\"elementor-element elementor-element-36c569f elementor-widget elementor-widget-heading\" data-id=\"36c569f\" data-element_type=\"widget\" data-widget_type=\"heading.default\">\n\t\t\t\t<div class=\"elementor-widget-container\">\n\t\t\t\t\t<h2 class=\"elementor-heading-title elementor-size-default\"><h5><span>25. Entidades no Gubernamentales o Privadas<\/span><span><\/span><br><\/h5><\/h2>\t\t\t\t<\/div>\n\t\t\t\t<\/div>\n\t\t\t\t<div class=\"elementor-element elementor-element-1cfb171 elementor-widget elementor-widget-heading\" data-id=\"1cfb171\" data-element_type=\"widget\" data-widget_type=\"heading.default\">\n\t\t\t\t<div class=\"elementor-widget-container\">\n\t\t\t\t\t<h5 class=\"elementor-heading-title elementor-size-default\">Numeral 25. En caso de las entidades no gubernamentales o de car\u00e1cter privado que manejen o administren fondos p\u00fablicos deben hacer p\u00fablica la informaci\u00f3n obligatoria contenida en los numerales anteriores, relacionada \u00fanicamente a las compras y contrataciones que realicen con dichos fondos.<\/h5>\t\t\t\t<\/div>\n\t\t\t\t<\/div>\n\t\t\t\t\t<\/div>\n\t\t<\/div>\n\t\t\t\t\t<\/div>\n\t\t<\/section>\n\t\t\t\t<section class=\"elementor-section elementor-top-section elementor-element elementor-element-ba4ead2 elementor-section-boxed elementor-section-height-default elementor-section-height-default\" data-id=\"ba4ead2\" data-element_type=\"section\">\n\t\t\t\t\t\t<div class=\"elementor-container elementor-column-gap-default\">\n\t\t\t\t\t<div class=\"elementor-column elementor-col-100 elementor-top-column elementor-element elementor-element-a41b745\" data-id=\"a41b745\" data-element_type=\"column\">\n\t\t\t<div class=\"elementor-widget-wrap elementor-element-populated\">\n\t\t\t\t\t\t<div class=\"elementor-element elementor-element-3997544 elementor-widget elementor-widget-toggle\" data-id=\"3997544\" data-element_type=\"widget\" data-widget_type=\"toggle.default\">\n\t\t\t\t<div class=\"elementor-widget-container\">\n\t\t\t\t\t\t\t<div class=\"elementor-toggle\">\n\t\t\t\t\t\t\t<div class=\"elementor-toggle-item\">\n\t\t\t\t\t<div id=\"elementor-tab-title-6031\" class=\"elementor-tab-title\" data-tab=\"1\" role=\"button\" aria-controls=\"elementor-tab-content-6031\" aria-expanded=\"false\">\n\t\t\t\t\t\t\t\t\t\t\t\t<span class=\"elementor-toggle-icon elementor-toggle-icon-left\" aria-hidden=\"true\">\n\t\t\t\t\t\t\t\t\t\t\t\t\t\t\t<span class=\"elementor-toggle-icon-closed\"><i class=\"fas fa-caret-right\"><\/i><\/span>\n\t\t\t\t\t\t\t\t<span class=\"elementor-toggle-icon-opened\"><i class=\"elementor-toggle-icon-opened fas fa-caret-up\"><\/i><\/span>\n\t\t\t\t\t\t\t\t\t\t\t\t\t<\/span>\n\t\t\t\t\t\t\t\t\t\t\t\t<a class=\"elementor-toggle-title\" tabindex=\"0\">2026<\/a>\n\t\t\t\t\t<\/div>\n\n\t\t\t\t\t<div id=\"elementor-tab-content-6031\" class=\"elementor-tab-content elementor-clearfix\" data-tab=\"1\" role=\"region\" aria-labelledby=\"elementor-tab-title-6031\"><p><a href=\"https:\/\/anam.org.gt\/inicio\/wp-content\/uploads\/2026\/03\/NUMERAL-25-ENE.pdf\" target=\"_blank\" rel=\"noopener\">25A012026 ENTIDADES NO GUBERNAMENTALES O PRIVADAS ENE 2026<\/a><\/p><p><a href=\"https:\/\/anam.org.gt\/inicio\/wp-content\/uploads\/2026\/03\/NUMERAL-25-FEB.pdf\" target=\"_blank\" rel=\"noopener\">25A022026 ENTIDADES NO GUBERNAMENTALES O PRIVADAS FEB 2026<\/a><\/p><p><a href=\"https:\/\/anam.org.gt\/inicio\/wp-content\/uploads\/2026\/04\/NUMERAL-25-MAR.pdf\" target=\"_blank\" rel=\"noopener\">25A032026 ENTIDADES NO GUBERNAMENTALES O PRIVADAS MAR 2026<\/a><\/p><\/div>\n\t\t\t\t<\/div>\n\t\t\t\t\t\t\t<div class=\"elementor-toggle-item\">\n\t\t\t\t\t<div id=\"elementor-tab-title-6032\" class=\"elementor-tab-title\" data-tab=\"2\" role=\"button\" aria-controls=\"elementor-tab-content-6032\" aria-expanded=\"false\">\n\t\t\t\t\t\t\t\t\t\t\t\t<span class=\"elementor-toggle-icon elementor-toggle-icon-left\" aria-hidden=\"true\">\n\t\t\t\t\t\t\t\t\t\t\t\t\t\t\t<span class=\"elementor-toggle-icon-closed\"><i class=\"fas fa-caret-right\"><\/i><\/span>\n\t\t\t\t\t\t\t\t<span class=\"elementor-toggle-icon-opened\"><i class=\"elementor-toggle-icon-opened fas fa-caret-up\"><\/i><\/span>\n\t\t\t\t\t\t\t\t\t\t\t\t\t<\/span>\n\t\t\t\t\t\t\t\t\t\t\t\t<a class=\"elementor-toggle-title\" tabindex=\"0\">2025<\/a>\n\t\t\t\t\t<\/div>\n\n\t\t\t\t\t<div id=\"elementor-tab-content-6032\" class=\"elementor-tab-content elementor-clearfix\" data-tab=\"2\" role=\"region\" aria-labelledby=\"elementor-tab-title-6032\"><p><a href=\"https:\/\/anam.org.gt\/inicio\/wp-content\/uploads\/2025\/03\/NUMERAL-25-ENERO.pdf\" target=\"_blank\" rel=\"attachment wp-att-3325 noopener noreferrer\">25A012025 ENTIDADES NO GUBERNAMENTALES O PRIVADAS ENE 2025<\/a><\/p><p><a href=\"https:\/\/anam.org.gt\/inicio\/wp-content\/uploads\/2025\/03\/NUMERAL-25-FEBRERO.pdf\" target=\"_blank\" rel=\"noopener\">25A022025 ENTIDADES NO GUBERNAMENTALES O PRIVADAS FEB 2025<\/a><\/p><p><a href=\"https:\/\/anam.org.gt\/inicio\/wp-content\/uploads\/2025\/05\/NUMERAL-25-MARZO.pdf\" target=\"_blank\" rel=\"noopener\">25A032025 ENTIDADES NO GUBERNAMENTALES O PRIVADAS MAR 2025<\/a><\/p><p><a href=\"https:\/\/anam.org.gt\/inicio\/wp-content\/uploads\/2025\/05\/NUMERAL-25-ABRIL.pdf\" target=\"_blank\" rel=\"noopener\">25A042025 ENTIDADES NO GUBERNAMENTALES O PRIVADAS ABR 2025<\/a><\/p><p><a href=\"https:\/\/anam.org.gt\/inicio\/wp-content\/uploads\/2025\/08\/NUMERAL-25-MAYO.pdf\" target=\"_blank\" rel=\"noopener\">25A052025 ENTIDADES NO GUBERNAMENTALES O PRIVADAS MAY 2025<\/a><\/p><p><a href=\"https:\/\/anam.org.gt\/inicio\/wp-content\/uploads\/2025\/08\/NUMERAL-25-JUNIO.pdf\" target=\"_blank\" rel=\"noopener\">25A062025 ENTIDADES NO GUBERNAMENTALES O PRIVADAS JUN 2025<\/a><\/p><p><a href=\"https:\/\/anam.org.gt\/inicio\/wp-content\/uploads\/2026\/01\/NUMERAL-25-JULIO.pdf\" target=\"_blank\" rel=\"noopener\">25A072025 ENTIDADES NO GUBERNAMENTALES O PRIVADAS JUL 2025<\/a><\/p><p><a href=\"https:\/\/anam.org.gt\/inicio\/wp-content\/uploads\/2026\/01\/NUMERAL-25-AGOSTO.pdf\" target=\"_blank\" rel=\"noopener\">25A082025 ENTIDADES NO GUBERNAMENTALES O PRIVADAS AGO 2025<\/a><\/p><p><a href=\"https:\/\/anam.org.gt\/inicio\/wp-content\/uploads\/2026\/01\/NUMERAL-25-SEPTIEMBRE.pdf\" target=\"_blank\" rel=\"noopener\">25A092025 ENTIDADES NO GUBERNAMENTALES O PRIVADAS SEP 2025<\/a><\/p><p><a href=\"https:\/\/anam.org.gt\/inicio\/wp-content\/uploads\/2026\/01\/NUMERAL-25-OCTUBRE.pdf\" target=\"_blank\" rel=\"noopener\">25A102025 ENTIDADES NO GUBERNAMENTALES O PRIVADAS OCT 2025<\/a><\/p><p><a href=\"https:\/\/anam.org.gt\/inicio\/wp-content\/uploads\/2026\/01\/NUMERAL-25-NOVIEMBRE.pdf\" target=\"_blank\" rel=\"noopener\">25A112025 ENTIDADES NO GUBERNAMENTALES O PRIVADAS NOV 2025<\/a><\/p><p><a href=\"https:\/\/anam.org.gt\/inicio\/wp-content\/uploads\/2026\/02\/NUMERAL-25-DICIEMBRE.pdf\" target=\"_blank\" rel=\"noopener\">25A122025 ENTIDADES NO GUBERNAMENTALES O PRIVADAS DIC 2025<\/a><\/p><\/div>\n\t\t\t\t<\/div>\n\t\t\t\t\t\t\t<div class=\"elementor-toggle-item\">\n\t\t\t\t\t<div id=\"elementor-tab-title-6033\" class=\"elementor-tab-title\" data-tab=\"3\" role=\"button\" aria-controls=\"elementor-tab-content-6033\" aria-expanded=\"false\">\n\t\t\t\t\t\t\t\t\t\t\t\t<span class=\"elementor-toggle-icon elementor-toggle-icon-left\" aria-hidden=\"true\">\n\t\t\t\t\t\t\t\t\t\t\t\t\t\t\t<span class=\"elementor-toggle-icon-closed\"><i class=\"fas fa-caret-right\"><\/i><\/span>\n\t\t\t\t\t\t\t\t<span class=\"elementor-toggle-icon-opened\"><i class=\"elementor-toggle-icon-opened fas fa-caret-up\"><\/i><\/span>\n\t\t\t\t\t\t\t\t\t\t\t\t\t<\/span>\n\t\t\t\t\t\t\t\t\t\t\t\t<a class=\"elementor-toggle-title\" tabindex=\"0\">2024<\/a>\n\t\t\t\t\t<\/div>\n\n\t\t\t\t\t<div id=\"elementor-tab-content-6033\" class=\"elementor-tab-content elementor-clearfix\" data-tab=\"3\" role=\"region\" aria-labelledby=\"elementor-tab-title-6033\"><p><a href=\"https:\/\/anam.org.gt\/wp-content\/uploads\/2024\/01\/25A012024-ENTIDADES-NO-GUBERNAMENTALES-O-PRIVADAS-ENE-2024.pdf\" target=\"_blank\" rel=\"attachment wp-att-3325 noopener noreferrer\">25A012024 ENTIDADES NO GUBERNAMENTALES O PRIVADAS ENE 2024<\/a><\/p><p><a href=\"https:\/\/anam.org.gt\/wp-content\/uploads\/2024\/04\/25A022024-ENTIDADES-NO-GUBERNAMENTALES-O-PRIVADAS-FEB-2024.pdf\" target=\"_blank\" rel=\"attachment wp-att-3544 noopener noreferrer\">25A022024 ENTIDADES NO GUBERNAMENTALES O PRIVADAS FEB 2024<\/a><\/p><p><a href=\"https:\/\/anam.org.gt\/wp-content\/uploads\/2024\/05\/25A042024-ACTIVIDADES-CON-ENTIDADES-NO-GUBERNAMENTALES-O-PRIVADAS-ABR-2024.pdf\" target=\"_blank\" rel=\"attachment wp-att-4015 noopener noreferrer\">25A042024 ENTIDADES NO GUBERNAMENTALES O PRIVADAS ABR 2024<\/a><\/p><p><a href=\"https:\/\/anam.org.gt\/wp-content\/uploads\/2024\/06\/25A052024_ACTIVIDADES_CON_ENTIDADES_NO_GUBERNAMENTALES_O_PRIVADAS_MAY_2024.pdf\" target=\"_blank\" rel=\"attachment wp-att-4026 noopener noreferrer\">25A052024 ENTIDADES NO GUBERNAMENTALES O PRIVADAS MAY 2024<\/a><\/p><p><a href=\"https:\/\/anam.org.gt\/wp-content\/uploads\/2024\/07\/25A062024_ACTIVIDADES_CON_ENTIDADES_NO_GUBERNAMENTALES_O_PRIVADAS_JUN_2024.pdf\" target=\"_blank\" rel=\"attachment wp-att-4046 noopener noreferrer\">25A062024 ENTIDADES NO GUBERNAMENTALES O PRIVADAS JUN 2024<\/a><\/p><p><a href=\"https:\/\/anam.org.gt\/inicio\/wp-content\/uploads\/2024\/10\/NUMERAL-25-JULIO.pdf\">25A072024 ENTIDADES NO GUBERNAMENTALES O PRIVADAS JUL 2024<\/a><\/p><p><a href=\"https:\/\/anam.org.gt\/inicio\/wp-content\/uploads\/2024\/10\/NUMERAL-25-AGOSTO.pdf\" target=\"_blank\" rel=\"noopener\">25A082024 ENTIDADES NO GUBERNAMENTALES O PRIVADAS AGO 2024<\/a><\/p><p><a href=\"https:\/\/anam.org.gt\/inicio\/wp-content\/uploads\/2024\/10\/NUMERAL-25-SEPTIEMBRE.pdf\" target=\"_blank\" rel=\"noopener\">25A092024 ENTIDADES NO GUBERNAMENTALES O PRIVADAS SEP 2024<\/a><\/p><p><a href=\"https:\/\/anam.org.gt\/inicio\/wp-content\/uploads\/2024\/11\/NUMERAL-25-OCTUBRE.pdf\" target=\"_blank\" rel=\"noopener\">25A102024 ENTIDADES NO GUBERNAMENTALES O PRIVADAS OCT 2024<\/a><\/p><p><a href=\"https:\/\/anam.org.gt\/inicio\/wp-content\/uploads\/2025\/02\/NUMERAL-25-NOVIEMBRE.pdf\" target=\"_blank\" rel=\"noopener\">25A112024 ENTIDADES NO GUBERNAMENTALES O PRIVADAS NOV 2024<\/a><\/p><p><a href=\"https:\/\/anam.org.gt\/inicio\/wp-content\/uploads\/2025\/02\/NUMERAL-25-DICIEMBRE.pdf\" target=\"_blank\" rel=\"noopener\">25A122024 ENTIDADES NO GUBERNAMENTALES O PRIVADAS DIC 2024<\/a><\/p><\/div>\n\t\t\t\t<\/div>\n\t\t\t\t\t\t\t<div class=\"elementor-toggle-item\">\n\t\t\t\t\t<div id=\"elementor-tab-title-6034\" class=\"elementor-tab-title\" data-tab=\"4\" role=\"button\" aria-controls=\"elementor-tab-content-6034\" aria-expanded=\"false\">\n\t\t\t\t\t\t\t\t\t\t\t\t<span class=\"elementor-toggle-icon elementor-toggle-icon-left\" aria-hidden=\"true\">\n\t\t\t\t\t\t\t\t\t\t\t\t\t\t\t<span class=\"elementor-toggle-icon-closed\"><i class=\"fas fa-caret-right\"><\/i><\/span>\n\t\t\t\t\t\t\t\t<span class=\"elementor-toggle-icon-opened\"><i class=\"elementor-toggle-icon-opened fas fa-caret-up\"><\/i><\/span>\n\t\t\t\t\t\t\t\t\t\t\t\t\t<\/span>\n\t\t\t\t\t\t\t\t\t\t\t\t<a class=\"elementor-toggle-title\" tabindex=\"0\">2023<\/a>\n\t\t\t\t\t<\/div>\n\n\t\t\t\t\t<div id=\"elementor-tab-content-6034\" class=\"elementor-tab-content elementor-clearfix\" data-tab=\"4\" role=\"region\" aria-labelledby=\"elementor-tab-title-6034\"><p><a href=\"https:\/\/anam.org.gt\/wp-content\/uploads\/2023\/02\/25A012023-ENTIDADES-NO-GUBERNAMENTALES-O-PRIVADAS-ENE-2023.pdf\" target=\"_blank\" rel=\"attachment wp-att-2715 noopener noreferrer\">25A012023 ENTIDADES NO GUBERNAMENTALES O PRIVADAS ENE 2023<\/a><\/p><p><a href=\"https:\/\/anam.org.gt\/wp-content\/uploads\/2023\/03\/25A022023-ENTIDADES-NO-GUBERNAMENTALES-O-PRIVADAS-FEB-2023.pdf\" target=\"_blank\" rel=\"attachment wp-att-2847 noopener noreferrer\">25A022023 ENTIDADES NO GUBERNAMENTALES O PRIVADAS FEB 2023<\/a><\/p><p><a href=\"https:\/\/anam.org.gt\/wp-content\/uploads\/2023\/04\/25A032023-ENTIDADES-NO-GUBERNAMENTALES-O-PRIVADAS-MAR-2023.pdf\" target=\"_blank\" rel=\"attachment wp-att-2928 noopener noreferrer\">25A032023 ENTIDADES NO GUBERNAMENTALES O PRIVADAS MAR 2023<\/a><\/p><p><a href=\"https:\/\/anam.org.gt\/wp-content\/uploads\/2023\/05\/25A042023-ENTIDADES-NO-GUBERNAMENTALES-O-PRIVADAS-ABR-2023.pdf\" target=\"_blank\" rel=\"attachment wp-att-2981 noopener noreferrer\">25A042023 ENTIDADES NO GUBERNAMENTALES O PRIVADAS ABR 2023<\/a><\/p><p><a href=\"https:\/\/anam.org.gt\/wp-content\/uploads\/2023\/06\/25A052023-ENTIDADES-NO-GUBERNAMENTALES-O-PRIVADAS-MAY-2023.pdf\" target=\"_blank\" rel=\"attachment wp-att-3036 noopener noreferrer\">25A052023 ENTIDADES NO GUBERNAMENTALES O PRIVADAS MAY 2023<\/a><\/p><p><a href=\"https:\/\/anam.org.gt\/wp-content\/uploads\/2023\/07\/25A062023-ENTIDADES-NO-GUBERNAMENTALES-O-PRIVADAS-JUN-2023.pdf\" target=\"_blank\" rel=\"attachment wp-att-3058 noopener noreferrer\">25A062023 ENTIDADES NO GUBERNAMENTALES O PRIVADAS JUN 2023<\/a><\/p><p><a href=\"https:\/\/anam.org.gt\/wp-content\/uploads\/2023\/08\/25A072023-ENTIDADES-NO-GUBERNAMENTALES-O-PROVADAS-JUL-2023.pdf\" target=\"_blank\" rel=\"attachment wp-att-3103 noopener noreferrer\">25A072023 ENTIDADES NO GUBERNAMENTALES O PRIVADAS JUL 2023<\/a><\/p><p><a href=\"https:\/\/anam.org.gt\/wp-content\/uploads\/2023\/09\/25A082023-ENTIDADES-NO-GUBERNAMENTALES-O-PRIVADAS-AGO-2023.pdf\" target=\"_blank\" rel=\"attachment wp-att-3135 noopener noreferrer\">25A082023 ENTIDADES NO GUBERNAMENTALES O PRIVADAS AGO 2023<\/a><\/p><p><a href=\"https:\/\/anam.org.gt\/wp-content\/uploads\/2023\/10\/25A092023-ENTIDADES-NO-GUBERNAMENTALES-O-PRIVADAS-SEP-2023.pdf\" target=\"_blank\" rel=\"attachment wp-att-3161 noopener noreferrer\">25A092023 ENTIDADES NO GUBERNAMENTALES O PRIVADAS SEP 2023<\/a><\/p><p><a href=\"https:\/\/anam.org.gt\/wp-content\/uploads\/2023\/11\/25A102023-ENTIDADES-NO-GUBERNAMENTALES-O-PRIVADAS-OCT-2023.pdf\" target=\"_blank\" rel=\"attachment wp-att-3185 noopener noreferrer\">25A102023 ENTIDADES NO GUBERNAMENTALES O PRIVADAS OCT 2023<\/a><\/p><p><a href=\"https:\/\/anam.org.gt\/wp-content\/uploads\/2023\/12\/25A112023-ENTIDADES-NO-GUBERNAMENTALES-O-PRIVADAS-NOV-2023.pdf\" target=\"_blank\" rel=\"attachment wp-att-3217 noopener noreferrer\">25A112023 ENTIDADES NO GUBERNAMENTALES O PRIVADAS NOV 2023<\/a><\/p><p><a href=\"https:\/\/anam.org.gt\/wp-content\/uploads\/2024\/01\/25A122023-ENTIDADES-NO-GUBERNAMENTALES-O-PRIVADAS-DIC-2023.pdf\" target=\"_blank\" rel=\"attachment wp-att-3282 noopener noreferrer\">25A122023 ENTIDADES NO GUBERNAMENTALES O PRIVADAS DIC 2023<\/a><\/p><\/div>\n\t\t\t\t<\/div>\n\t\t\t\t\t\t\t<div class=\"elementor-toggle-item\">\n\t\t\t\t\t<div id=\"elementor-tab-title-6035\" class=\"elementor-tab-title\" data-tab=\"5\" role=\"button\" aria-controls=\"elementor-tab-content-6035\" aria-expanded=\"false\">\n\t\t\t\t\t\t\t\t\t\t\t\t<span class=\"elementor-toggle-icon elementor-toggle-icon-left\" aria-hidden=\"true\">\n\t\t\t\t\t\t\t\t\t\t\t\t\t\t\t<span class=\"elementor-toggle-icon-closed\"><i class=\"fas fa-caret-right\"><\/i><\/span>\n\t\t\t\t\t\t\t\t<span class=\"elementor-toggle-icon-opened\"><i class=\"elementor-toggle-icon-opened fas fa-caret-up\"><\/i><\/span>\n\t\t\t\t\t\t\t\t\t\t\t\t\t<\/span>\n\t\t\t\t\t\t\t\t\t\t\t\t<a class=\"elementor-toggle-title\" tabindex=\"0\">2022<\/a>\n\t\t\t\t\t<\/div>\n\n\t\t\t\t\t<div id=\"elementor-tab-content-6035\" class=\"elementor-tab-content elementor-clearfix\" data-tab=\"5\" role=\"region\" aria-labelledby=\"elementor-tab-title-6035\"><p><a href=\"https:\/\/anam.org.gt\/wp-content\/uploads\/2022\/04\/25A012022-ENTIDADES-NO-GUBERNAMENTALES-O-PRIVADAS-ENE-2022.pdf\" target=\"_blank\" rel=\"attachment wp-att-2139 noopener noreferrer\">25A012022 ENTIDADES NO GUBERNAMENTALES O PRIVADAS ENE 2022<\/a><\/p><p><a href=\"https:\/\/anam.org.gt\/wp-content\/uploads\/2022\/04\/25A022022-ENTIDADES-NO-GUBERNAMENTALES-O-PRIVADAS-FEB-2022.pdf\" target=\"_blank\" rel=\"attachment wp-att-2140 noopener noreferrer\">25A022022 ENTIDADES NO GUBERNAMENTALES O PRIVADAS FEB 2022<\/a><\/p><p><a href=\"https:\/\/anam.org.gt\/wp-content\/uploads\/2022\/04\/25A032022-ENTIDADES-NO-GUBERNAMENTALES-O-PRIVADAS-MAR-2022.pdf\" target=\"_blank\" rel=\"attachment wp-att-2141 noopener noreferrer\">25A032022 ENTIDADES NO GUBERNAMENTALES O PRIVADAS MAR 2022<\/a><\/p><p><a href=\"https:\/\/anam.org.gt\/wp-content\/uploads\/2022\/04\/25A042022-ENTIDADES-NO-GUBERNAMENTALES-O-PRIVADAS-ABR-2022.pdf\" target=\"_blank\" rel=\"attachment wp-att-2142 noopener noreferrer\">25A042022 ENTIDADES NO GUBERNAMENTALES O PRIVADAS ABR 2022<\/a><\/p><p><a href=\"https:\/\/anam.org.gt\/wp-content\/uploads\/2022\/06\/25A052022-ENTIDADES-NO-GUBERNAMENTALES-O-PRIVADAS-MAY-2022.pdf\" target=\"_blank\" rel=\"attachment wp-att-2315 noopener noreferrer\">25A052022 ENTIDADES NO GUBERNAMENTALES O PRIVADAS MAY 2022<\/a><\/p><p><a href=\"https:\/\/anam.org.gt\/wp-content\/uploads\/2022\/07\/25A062022-ENTIDADES-NO-GUBERNAMENTALES-O-PRIVADAS-JUN-2022.pdf\" target=\"_blank\" rel=\"attachment wp-att-2377 noopener noreferrer\">25A062022 ENTIDADES NO GUBERNAMENTALES O PRIVADAS JUN 2022<\/a><\/p><p><a href=\"https:\/\/anam.org.gt\/wp-content\/uploads\/2022\/08\/26A072022-ENTIDADES-NO-GUBERNAMENTALES-O-PRIVADAS-JUL-2022.pdf\" target=\"_blank\" rel=\"attachment wp-att-2418 noopener noreferrer\">26A072022 ENTIDADES NO GUBERNAMENTALES O PRIVADAS JUL 2022<\/a><\/p><p><a href=\"https:\/\/anam.org.gt\/wp-content\/uploads\/2022\/09\/26A082022-ENTIDADES-NO-GUBERNAMENTALES-O-PRIVADAS-AGO-2022.pdf\" target=\"_blank\" rel=\"attachment wp-att-2455 noopener noreferrer\">26A082022 ENTIDADES NO GUBERNAMENTALES O PRIVADAS AGO 2022<\/a><\/p><p><a href=\"https:\/\/anam.org.gt\/wp-content\/uploads\/2023\/01\/25A092022-ENTIDADES-NO-GUBERNAMENTALES-O-PRIVADAS-SEP-2022.pdf\" target=\"_blank\" rel=\"noopener noreferrer\">26A092022 ENTIDADES NO GUBERNAMENTALES O PRIVADAS SEP 2022<\/a><\/p><p><a href=\"https:\/\/anam.org.gt\/wp-content\/uploads\/2023\/01\/25A102022-ENTIDADES-NO-GUBERNAMENTALES-O-PRIVADAS-OCT-2022.pdf\" target=\"_blank\" rel=\"noopener noreferrer\">26A102022 ENTIDADES NO GUBERNAMENTALES O PRIVADAS OCT 2022<\/a><\/p><p><a href=\"https:\/\/anam.org.gt\/wp-content\/uploads\/2023\/01\/25A112022-ENTIDADES-NO-GUBERNAMENTALES-O-PRIVADAS-NOV-2022.pdf\" target=\"_blank\" rel=\"noopener noreferrer\">26A112022 ENTIDADES NO GUBERNAMENTALES O PRIVADAS NOV 2022<\/a><\/p><p><a href=\"https:\/\/anam.org.gt\/wp-content\/uploads\/2023\/01\/25A122022-ENTIDADES-NO-GUBERNAMENTALES-O-PROVADAS-DIC-2022.pdf\" target=\"_blank\" rel=\"noopener noreferrer\">26A122022 ENTIDADES NO GUBERNAMENTALES O PRIVADAS DIC 2022<\/a><\/p><\/div>\n\t\t\t\t<\/div>\n\t\t\t\t\t\t\t\t<\/div>\n\t\t\t\t\t\t<\/div>\n\t\t\t\t<\/div>\n\t\t\t\t\t<\/div>\n\t\t<\/div>\n\t\t\t\t\t<\/div>\n\t\t<\/section>\n\t\t\t\t<\/div>\n\t\t","protected":false},"excerpt":{"rendered":"<p>25. Entidades no Gubernamentales o Privadas Numeral 25. En caso de las entidades no gubernamentales o de car\u00e1cter privado que manejen o administren fondos p\u00fablicos deben hacer p\u00fablica la informaci\u00f3n obligatoria contenida en los numerales anteriores, relacionada \u00fanicamente a las compras y contrataciones que realicen con dichos fondos. 2026 25A012026 ENTIDADES NO GUBERNAMENTALES O PRIVADAS [&hellip;]<\/p>\n","protected":false},"author":4,"featured_media":0,"parent":0,"menu_order":0,"comment_status":"closed","ping_status":"closed","template":"elementor_header_footer","meta":{"footnotes":""},"class_list":["post-2582","page","type-page","status-publish","hentry"],"yoast_head":"<!-- This site is optimized with the Yoast SEO plugin v27.0 - https:\/\/yoast.com\/product\/yoast-seo-wordpress\/ -->\n<title>N\u00fameral 25 - ANAM<\/title>\n<meta name=\"robots\" content=\"index, follow, max-snippet:-1, max-image-preview:large, max-video-preview:-1\" \/>\n<link rel=\"canonical\" href=\"https:\/\/anam.org.gt\/inicio\/numeral-25\/\" \/>\n<meta property=\"og:locale\" content=\"es_ES\" \/>\n<meta property=\"og:type\" content=\"article\" \/>\n<meta property=\"og:title\" content=\"N\u00fameral 25 - ANAM\" \/>\n<meta property=\"og:description\" content=\"25. Entidades no Gubernamentales o Privadas Numeral 25. En caso de las entidades no gubernamentales o de car\u00e1cter privado que manejen o administren fondos p\u00fablicos deben hacer p\u00fablica la informaci\u00f3n obligatoria contenida en los numerales anteriores, relacionada \u00fanicamente a las compras y contrataciones que realicen con dichos fondos. 2026 25A012026 ENTIDADES NO GUBERNAMENTALES O PRIVADAS [&hellip;]\" \/>\n<meta property=\"og:url\" content=\"https:\/\/anam.org.gt\/inicio\/numeral-25\/\" \/>\n<meta property=\"og:site_name\" content=\"ANAM\" \/>\n<meta property=\"article:publisher\" content=\"https:\/\/www.facebook.com\/ANAMGuatemala.org.gt\" \/>\n<meta property=\"article:modified_time\" content=\"2026-04-07T15:41:40+00:00\" \/>\n<meta name=\"twitter:card\" content=\"summary_large_image\" \/>\n<meta name=\"twitter:site\" content=\"@ANAM_Guatemala\" \/>\n<meta name=\"twitter:label1\" content=\"Tiempo de lectura\" \/>\n\t<meta name=\"twitter:data1\" content=\"3 minutos\" \/>\n<script type=\"application\/ld+json\" class=\"yoast-schema-graph\">{\"@context\":\"https:\/\/schema.org\",\"@graph\":[{\"@type\":\"WebPage\",\"@id\":\"https:\/\/anam.org.gt\/inicio\/numeral-25\/\",\"url\":\"https:\/\/anam.org.gt\/inicio\/numeral-25\/\",\"name\":\"N\u00fameral 25 - ANAM\",\"isPartOf\":{\"@id\":\"https:\/\/anam.org.gt\/inicio\/#website\"},\"datePublished\":\"2024-09-26T22:13:12+00:00\",\"dateModified\":\"2026-04-07T15:41:40+00:00\",\"breadcrumb\":{\"@id\":\"https:\/\/anam.org.gt\/inicio\/numeral-25\/#breadcrumb\"},\"inLanguage\":\"es\",\"potentialAction\":[{\"@type\":\"ReadAction\",\"target\":[\"https:\/\/anam.org.gt\/inicio\/numeral-25\/\"]}]},{\"@type\":\"BreadcrumbList\",\"@id\":\"https:\/\/anam.org.gt\/inicio\/numeral-25\/#breadcrumb\",\"itemListElement\":[{\"@type\":\"ListItem\",\"position\":1,\"name\":\"Portada\",\"item\":\"https:\/\/anam.org.gt\/inicio\/\"},{\"@type\":\"ListItem\",\"position\":2,\"name\":\"N\u00fameral 25\"}]},{\"@type\":\"WebSite\",\"@id\":\"https:\/\/anam.org.gt\/inicio\/#website\",\"url\":\"https:\/\/anam.org.gt\/inicio\/\",\"name\":\"ANAM\",\"description\":\"Asociaci\u00f3n Nacional de Municipalidades de la Rep\u00fablica de Guatemala\",\"publisher\":{\"@id\":\"https:\/\/anam.org.gt\/inicio\/#organization\"},\"potentialAction\":[{\"@type\":\"SearchAction\",\"target\":{\"@type\":\"EntryPoint\",\"urlTemplate\":\"https:\/\/anam.org.gt\/inicio\/?s={search_term_string}\"},\"query-input\":{\"@type\":\"PropertyValueSpecification\",\"valueRequired\":true,\"valueName\":\"search_term_string\"}}],\"inLanguage\":\"es\"},{\"@type\":\"Organization\",\"@id\":\"https:\/\/anam.org.gt\/inicio\/#organization\",\"name\":\"Asociaci\u00f3n Nacional de Municipalidades de la Rep\u00fablica de Guatemala\",\"url\":\"https:\/\/anam.org.gt\/inicio\/\",\"logo\":{\"@type\":\"ImageObject\",\"inLanguage\":\"es\",\"@id\":\"https:\/\/anam.org.gt\/inicio\/#\/schema\/logo\/image\/\",\"url\":\"https:\/\/anam.org.gt\/inicio\/wp-content\/uploads\/2026\/02\/logo-anam-central-1.png\",\"contentUrl\":\"https:\/\/anam.org.gt\/inicio\/wp-content\/uploads\/2026\/02\/logo-anam-central-1.png\",\"width\":600,\"height\":280,\"caption\":\"Asociaci\u00f3n Nacional de Municipalidades de la Rep\u00fablica de Guatemala\"},\"image\":{\"@id\":\"https:\/\/anam.org.gt\/inicio\/#\/schema\/logo\/image\/\"},\"sameAs\":[\"https:\/\/www.facebook.com\/ANAMGuatemala.org.gt\",\"https:\/\/x.com\/ANAM_Guatemala\",\"https:\/\/www.instagram.com\/anam_guatemala\/?hl=es\"]}]}<\/script>\n<!-- \/ Yoast SEO plugin. -->","yoast_head_json":{"title":"N\u00fameral 25 - ANAM","robots":{"index":"index","follow":"follow","max-snippet":"max-snippet:-1","max-image-preview":"max-image-preview:large","max-video-preview":"max-video-preview:-1"},"canonical":"https:\/\/anam.org.gt\/inicio\/numeral-25\/","og_locale":"es_ES","og_type":"article","og_title":"N\u00fameral 25 - ANAM","og_description":"25. Entidades no Gubernamentales o Privadas Numeral 25. En caso de las entidades no gubernamentales o de car\u00e1cter privado que manejen o administren fondos p\u00fablicos deben hacer p\u00fablica la informaci\u00f3n obligatoria contenida en los numerales anteriores, relacionada \u00fanicamente a las compras y contrataciones que realicen con dichos fondos. 2026 25A012026 ENTIDADES NO GUBERNAMENTALES O PRIVADAS [&hellip;]","og_url":"https:\/\/anam.org.gt\/inicio\/numeral-25\/","og_site_name":"ANAM","article_publisher":"https:\/\/www.facebook.com\/ANAMGuatemala.org.gt","article_modified_time":"2026-04-07T15:41:40+00:00","twitter_card":"summary_large_image","twitter_site":"@ANAM_Guatemala","twitter_misc":{"Tiempo de lectura":"3 minutos"},"schema":{"@context":"https:\/\/schema.org","@graph":[{"@type":"WebPage","@id":"https:\/\/anam.org.gt\/inicio\/numeral-25\/","url":"https:\/\/anam.org.gt\/inicio\/numeral-25\/","name":"N\u00fameral 25 - ANAM","isPartOf":{"@id":"https:\/\/anam.org.gt\/inicio\/#website"},"datePublished":"2024-09-26T22:13:12+00:00","dateModified":"2026-04-07T15:41:40+00:00","breadcrumb":{"@id":"https:\/\/anam.org.gt\/inicio\/numeral-25\/#breadcrumb"},"inLanguage":"es","potentialAction":[{"@type":"ReadAction","target":["https:\/\/anam.org.gt\/inicio\/numeral-25\/"]}]},{"@type":"BreadcrumbList","@id":"https:\/\/anam.org.gt\/inicio\/numeral-25\/#breadcrumb","itemListElement":[{"@type":"ListItem","position":1,"name":"Portada","item":"https:\/\/anam.org.gt\/inicio\/"},{"@type":"ListItem","position":2,"name":"N\u00fameral 25"}]},{"@type":"WebSite","@id":"https:\/\/anam.org.gt\/inicio\/#website","url":"https:\/\/anam.org.gt\/inicio\/","name":"ANAM","description":"Asociaci\u00f3n Nacional de Municipalidades de la Rep\u00fablica de Guatemala","publisher":{"@id":"https:\/\/anam.org.gt\/inicio\/#organization"},"potentialAction":[{"@type":"SearchAction","target":{"@type":"EntryPoint","urlTemplate":"https:\/\/anam.org.gt\/inicio\/?s={search_term_string}"},"query-input":{"@type":"PropertyValueSpecification","valueRequired":true,"valueName":"search_term_string"}}],"inLanguage":"es"},{"@type":"Organization","@id":"https:\/\/anam.org.gt\/inicio\/#organization","name":"Asociaci\u00f3n Nacional de Municipalidades de la Rep\u00fablica de Guatemala","url":"https:\/\/anam.org.gt\/inicio\/","logo":{"@type":"ImageObject","inLanguage":"es","@id":"https:\/\/anam.org.gt\/inicio\/#\/schema\/logo\/image\/","url":"https:\/\/anam.org.gt\/inicio\/wp-content\/uploads\/2026\/02\/logo-anam-central-1.png","contentUrl":"https:\/\/anam.org.gt\/inicio\/wp-content\/uploads\/2026\/02\/logo-anam-central-1.png","width":600,"height":280,"caption":"Asociaci\u00f3n Nacional de Municipalidades de la Rep\u00fablica de Guatemala"},"image":{"@id":"https:\/\/anam.org.gt\/inicio\/#\/schema\/logo\/image\/"},"sameAs":["https:\/\/www.facebook.com\/ANAMGuatemala.org.gt","https:\/\/x.com\/ANAM_Guatemala","https:\/\/www.instagram.com\/anam_guatemala\/?hl=es"]}]}},"_links":{"self":[{"href":"https:\/\/anam.org.gt\/inicio\/wp-json\/wp\/v2\/pages\/2582","targetHints":{"allow":["GET"]}}],"collection":[{"href":"https:\/\/anam.org.gt\/inicio\/wp-json\/wp\/v2\/pages"}],"about":[{"href":"https:\/\/anam.org.gt\/inicio\/wp-json\/wp\/v2\/types\/page"}],"author":[{"embeddable":true,"href":"https:\/\/anam.org.gt\/inicio\/wp-json\/wp\/v2\/users\/4"}],"replies":[{"embeddable":true,"href":"https:\/\/anam.org.gt\/inicio\/wp-json\/wp\/v2\/comments?post=2582"}],"version-history":[{"count":55,"href":"https:\/\/anam.org.gt\/inicio\/wp-json\/wp\/v2\/pages\/2582\/revisions"}],"predecessor-version":[{"id":5874,"href":"https:\/\/anam.org.gt\/inicio\/wp-json\/wp\/v2\/pages\/2582\/revisions\/5874"}],"wp:attachment":[{"href":"https:\/\/anam.org.gt\/inicio\/wp-json\/wp\/v2\/media?parent=2582"}],"curies":[{"name":"wp","href":"https:\/\/api.w.org\/{rel}","templated":true}]}}