{"id":2598,"date":"2024-09-26T23:30:09","date_gmt":"2024-09-26T23:30:09","guid":{"rendered":"https:\/\/anam.org.gt\/inicio\/?page_id=2598"},"modified":"2024-09-26T23:32:01","modified_gmt":"2024-09-26T23:32:01","slug":"numeral-28","status":"publish","type":"page","link":"https:\/\/anam.org.gt\/inicio\/numeral-28\/","title":{"rendered":"N\u00fameral 28"},"content":{"rendered":"\t\t<div data-elementor-type=\"wp-page\" data-elementor-id=\"2598\" class=\"elementor elementor-2598\">\n\t\t\t\t\t\t<section class=\"elementor-section elementor-top-section elementor-element elementor-element-5a5e8d5 elementor-section-boxed elementor-section-height-default elementor-section-height-default\" data-id=\"5a5e8d5\" data-element_type=\"section\">\n\t\t\t\t\t\t<div class=\"elementor-container elementor-column-gap-default\">\n\t\t\t\t\t<div class=\"elementor-column elementor-col-100 elementor-top-column elementor-element elementor-element-08273a9\" data-id=\"08273a9\" data-element_type=\"column\">\n\t\t\t<div class=\"elementor-widget-wrap elementor-element-populated\">\n\t\t\t\t\t\t<div class=\"elementor-element elementor-element-d688810 elementor-widget elementor-widget-heading\" data-id=\"d688810\" data-element_type=\"widget\" data-widget_type=\"heading.default\">\n\t\t\t\t<div class=\"elementor-widget-container\">\n\t\t\t\t\t<h2 class=\"elementor-heading-title elementor-size-default\"><h5 style=\"line-height: 22px;font-size: 16px;margin-top: 18px;margin-bottom: 10px;font-family: Raleway;font-weight: 700;letter-spacing: normal\"><span style=\"color: var(--govity-black);font-family: var(--govity-font);font-size: 2rem;font-weight: 500;letter-spacing: var(--govity-letter-spacing);white-space: pre-wrap;float: none\">28. Pertenencia Socioling\u00fcistica de los Usuarios<\/span><span style=\"color: var(--govity-black);font-family: var(--govity-font);font-size: 2rem;font-weight: 500;letter-spacing: var(--govity-letter-spacing);white-space: pre-wrap;float: none\"><\/span><br><\/h5><\/h2>\t\t\t\t<\/div>\n\t\t\t\t<\/div>\n\t\t\t\t<div class=\"elementor-element elementor-element-12728d9 elementor-widget elementor-widget-heading\" data-id=\"12728d9\" data-element_type=\"widget\" data-widget_type=\"heading.default\">\n\t\t\t\t<div class=\"elementor-widget-container\">\n\t\t\t\t\t<h5 class=\"elementor-heading-title elementor-size-default\">Numeral 28. Las entidades e instituciones del Estado deber\u00e1n mantener informe actualizado sobre los datos relacionados con la pertenencia socioling\u00fcistica de los usuarios de sus servicios, a efecto de adecuar la prestaci\u00f3n de los mismos.<\/h5>\t\t\t\t<\/div>\n\t\t\t\t<\/div>\n\t\t\t\t\t<\/div>\n\t\t<\/div>\n\t\t\t\t\t<\/div>\n\t\t<\/section>\n\t\t\t\t<section class=\"elementor-section elementor-top-section elementor-element elementor-element-b3b05f7 elementor-section-boxed elementor-section-height-default elementor-section-height-default\" data-id=\"b3b05f7\" data-element_type=\"section\">\n\t\t\t\t\t\t<div class=\"elementor-container elementor-column-gap-default\">\n\t\t\t\t\t<div class=\"elementor-column elementor-col-100 elementor-top-column elementor-element elementor-element-7abcfba\" data-id=\"7abcfba\" data-element_type=\"column\">\n\t\t\t<div class=\"elementor-widget-wrap elementor-element-populated\">\n\t\t\t\t\t\t<div class=\"elementor-element elementor-element-05966b9 elementor-widget elementor-widget-toggle\" data-id=\"05966b9\" data-element_type=\"widget\" data-widget_type=\"toggle.default\">\n\t\t\t\t<div class=\"elementor-widget-container\">\n\t\t\t\t\t\t\t<div class=\"elementor-toggle\">\n\t\t\t\t\t\t\t<div class=\"elementor-toggle-item\">\n\t\t\t\t\t<div id=\"elementor-tab-title-5851\" class=\"elementor-tab-title\" data-tab=\"1\" role=\"button\" aria-controls=\"elementor-tab-content-5851\" aria-expanded=\"false\">\n\t\t\t\t\t\t\t\t\t\t\t\t<span class=\"elementor-toggle-icon elementor-toggle-icon-left\" aria-hidden=\"true\">\n\t\t\t\t\t\t\t\t\t\t\t\t\t\t\t<span class=\"elementor-toggle-icon-closed\"><i class=\"fas fa-caret-right\"><\/i><\/span>\n\t\t\t\t\t\t\t\t<span class=\"elementor-toggle-icon-opened\"><i class=\"elementor-toggle-icon-opened fas fa-caret-up\"><\/i><\/span>\n\t\t\t\t\t\t\t\t\t\t\t\t\t<\/span>\n\t\t\t\t\t\t\t\t\t\t\t\t<a class=\"elementor-toggle-title\" tabindex=\"0\">2024<\/a>\n\t\t\t\t\t<\/div>\n\n\t\t\t\t\t<div id=\"elementor-tab-content-5851\" class=\"elementor-tab-content elementor-clearfix\" data-tab=\"1\" role=\"region\" aria-labelledby=\"elementor-tab-title-5851\"><p><a href=\"https:\/\/anam.org.gt\/wp-content\/uploads\/2023\/05\/28A012023-PERTENENCIA-SOCIOLINGUISTICA-ENE-2023.pdf\" target=\"_blank\" rel=\"attachment wp-att-2990 noopener noreferrer\">28A012023 PERTENENCIA SOCIOLING\u00dcISTICA ENE 2023<\/a><\/p><p><a href=\"https:\/\/anam.org.gt\/wp-content\/uploads\/2023\/05\/28A022023-PERTENENCIA-SOCIOLINGUISTICA-FEB-2023.pdf\" target=\"_blank\" rel=\"attachment wp-att-2991 noopener noreferrer\">28A022023 PERTENENCIA SOCIOLING\u00dcISTICA FEB 2023<\/a><\/p><p><a href=\"https:\/\/anam.org.gt\/wp-content\/uploads\/2023\/05\/28A032023-PERTENENCIA-SOCIOLINGUISTICA-MAR-2023.pdf\" target=\"_blank\" rel=\"attachment wp-att-2992 noopener noreferrer\">28A032023 PERTENENCIA SOCIOLING\u00dcISTICA MAR 2023<\/a><\/p><p><a href=\"https:\/\/anam.org.gt\/wp-content\/uploads\/2023\/07\/28A04-PERTENENCIA-SOCIOLINGUISTICA-ABR-2023.pdf\" target=\"_blank\" rel=\"attachment wp-att-3069 noopener noreferrer\">28A04 2023PERTENENCIA SOCIOLING\u00dcISTICA ABR 2023<\/a><\/p><p><a href=\"https:\/\/anam.org.gt\/wp-content\/uploads\/2023\/07\/28A052023-PERTENENCIA-SOCIOLINGUISTICA-MAY-2023.pdf\" target=\"_blank\" rel=\"attachment wp-att-3062 noopener noreferrer\">28A052023 PERTENENCIA SOCIOLING\u00dcISTICA MAY 2023<\/a><\/p><p><a href=\"https:\/\/anam.org.gt\/wp-content\/uploads\/2023\/07\/28A062023-PERTENENCIA-SOCIOLINGUISTICA-JUN-2023.pdf\" target=\"_blank\" rel=\"attachment wp-att-3065 noopener noreferrer\">28A062023 PERTENENCIA SOCIOLING\u00dcISTICA JUN 2023<\/a><\/p><\/div>\n\t\t\t\t<\/div>\n\t\t\t\t\t\t\t<div class=\"elementor-toggle-item\">\n\t\t\t\t\t<div id=\"elementor-tab-title-5852\" class=\"elementor-tab-title\" data-tab=\"2\" role=\"button\" aria-controls=\"elementor-tab-content-5852\" aria-expanded=\"false\">\n\t\t\t\t\t\t\t\t\t\t\t\t<span class=\"elementor-toggle-icon elementor-toggle-icon-left\" aria-hidden=\"true\">\n\t\t\t\t\t\t\t\t\t\t\t\t\t\t\t<span class=\"elementor-toggle-icon-closed\"><i class=\"fas fa-caret-right\"><\/i><\/span>\n\t\t\t\t\t\t\t\t<span class=\"elementor-toggle-icon-opened\"><i class=\"elementor-toggle-icon-opened fas fa-caret-up\"><\/i><\/span>\n\t\t\t\t\t\t\t\t\t\t\t\t\t<\/span>\n\t\t\t\t\t\t\t\t\t\t\t\t<a class=\"elementor-toggle-title\" tabindex=\"0\">2023<\/a>\n\t\t\t\t\t<\/div>\n\n\t\t\t\t\t<div id=\"elementor-tab-content-5852\" class=\"elementor-tab-content elementor-clearfix\" data-tab=\"2\" role=\"region\" aria-labelledby=\"elementor-tab-title-5852\"><p><a href=\"https:\/\/anam.org.gt\/wp-content\/uploads\/2022\/05\/28A032022-PERTENENCIA-SOCIOLINGUISTICA-MAR-2022-1.pdf\" target=\"_blank\" rel=\"attachment wp-att-2292 noopener noreferrer\">28A032022 PERTENENCIA SOCIOLING\u00dcISTICA MAR 2022<\/a><\/p><p><a href=\"https:\/\/anam.org.gt\/wp-content\/uploads\/2022\/05\/28A042022-PERTENENCIA-SOCIOLINGUISTICA-ABR-2022.pdf\" target=\"_blank\" rel=\"attachment wp-att-2291 noopener noreferrer\">28A042022 PERTENENCIA SOCIOLING\u00dcISTICA ABR 2022<\/a><\/p><p><a href=\"https:\/\/anam.org.gt\/wp-content\/uploads\/2022\/06\/28A052022-PERTENENCIA-SOCIOLINGUISTICA-MAY-2022.pdf\" target=\"_blank\" rel=\"attachment wp-att-2320 noopener noreferrer\">28A052022 PERTENENCIA SOCIOLING\u00dcISTICA MAY 2022<\/a><\/p><p><a href=\"https:\/\/anam.org.gt\/wp-content\/uploads\/2022\/07\/28A062022-PERTENENCIA-SOCIOLINGUISTICA-JUN-2022.pdf\" target=\"_blank\" rel=\"attachment wp-att-2382 noopener noreferrer\">28A062022 PERTENENCIA SOCIOLING\u00dcISTICA JUN 2022<\/a><\/p><p><a href=\"https:\/\/anam.org.gt\/wp-content\/uploads\/2022\/08\/28A072022-PERTENENCIA-SOCIOLINGUISTICA-JUL-2022.pdf\" target=\"_blank\" rel=\"attachment wp-att-2422 noopener noreferrer\">28A072022 PERTENENCIA SOCIOLING\u00dcISTICA JUL 2022<\/a><\/p><p><a href=\"https:\/\/anam.org.gt\/wp-content\/uploads\/2022\/09\/28A082022-PERTENENCIA-SOCIOLINGUISTICA-AGO-2022.pdf\" target=\"_blank\" rel=\"attachment wp-att-2488 noopener noreferrer\">28A082022 PERTENENCIA SOCIOLING\u00dcISTICA AGO 2022<\/a><\/p><p><a href=\"https:\/\/anam.org.gt\/wp-content\/uploads\/2023\/01\/28A092022-PERTENENCIA-SOCIOLINGUISTICA-SEP-2022.pdf\" target=\"_blank\" rel=\"noopener noreferrer\">28A092022 PERTENENCIA SOCIOLING\u00dcISTICA SEP 2022<\/a><\/p><p><a href=\"https:\/\/anam.org.gt\/wp-content\/uploads\/2023\/02\/28A102022-PERTENENCIA-SOCIOLINGUISTICA-OCT-2022.pdf\" target=\"_blank\" rel=\"attachment wp-att-2783 noopener noreferrer\">28A102022 PERTENENCIA SOCIOLING\u00dcISTICA OCT 2022<\/a><\/p><p><a href=\"https:\/\/anam.org.gt\/wp-content\/uploads\/2023\/02\/28A112022-PERTENENCIA-SOCIOLINGUISTICA-NOV-2022.pdf\" target=\"_blank\" rel=\"attachment wp-att-2784 noopener noreferrer\">28A112022 PERTENENCIA SOCIOLING\u00dcISTICA NOV 2022<\/a><\/p><p><a href=\"https:\/\/anam.org.gt\/wp-content\/uploads\/2023\/02\/28A122022-PERTENENCIA-SOCIOLINGUISTICA-DIC-2022.pdf\" target=\"_blank\" rel=\"attachment wp-att-2794 noopener noreferrer\">28A122022 PERTENENCIA SOCIOLING\u00dcISTICA DIC 2022<\/a><\/p><\/div>\n\t\t\t\t<\/div>\n\t\t\t\t\t\t\t\t<\/div>\n\t\t\t\t\t\t<\/div>\n\t\t\t\t<\/div>\n\t\t\t\t\t<\/div>\n\t\t<\/div>\n\t\t\t\t\t<\/div>\n\t\t<\/section>\n\t\t\t\t<\/div>\n\t\t","protected":false},"excerpt":{"rendered":"<p>28. Pertenencia Socioling\u00fcistica de los Usuarios Numeral 28. Las entidades e instituciones del Estado deber\u00e1n mantener informe actualizado sobre los datos relacionados con la pertenencia socioling\u00fcistica de los usuarios de sus servicios, a efecto de adecuar la prestaci\u00f3n de los mismos. 2024 28A012023 PERTENENCIA SOCIOLING\u00dcISTICA ENE 2023 28A022023 PERTENENCIA SOCIOLING\u00dcISTICA FEB 2023 28A032023 PERTENENCIA SOCIOLING\u00dcISTICA [&hellip;]<\/p>\n","protected":false},"author":4,"featured_media":0,"parent":0,"menu_order":0,"comment_status":"closed","ping_status":"closed","template":"elementor_header_footer","meta":{"footnotes":""},"class_list":["post-2598","page","type-page","status-publish","hentry"],"yoast_head":"<!-- This site is optimized with the Yoast SEO plugin v27.0 - https:\/\/yoast.com\/product\/yoast-seo-wordpress\/ -->\n<title>N\u00fameral 28 - ANAM<\/title>\n<meta name=\"robots\" content=\"index, follow, max-snippet:-1, max-image-preview:large, max-video-preview:-1\" \/>\n<link rel=\"canonical\" href=\"https:\/\/anam.org.gt\/inicio\/numeral-28\/\" \/>\n<meta property=\"og:locale\" content=\"es_ES\" \/>\n<meta property=\"og:type\" content=\"article\" \/>\n<meta property=\"og:title\" content=\"N\u00fameral 28 - ANAM\" \/>\n<meta property=\"og:description\" content=\"28. Pertenencia Socioling\u00fcistica de los Usuarios Numeral 28. Las entidades e instituciones del Estado deber\u00e1n mantener informe actualizado sobre los datos relacionados con la pertenencia socioling\u00fcistica de los usuarios de sus servicios, a efecto de adecuar la prestaci\u00f3n de los mismos. 2024 28A012023 PERTENENCIA SOCIOLING\u00dcISTICA ENE 2023 28A022023 PERTENENCIA SOCIOLING\u00dcISTICA FEB 2023 28A032023 PERTENENCIA SOCIOLING\u00dcISTICA [&hellip;]\" \/>\n<meta property=\"og:url\" content=\"https:\/\/anam.org.gt\/inicio\/numeral-28\/\" \/>\n<meta property=\"og:site_name\" content=\"ANAM\" \/>\n<meta property=\"article:publisher\" content=\"https:\/\/www.facebook.com\/ANAMGuatemala.org.gt\" \/>\n<meta property=\"article:modified_time\" content=\"2024-09-26T23:32:01+00:00\" \/>\n<meta name=\"twitter:card\" content=\"summary_large_image\" \/>\n<meta name=\"twitter:site\" content=\"@ANAM_Guatemala\" \/>\n<meta name=\"twitter:label1\" content=\"Tiempo de lectura\" \/>\n\t<meta name=\"twitter:data1\" content=\"1 minuto\" \/>\n<script type=\"application\/ld+json\" class=\"yoast-schema-graph\">{\"@context\":\"https:\/\/schema.org\",\"@graph\":[{\"@type\":\"WebPage\",\"@id\":\"https:\/\/anam.org.gt\/inicio\/numeral-28\/\",\"url\":\"https:\/\/anam.org.gt\/inicio\/numeral-28\/\",\"name\":\"N\u00fameral 28 - ANAM\",\"isPartOf\":{\"@id\":\"https:\/\/anam.org.gt\/inicio\/#website\"},\"datePublished\":\"2024-09-26T23:30:09+00:00\",\"dateModified\":\"2024-09-26T23:32:01+00:00\",\"breadcrumb\":{\"@id\":\"https:\/\/anam.org.gt\/inicio\/numeral-28\/#breadcrumb\"},\"inLanguage\":\"es\",\"potentialAction\":[{\"@type\":\"ReadAction\",\"target\":[\"https:\/\/anam.org.gt\/inicio\/numeral-28\/\"]}]},{\"@type\":\"BreadcrumbList\",\"@id\":\"https:\/\/anam.org.gt\/inicio\/numeral-28\/#breadcrumb\",\"itemListElement\":[{\"@type\":\"ListItem\",\"position\":1,\"name\":\"Portada\",\"item\":\"https:\/\/anam.org.gt\/inicio\/\"},{\"@type\":\"ListItem\",\"position\":2,\"name\":\"N\u00fameral 28\"}]},{\"@type\":\"WebSite\",\"@id\":\"https:\/\/anam.org.gt\/inicio\/#website\",\"url\":\"https:\/\/anam.org.gt\/inicio\/\",\"name\":\"ANAM\",\"description\":\"Asociaci\u00f3n Nacional de Municipalidades de la Rep\u00fablica de Guatemala\",\"publisher\":{\"@id\":\"https:\/\/anam.org.gt\/inicio\/#organization\"},\"potentialAction\":[{\"@type\":\"SearchAction\",\"target\":{\"@type\":\"EntryPoint\",\"urlTemplate\":\"https:\/\/anam.org.gt\/inicio\/?s={search_term_string}\"},\"query-input\":{\"@type\":\"PropertyValueSpecification\",\"valueRequired\":true,\"valueName\":\"search_term_string\"}}],\"inLanguage\":\"es\"},{\"@type\":\"Organization\",\"@id\":\"https:\/\/anam.org.gt\/inicio\/#organization\",\"name\":\"Asociaci\u00f3n Nacional de Municipalidades de la Rep\u00fablica de Guatemala\",\"url\":\"https:\/\/anam.org.gt\/inicio\/\",\"logo\":{\"@type\":\"ImageObject\",\"inLanguage\":\"es\",\"@id\":\"https:\/\/anam.org.gt\/inicio\/#\/schema\/logo\/image\/\",\"url\":\"https:\/\/anam.org.gt\/inicio\/wp-content\/uploads\/2026\/02\/logo-anam-central-1.png\",\"contentUrl\":\"https:\/\/anam.org.gt\/inicio\/wp-content\/uploads\/2026\/02\/logo-anam-central-1.png\",\"width\":600,\"height\":280,\"caption\":\"Asociaci\u00f3n Nacional de Municipalidades de la Rep\u00fablica de Guatemala\"},\"image\":{\"@id\":\"https:\/\/anam.org.gt\/inicio\/#\/schema\/logo\/image\/\"},\"sameAs\":[\"https:\/\/www.facebook.com\/ANAMGuatemala.org.gt\",\"https:\/\/x.com\/ANAM_Guatemala\",\"https:\/\/www.instagram.com\/anam_guatemala\/?hl=es\"]}]}<\/script>\n<!-- \/ Yoast SEO plugin. -->","yoast_head_json":{"title":"N\u00fameral 28 - ANAM","robots":{"index":"index","follow":"follow","max-snippet":"max-snippet:-1","max-image-preview":"max-image-preview:large","max-video-preview":"max-video-preview:-1"},"canonical":"https:\/\/anam.org.gt\/inicio\/numeral-28\/","og_locale":"es_ES","og_type":"article","og_title":"N\u00fameral 28 - ANAM","og_description":"28. Pertenencia Socioling\u00fcistica de los Usuarios Numeral 28. Las entidades e instituciones del Estado deber\u00e1n mantener informe actualizado sobre los datos relacionados con la pertenencia socioling\u00fcistica de los usuarios de sus servicios, a efecto de adecuar la prestaci\u00f3n de los mismos. 2024 28A012023 PERTENENCIA SOCIOLING\u00dcISTICA ENE 2023 28A022023 PERTENENCIA SOCIOLING\u00dcISTICA FEB 2023 28A032023 PERTENENCIA SOCIOLING\u00dcISTICA [&hellip;]","og_url":"https:\/\/anam.org.gt\/inicio\/numeral-28\/","og_site_name":"ANAM","article_publisher":"https:\/\/www.facebook.com\/ANAMGuatemala.org.gt","article_modified_time":"2024-09-26T23:32:01+00:00","twitter_card":"summary_large_image","twitter_site":"@ANAM_Guatemala","twitter_misc":{"Tiempo de lectura":"1 minuto"},"schema":{"@context":"https:\/\/schema.org","@graph":[{"@type":"WebPage","@id":"https:\/\/anam.org.gt\/inicio\/numeral-28\/","url":"https:\/\/anam.org.gt\/inicio\/numeral-28\/","name":"N\u00fameral 28 - ANAM","isPartOf":{"@id":"https:\/\/anam.org.gt\/inicio\/#website"},"datePublished":"2024-09-26T23:30:09+00:00","dateModified":"2024-09-26T23:32:01+00:00","breadcrumb":{"@id":"https:\/\/anam.org.gt\/inicio\/numeral-28\/#breadcrumb"},"inLanguage":"es","potentialAction":[{"@type":"ReadAction","target":["https:\/\/anam.org.gt\/inicio\/numeral-28\/"]}]},{"@type":"BreadcrumbList","@id":"https:\/\/anam.org.gt\/inicio\/numeral-28\/#breadcrumb","itemListElement":[{"@type":"ListItem","position":1,"name":"Portada","item":"https:\/\/anam.org.gt\/inicio\/"},{"@type":"ListItem","position":2,"name":"N\u00fameral 28"}]},{"@type":"WebSite","@id":"https:\/\/anam.org.gt\/inicio\/#website","url":"https:\/\/anam.org.gt\/inicio\/","name":"ANAM","description":"Asociaci\u00f3n Nacional de Municipalidades de la Rep\u00fablica de Guatemala","publisher":{"@id":"https:\/\/anam.org.gt\/inicio\/#organization"},"potentialAction":[{"@type":"SearchAction","target":{"@type":"EntryPoint","urlTemplate":"https:\/\/anam.org.gt\/inicio\/?s={search_term_string}"},"query-input":{"@type":"PropertyValueSpecification","valueRequired":true,"valueName":"search_term_string"}}],"inLanguage":"es"},{"@type":"Organization","@id":"https:\/\/anam.org.gt\/inicio\/#organization","name":"Asociaci\u00f3n Nacional de Municipalidades de la Rep\u00fablica de Guatemala","url":"https:\/\/anam.org.gt\/inicio\/","logo":{"@type":"ImageObject","inLanguage":"es","@id":"https:\/\/anam.org.gt\/inicio\/#\/schema\/logo\/image\/","url":"https:\/\/anam.org.gt\/inicio\/wp-content\/uploads\/2026\/02\/logo-anam-central-1.png","contentUrl":"https:\/\/anam.org.gt\/inicio\/wp-content\/uploads\/2026\/02\/logo-anam-central-1.png","width":600,"height":280,"caption":"Asociaci\u00f3n Nacional de Municipalidades de la Rep\u00fablica de Guatemala"},"image":{"@id":"https:\/\/anam.org.gt\/inicio\/#\/schema\/logo\/image\/"},"sameAs":["https:\/\/www.facebook.com\/ANAMGuatemala.org.gt","https:\/\/x.com\/ANAM_Guatemala","https:\/\/www.instagram.com\/anam_guatemala\/?hl=es"]}]}},"_links":{"self":[{"href":"https:\/\/anam.org.gt\/inicio\/wp-json\/wp\/v2\/pages\/2598","targetHints":{"allow":["GET"]}}],"collection":[{"href":"https:\/\/anam.org.gt\/inicio\/wp-json\/wp\/v2\/pages"}],"about":[{"href":"https:\/\/anam.org.gt\/inicio\/wp-json\/wp\/v2\/types\/page"}],"author":[{"embeddable":true,"href":"https:\/\/anam.org.gt\/inicio\/wp-json\/wp\/v2\/users\/4"}],"replies":[{"embeddable":true,"href":"https:\/\/anam.org.gt\/inicio\/wp-json\/wp\/v2\/comments?post=2598"}],"version-history":[{"count":4,"href":"https:\/\/anam.org.gt\/inicio\/wp-json\/wp\/v2\/pages\/2598\/revisions"}],"predecessor-version":[{"id":2602,"href":"https:\/\/anam.org.gt\/inicio\/wp-json\/wp\/v2\/pages\/2598\/revisions\/2602"}],"wp:attachment":[{"href":"https:\/\/anam.org.gt\/inicio\/wp-json\/wp\/v2\/media?parent=2598"}],"curies":[{"name":"wp","href":"https:\/\/api.w.org\/{rel}","templated":true}]}}