{"id":356,"date":"2023-03-28T09:51:07","date_gmt":"2023-03-28T09:51:07","guid":{"rendered":"https:\/\/anam.org.gt\/inicio\/?page_id=356"},"modified":"2024-09-22T03:34:40","modified_gmt":"2024-09-22T03:34:40","slug":"ejes","status":"publish","type":"page","link":"https:\/\/anam.org.gt\/inicio\/ejes\/","title":{"rendered":"Ejes de Trabajo"},"content":{"rendered":"\t\t<div data-elementor-type=\"wp-page\" data-elementor-id=\"356\" class=\"elementor elementor-356\">\n\t\t\t\t\t\t<section class=\"elementor-section elementor-top-section elementor-element elementor-element-e8ef30f department-details elementor-section-boxed elementor-section-height-default elementor-section-height-default\" data-id=\"e8ef30f\" data-element_type=\"section\">\n\t\t\t\t\t\t<div class=\"elementor-container elementor-column-gap-no\">\n\t\t\t\t\t<div class=\"elementor-column elementor-col-100 elementor-top-column elementor-element elementor-element-5c53ed1 department-details__left\" data-id=\"5c53ed1\" data-element_type=\"column\">\n\t\t\t<div class=\"elementor-widget-wrap elementor-element-populated\">\n\t\t\t\t\t\t<div class=\"elementor-element elementor-element-929a1d5 elementor-widget elementor-widget-govity-icon-title\" data-id=\"929a1d5\" data-element_type=\"widget\" data-widget_type=\"govity-icon-title.default\">\n\t\t\t\t<div class=\"elementor-widget-container\">\n\t\t\t\t\t    <!-- Icon Title One Start-->\r\n    <div class=\"department-details__icon-and-title\">\r\n        <div class=\"department-details__icon\">\r\n            <span aria-hidden=\"true\" class=\"  icon-suitcase\"><\/span>        <\/div>\r\n        <h3 class=\"department-details__title\">EJE 1\u2028 CREACI\u00d3N Y MODIFICACI\u00d3N DE LA PLATAFORMA LEGAL MUNICIPAL INCLUYENTE.<\/h3>    <\/div>\r\n    <!--Icon Title One End-->\r\n\t\t\t\t<\/div>\n\t\t\t\t<\/div>\n\t\t\t\t<div class=\"elementor-element elementor-element-05dfa0f elementor-widget elementor-widget-text-editor\" data-id=\"05dfa0f\" data-element_type=\"widget\" data-widget_type=\"text-editor.default\">\n\t\t\t\t<div class=\"elementor-widget-container\">\n\t\t\t\t\t\t\t\t\t<p><strong>ACCIONES<\/strong><\/p><p><strong>1.1. REFORMA CONSTITUCIONAL.<\/strong><\/p>\t\t\t\t\t\t\t\t<\/div>\n\t\t\t\t<\/div>\n\t\t\t\t<div class=\"elementor-element elementor-element-189c7c0 elementor-widget elementor-widget-text-editor\" data-id=\"189c7c0\" data-element_type=\"widget\" data-widget_type=\"text-editor.default\">\n\t\t\t\t<div class=\"elementor-widget-container\">\n\t\t\t\t\t\t\t\t\t<p>Reforma al art\u00edculo 257 de la Constituci\u00f3n, sobre el monto del porcentaje de los ingresos. En la actualidad se recibe un 10%, que resulta insuficiente para la inversi\u00f3n p\u00fablica y que puede utilizarse hasta en un 90% para inversi\u00f3n y solamente un 10% para funcionamiento.<\/p><p>Se plantea recibir por lo menos un 25% de los ingresos ordinarios del pa\u00eds para ser ejecutados por las municipalidades y que este porcentaje se utilice en un 75% para inversi\u00f3n y un 25% para funcionamiento, para pago de maestros, m\u00e9dicos, enfermeros, nutricionistas, etc.<\/p><p>Se plantea eliminar el 2o. p\u00e1rrafo de este art\u00edculo que proh\u00edbe asignaciones adicionales a las municipalidades.<\/p>\t\t\t\t\t\t\t\t<\/div>\n\t\t\t\t<\/div>\n\t\t\t\t<div class=\"elementor-element elementor-element-3001b02 elementor-widget elementor-widget-text-editor\" data-id=\"3001b02\" data-element_type=\"widget\" data-widget_type=\"text-editor.default\">\n\t\t\t\t<div class=\"elementor-widget-container\">\n\t\t\t\t\t\t\t\t\t<p><strong>1.2. REFORMAS A LEYES:<\/strong><\/p><p><strong>1. <\/strong><strong>Ley del IVA.<\/strong><\/p>\t\t\t\t\t\t\t\t<\/div>\n\t\t\t\t<\/div>\n\t\t\t\t<div class=\"elementor-element elementor-element-9cb1d08 elementor-widget elementor-widget-text-editor\" data-id=\"9cb1d08\" data-element_type=\"widget\" data-widget_type=\"text-editor.default\">\n\t\t\t\t<div class=\"elementor-widget-container\">\n\t\t\t\t\t\t\t\t\t<p>Impulsar una reforma al Decreto No. 27-92, Ley del IVA. El art\u00edculo 10 del citado cuerpo legal, que determina los criterios de distribuci\u00f3n a los porcentajes de la recaudaci\u00f3n del impuesto. Entre ellos la ley indica que se debe destinar un UNO POR CIENTO PORCENTUAL (1%) a FONAPAZ. Esta Instituci\u00f3n se encuentra en proceso de liquidaci\u00f3n por la poca claridad del manejo de su asignaci\u00f3n. Por ello, se plantea que estos recursos se trasladen directamente a las municipalidades, y se aumente del 1.5% que se recibe ahora al 2.5% (El 1.5% del IVA presupuestado para este a\u00f1o, ser\u00e1 de Q3,040 millones y con el incremento se recibir\u00eda en el 2016 m\u00e1s de Q2,000 millones adicionales (Q5,066 millones s\u00f3lo de IVA).<\/p>\t\t\t\t\t\t\t\t<\/div>\n\t\t\t\t<\/div>\n\t\t\t\t<div class=\"elementor-element elementor-element-73ac102 elementor-widget elementor-widget-text-editor\" data-id=\"73ac102\" data-element_type=\"widget\" data-widget_type=\"text-editor.default\">\n\t\t\t\t<div class=\"elementor-widget-container\">\n\t\t\t\t\t\t\t\t\t<ol><li><strong>Ley del Impuesto a la Distribuci\u00f3n de Combustibles Derivados del Petr\u00f3leo.\u00a0<\/strong>Propuesta de reformar el Decreto 38-92, en funci\u00f3n que dicha ley indica que por cada gal\u00f3n de gasolina s\u00faper o regular que se vende en el pa\u00eds, 20 centavos se destinan a las municipalidades del pa\u00eds MIENTRAS QUE DIEZ CENTAVOS VAN DIRECTAMENTE A LA MUNICIPALIDAD DE GUATEMALA.<\/li><\/ol><p>La primera reforma que se propone es compartir el Q1.00 que se recibe compartido con el Ministerio de Comunicaciones a raz\u00f3n de Q. 0.50 centavos para cada uno, y que estos se distribuyan de manera general a las municipalidades del pa\u00eds.<\/p><p>La segunda propuesta en caso de ser inviable la primera, es unificar los Q. 0.30 centavos que se reciben en la actualidad, a un solo bols\u00f3n y distribuirlos de manera directa a las municipalidades del pa\u00eds y no como se recibe en la actualidad donde 20 centavos se reparten entre las municipalidades, mientras que una sola de ellas (Municipalidad de Guatemala), recibe directamente Q.0.10 centavos.<\/p><p>\u00a0<\/p><ol><li><strong>Ley del Impuesto de Circulaci\u00f3n de Veh\u00edculos Terrestres, A\u00e9reos y Mar\u00edtimos.<\/strong><\/li><\/ol><p>Se propone analizar y reformar el Decreto No. 70-94, para elevar los porcentajes que se comparten actualmente y que resultan insuficientes.<\/p>\t\t\t\t\t\t\t\t<\/div>\n\t\t\t\t<\/div>\n\t\t\t\t<div class=\"elementor-element elementor-element-0ee7bb0 elementor-widget elementor-widget-text-editor\" data-id=\"0ee7bb0\" data-element_type=\"widget\" data-widget_type=\"text-editor.default\">\n\t\t\t\t<div class=\"elementor-widget-container\">\n\t\t\t\t\t\t\t\t\t<p><strong>1.3. CREACI\u00d3N DE LEY:<\/strong><\/p><p><strong>1. Aprobar la Ley Nacional de Arbitrios.<\/strong><\/p>\t\t\t\t\t\t\t\t<\/div>\n\t\t\t\t<\/div>\n\t\t\t\t<div class=\"elementor-element elementor-element-e7f3bf7 elementor-widget elementor-widget-text-editor\" data-id=\"e7f3bf7\" data-element_type=\"widget\" data-widget_type=\"text-editor.default\">\n\t\t\t\t<div class=\"elementor-widget-container\">\n\t\t\t\t\t\t\t\t\t<p>El Congreso debe aprobar una ley que incluya la mayor\u00eda de arbitrios que las municipalidades cobran por las actividades econ\u00f3micas que se realizan en el municipio. En la actualidad hay municipios que cobran arbitrios de 1960 que a\u00fan mencionan cobros de Q. 0.05 centavos y que ya no responden a la actualidad econ\u00f3mica.<\/p><p>Adicionalmente, s\u00f3lo en los primeros tres meses del presente a\u00f1o, se han impugnado 27 Planes Municipales de Tasas por no determinar la contraprestaci\u00f3n de alg\u00fan servicio. Los arbitrios s\u00f3lo son aprobados por el Congreso de la Rep\u00fablica (no debe prestarse alg\u00fan servicio), mientras que las tasas son aprobadas por los Concejos Municipales y s\u00ed deben precisar con determinaci\u00f3n la contraprestaci\u00f3n de un servicio como requisito indispensable. O en todo caso que el congreso legisle, delegando la facultad de legislar arbitrios a los concejos municipales, bajo el principio de la capacidad de pago.<\/p>\t\t\t\t\t\t\t\t<\/div>\n\t\t\t\t<\/div>\n\t\t\t\t<div class=\"elementor-element elementor-element-b585fca elementor-widget elementor-widget-govity-icon-title\" data-id=\"b585fca\" data-element_type=\"widget\" data-widget_type=\"govity-icon-title.default\">\n\t\t\t\t<div class=\"elementor-widget-container\">\n\t\t\t\t\t    <!-- Icon Title One Start-->\r\n    <div class=\"department-details__icon-and-title\">\r\n        <div class=\"department-details__icon\">\r\n            <span aria-hidden=\"true\" class=\"  far fa-calendar-check\"><\/span>        <\/div>\r\n        <h3 class=\"department-details__title\">\nEJE 2  IMPLEMENTACI\u00d3N DE LA AGENDA NACIONAL MUNICIPALISTA.<\/h3>    <\/div>\r\n    <!--Icon Title One End-->\r\n\t\t\t\t<\/div>\n\t\t\t\t<\/div>\n\t\t\t\t<div class=\"elementor-element elementor-element-1d4da37 elementor-widget elementor-widget-text-editor\" data-id=\"1d4da37\" data-element_type=\"widget\" data-widget_type=\"text-editor.default\">\n\t\t\t\t<div class=\"elementor-widget-container\">\n\t\t\t\t\t\t\t\t\t<p><strong>ACCIONES<\/strong><\/p><p><strong>2.1. APORTE CONSTITUCIONAL.<\/strong><\/p>\t\t\t\t\t\t\t\t<\/div>\n\t\t\t\t<\/div>\n\t\t\t\t<div class=\"elementor-element elementor-element-57b458c elementor-widget elementor-widget-text-editor\" data-id=\"57b458c\" data-element_type=\"widget\" data-widget_type=\"text-editor.default\">\n\t\t\t\t<div class=\"elementor-widget-container\">\n\t\t\t\t\t\t\t\t\t<p>Establece proponer consensos para el logro del incremento del Aporte Constitucional del 12% al 15% del presupuesto nacional, el cual no ha sido incrementado a la fecha, con lo cual se ha limitado la inversi\u00f3n y el crecimiento econ\u00f3mico local.<\/p>\t\t\t\t\t\t\t\t<\/div>\n\t\t\t\t<\/div>\n\t\t\t\t<div class=\"elementor-element elementor-element-a5d763d elementor-widget elementor-widget-text-editor\" data-id=\"a5d763d\" data-element_type=\"widget\" data-widget_type=\"text-editor.default\">\n\t\t\t\t<div class=\"elementor-widget-container\">\n\t\t\t\t\t\t\t\t\t<p><strong>2.2 NUEVOS MUNICIPIOS CON RECURSOS.<\/strong><\/p>\t\t\t\t\t\t\t\t<\/div>\n\t\t\t\t<\/div>\n\t\t\t\t<div class=\"elementor-element elementor-element-7f5ea88 elementor-widget elementor-widget-text-editor\" data-id=\"7f5ea88\" data-element_type=\"widget\" data-widget_type=\"text-editor.default\">\n\t\t\t\t<div class=\"elementor-widget-container\">\n\t\t\t\t\t\t\t\t\t<p>Implica que en el momento de ser analizada la creaci\u00f3n de nuevos municipios, el proyecto incluya los recursos para asegurar su desarrollo, o bien que dicho proyecto indique su vigencia hasta el siguiente a\u00f1o calendario. Ello con el objeto de evitar recortes en el valor del aporte constitucional y que los nuevos municipios puedan contar con un presupuesto con base en el prec\u00e1lculo e inicien a recibir recursos luego de haber cumplido con las capacitaciones y certificaciones correspondientes.<\/p>\t\t\t\t\t\t\t\t<\/div>\n\t\t\t\t<\/div>\n\t\t\t\t<div class=\"elementor-element elementor-element-70612fb elementor-widget elementor-widget-text-editor\" data-id=\"70612fb\" data-element_type=\"widget\" data-widget_type=\"text-editor.default\">\n\t\t\t\t<div class=\"elementor-widget-container\">\n\t\t\t\t\t\t\t\t\t<p><strong>2.3. PR\u00c9STAMOS CON TASAS DE INTER\u00c9S BAJAS.<\/strong><\/p>\t\t\t\t\t\t\t\t<\/div>\n\t\t\t\t<\/div>\n\t\t\t\t<div class=\"elementor-element elementor-element-9873196 elementor-widget elementor-widget-text-editor\" data-id=\"9873196\" data-element_type=\"widget\" data-widget_type=\"text-editor.default\">\n\t\t\t\t<div class=\"elementor-widget-container\">\n\t\t\t\t\t\t\t\t\t<p>Actualmente los municipios tienen dificultades para la obtenci\u00f3n de cr\u00e9ditos para el desarrollo de infraestructura y servicios, por ende se plantea la necesidad de apoyar en la gesti\u00f3n de pr\u00e9stamos con instituciones bancarias a nivel nacional e internacional no s\u00f3lo para facilitar el proceso de an\u00e1lisis y aprobaci\u00f3n sino para conseguir una reducci\u00f3n de las actuales tasas de inter\u00e9s para otorgar pr\u00e9stamos a las municipalidades, con una tasa promedio entre el 5%.<\/p>\t\t\t\t\t\t\t\t<\/div>\n\t\t\t\t<\/div>\n\t\t\t\t<div class=\"elementor-element elementor-element-ea9b28f elementor-widget elementor-widget-text-editor\" data-id=\"ea9b28f\" data-element_type=\"widget\" data-widget_type=\"text-editor.default\">\n\t\t\t\t<div class=\"elementor-widget-container\">\n\t\t\t\t\t\t\t\t\t<p><strong>2.4. PACTOS POR EL DESARROLLO LOCAL.<\/strong><\/p>\t\t\t\t\t\t\t\t<\/div>\n\t\t\t\t<\/div>\n\t\t\t\t<div class=\"elementor-element elementor-element-0d9058e elementor-widget elementor-widget-text-editor\" data-id=\"0d9058e\" data-element_type=\"widget\" data-widget_type=\"text-editor.default\">\n\t\t\t\t<div class=\"elementor-widget-container\">\n\t\t\t\t\t\t\t\t\t<p>Se considera la necesidad de crear un pacto con las autoridades del Ministerio de Finanzas P\u00fablicas para RESPETAR los montos recaudados de los impuestos que por mandato constitucional y de las leyes espec\u00edficas les corresponden a las 340 municipalidades del pa\u00eds, para evitar atrasos en los desembolsos y por ende la ejecuci\u00f3n de proyectos, especialmente los relacionados con los Consejos de Desarrollo.<\/p>\t\t\t\t\t\t\t\t<\/div>\n\t\t\t\t<\/div>\n\t\t\t\t<div class=\"elementor-element elementor-element-9603f82 elementor-widget elementor-widget-text-editor\" data-id=\"9603f82\" data-element_type=\"widget\" data-widget_type=\"text-editor.default\">\n\t\t\t\t<div class=\"elementor-widget-container\">\n\t\t\t\t\t\t\t\t\t<p><strong>2.5. PLAN DE PRESTACIONES DEL EMPLEADO MUNICIPAL.<\/strong><\/p>\t\t\t\t\t\t\t\t<\/div>\n\t\t\t\t<\/div>\n\t\t\t\t<div class=\"elementor-element elementor-element-04ff662 elementor-widget elementor-widget-text-editor\" data-id=\"04ff662\" data-element_type=\"widget\" data-widget_type=\"text-editor.default\">\n\t\t\t\t<div class=\"elementor-widget-container\">\n\t\t\t\t\t\t\t\t\t<p>Un an\u00e1lisis del funcionamiento del actual Plan de Prestaciones del Empleado Municipal, permite concluir en que es necesario realizar una reingenier\u00eda de dicho Plan, Decreto Ley 44-94 y su Reglamento, a efecto de cumplir con los principios ideol\u00f3gicos de su creaci\u00f3n y que est\u00e9 al servicio de los trabajadores municipales y no con fines de lucro aplicando elevadas tasas de inter\u00e9s, gastos administrativos y cobros por conceptos jur\u00eddicos que muchas veces son m\u00e1s elevados que la deuda adquirida.<\/p>\t\t\t\t\t\t\t\t<\/div>\n\t\t\t\t<\/div>\n\t\t\t\t<div class=\"elementor-element elementor-element-7cf3304 elementor-widget elementor-widget-text-editor\" data-id=\"7cf3304\" data-element_type=\"widget\" data-widget_type=\"text-editor.default\">\n\t\t\t\t<div class=\"elementor-widget-container\">\n\t\t\t\t\t\t\t\t\t<p><strong>2.6. IVA PAZ<\/strong><\/p>\t\t\t\t\t\t\t\t<\/div>\n\t\t\t\t<\/div>\n\t\t\t\t<div class=\"elementor-element elementor-element-4929074 elementor-widget elementor-widget-text-editor\" data-id=\"4929074\" data-element_type=\"widget\" data-widget_type=\"text-editor.default\">\n\t\t\t\t<div class=\"elementor-widget-container\">\n\t\t\t\t\t\t\t\t\t<p>Se refiere a una asignaci\u00f3n directa a las municipalidades y espec\u00edficamente que el 1.5% que les corresponde del IVA PAZ sea entregado para que sea administrado e invertido en educaci\u00f3n y salud, en funci\u00f3n de que ambos temas son prioridades locales de las cuales el Estado no tiene posibilidades de brindar soluciones totales a nivel local. Lo anterior aplicando una pol\u00edtica transversal de participaci\u00f3n ciudadana a trav\u00e9s de los CODEDES.<\/p>\t\t\t\t\t\t\t\t<\/div>\n\t\t\t\t<\/div>\n\t\t\t\t<div class=\"elementor-element elementor-element-1730203 elementor-widget elementor-widget-text-editor\" data-id=\"1730203\" data-element_type=\"widget\" data-widget_type=\"text-editor.default\">\n\t\t\t\t<div class=\"elementor-widget-container\">\n\t\t\t\t\t\t\t\t\t<p><strong>2.7. CONSENSOS POL\u00cdTICOS (CONGRESO, EJECUTIVO, ORGANISMOS INTERNACIONALES Y BANCOS)<\/strong><\/p>\t\t\t\t\t\t\t\t<\/div>\n\t\t\t\t<\/div>\n\t\t\t\t<div class=\"elementor-element elementor-element-95cbb3b elementor-widget elementor-widget-text-editor\" data-id=\"95cbb3b\" data-element_type=\"widget\" data-widget_type=\"text-editor.default\">\n\t\t\t\t<div class=\"elementor-widget-container\">\n\t\t\t\t\t\t\t\t\t<p>Se refiere a la creaci\u00f3n de un Plan de Trabajo que implique esfuerzos con el Congreso de la Rep\u00fablica, el Organismo Ejecutivo as\u00ed como Organismos Internacionales y Bancos Locales e Internacionales, en donde se identifiquen acciones y lobbies pol\u00edticos necesarios para lograr apoyo en el desarrollo de la agenda nacional municipalista.<\/p>\t\t\t\t\t\t\t\t<\/div>\n\t\t\t\t<\/div>\n\t\t\t\t<div class=\"elementor-element elementor-element-94557c2 elementor-widget elementor-widget-text-editor\" data-id=\"94557c2\" data-element_type=\"widget\" data-widget_type=\"text-editor.default\">\n\t\t\t\t<div class=\"elementor-widget-container\">\n\t\t\t\t\t\t\t\t\t<p><strong>2.8. GESTI\u00d3N DE FONDOS.<\/strong><\/p>\t\t\t\t\t\t\t\t<\/div>\n\t\t\t\t<\/div>\n\t\t\t\t<div class=\"elementor-element elementor-element-7c029bd elementor-widget elementor-widget-text-editor\" data-id=\"7c029bd\" data-element_type=\"widget\" data-widget_type=\"text-editor.default\">\n\t\t\t\t<div class=\"elementor-widget-container\">\n\t\t\t\t\t\t\t\t\t<p>Se buscar\u00e1 apoyo internacional con diferentes pa\u00edses cooperantes, para lograr pr\u00e9stamos a tasas de bajo inter\u00e9s para desarrollar e implementar programas para el desarrollo de proyectos sobre ordenamiento territorial, educaci\u00f3n, servicios p\u00fablicos, salud y agua, temas que son denominador com\u00fan en cuanto al inter\u00e9s municipal de implementar acciones que de forma conjunta busquen soluciones integrales a grandes problemas locales.<\/p>\t\t\t\t\t\t\t\t<\/div>\n\t\t\t\t<\/div>\n\t\t\t\t<div class=\"elementor-element elementor-element-96426dd elementor-widget elementor-widget-text-editor\" data-id=\"96426dd\" data-element_type=\"widget\" data-widget_type=\"text-editor.default\">\n\t\t\t\t<div class=\"elementor-widget-container\">\n\t\t\t\t\t\t\t\t\t<p><strong>2.9. BARRIOS Y COMUNIDADES DE VERDAD<\/strong><\/p>\t\t\t\t\t\t\t\t<\/div>\n\t\t\t\t<\/div>\n\t\t\t\t<div class=\"elementor-element elementor-element-e537fc2 elementor-widget elementor-widget-text-editor\" data-id=\"e537fc2\" data-element_type=\"widget\" data-widget_type=\"text-editor.default\">\n\t\t\t\t<div class=\"elementor-widget-container\">\n\t\t\t\t\t\t\t\t\t<p>\u201cLos Barrios y Comunidades de Verdad\u201d, son programa implementados en Am\u00e9rica Latina, consider\u00e1ndose como \u201cun programa estrella\u201d, el cual consiste en canalizar recursos para una intervenci\u00f3n integral que resuelva los principales problemas de los barrios pobres y de las comunidades rurales de los municipios. Su creaci\u00f3n e implementaci\u00f3n de Comunidades de Verdad en \u00e1reas rurales y Barrios de Verdad en \u00e1reas urbanas con Bancos de Desarrollo, busca establecer programas para la formalizaci\u00f3n de la convivencia ciudadana por medio de la implementaci\u00f3n de soluciones integrales de infraestructura comunitaria, servicios b\u00e1sicos, formalizaci\u00f3n de la tierra, programas y proyectos de drenajes, caminamientos, salones comunales, programas de educaci\u00f3n, promoci\u00f3n del tema de deporte, con \u00e9nfasis en la recreaci\u00f3n, formalizaci\u00f3n de la organizaci\u00f3n comunitaria y de la propiedad de la tierra, empleabilidad, prevenci\u00f3n de violencia y apoyo para la juventud, la mujer y el adulto mayor.<\/p>\t\t\t\t\t\t\t\t<\/div>\n\t\t\t\t<\/div>\n\t\t\t\t<div class=\"elementor-element elementor-element-5df4f01 elementor-widget elementor-widget-text-editor\" data-id=\"5df4f01\" data-element_type=\"widget\" data-widget_type=\"text-editor.default\">\n\t\t\t\t<div class=\"elementor-widget-container\">\n\t\t\t\t\t\t\t\t\t<p><strong>2.10. IMPLEMENTACI\u00d3N DE PROGRAMAS DE PREVENCI\u00d3N- COMISARIAS MODELO<\/strong><\/p>\t\t\t\t\t\t\t\t<\/div>\n\t\t\t\t<\/div>\n\t\t\t\t<div class=\"elementor-element elementor-element-f5f5ded elementor-widget elementor-widget-text-editor\" data-id=\"f5f5ded\" data-element_type=\"widget\" data-widget_type=\"text-editor.default\">\n\t\t\t\t<div class=\"elementor-widget-container\">\n\t\t\t\t\t\t\t\t\t<p>La violencia es uno de los problemas m\u00e1s sentidos de la mayor\u00eda de municipios y la seguridad ciudadana una de las mayores demandas de la poblaci\u00f3n ante las municipalidades. Y aunque la seguridad no es una responsabilidad directa es \u00e9stas, los vecinos esperan una intervenci\u00f3n oportuna de sus autoridades municipales.<\/p><p>\u00a0<\/p><p>Es por ello que se ha considerado que desde la Municipalidad pueden realizarse gestiones y apoyos con instituciones de gobierno y de cooperaci\u00f3n internacional para implementar programas que incidan en la prevenci\u00f3n de la violencia y fortalezcan la convivencia pac\u00edfica en las comunidades, siendo estos programas para el fortalecimiento del deporte, cultura, recreaci\u00f3n y participaci\u00f3n ciudadana en el mejoramiento del entorno de las comunidades.<\/p><p>Complementario a las acciones con el Gobierno Central, se considera de importancia la construcci\u00f3n de Comisar\u00edas Modelo, el cual es un proceso de fortalecimiento de las capacidades de la Polic\u00eda Nacional Civil en materia de investigaci\u00f3n criminal que incrementa la efectividad de los resultados y por ende reducir los \u00edndices de criminalidad en un municipio, la cual se constituye como una nueva filosof\u00eda de trabajo que con estricto apego a la ley y dotados de equipo t\u00e9cnico y tecnol\u00f3gico logran la aprobaci\u00f3n y participaci\u00f3n ciudadana, increment\u00e1ndose la cultura de denuncia.<\/p><p>Ambas acciones generan resultados favorables para el fortalecimiento de la seguridad ciudadana en el municipio y la mediaci\u00f3n para la participaci\u00f3n ciudadana en estos procesos.<\/p><p>\u00a0<\/p><p>La idea se refiere a replicar en no menos de 100 municipios con mayor desarrollo urbano del pa\u00eds, proyectos y programas exitosos y comprobados en materia de seguridad ciudadana y de prevenci\u00f3n a la violencia y delincuencia, como ya ha sido implementado en municipios como Mixco y Villa Nueva con apoyo de agencias internacionales.<\/p>\t\t\t\t\t\t\t\t<\/div>\n\t\t\t\t<\/div>\n\t\t\t\t<div class=\"elementor-element elementor-element-accdaf3 elementor-widget elementor-widget-govity-icon-title\" data-id=\"accdaf3\" data-element_type=\"widget\" data-widget_type=\"govity-icon-title.default\">\n\t\t\t\t<div class=\"elementor-widget-container\">\n\t\t\t\t\t    <!-- Icon Title One Start-->\r\n    <div class=\"department-details__icon-and-title\">\r\n        <div class=\"department-details__icon\">\r\n            <span aria-hidden=\"true\" class=\"  far fa-handshake\"><\/span>        <\/div>\r\n        <h3 class=\"department-details__title\">EJE 3 FORTALECIMIENTO DE LA ANAM<\/h3>    <\/div>\r\n    <!--Icon Title One End-->\r\n\t\t\t\t<\/div>\n\t\t\t\t<\/div>\n\t\t\t\t<div class=\"elementor-element elementor-element-6cac8e5 elementor-widget elementor-widget-text-editor\" data-id=\"6cac8e5\" data-element_type=\"widget\" data-widget_type=\"text-editor.default\">\n\t\t\t\t<div class=\"elementor-widget-container\">\n\t\t\t\t\t\t\t\t\t<p>Actualmente, la ANAM requiere realizar acciones inmediatas para mejorar, entre otros temas:<\/p><p>\u00a0<\/p><ul><li>La capacidad de incidencia ante el Ejecutivo a efecto mantener el equilibrio en las transferencias financieras, tanto de manera directa para las municipalidades como los aportes a los Consejos de Desarrollo.<\/li><li>Planificaci\u00f3n a corto, mediano y largo plazo (Planificaci\u00f3n Estrat\u00e9gica), ello permitir\u00e1 por un lado, establecer acciones urgentes a desarrollar; por el otro, una visi\u00f3n que identifique escenarios y propuestas de soluci\u00f3n a problemas y retos diversos sin que domine el inmediatismo y la improvisaci\u00f3n en la atenci\u00f3n de estos.<\/li><li>Manuales Administrativos, Manual de Descripci\u00f3n de Puestos, Normas y Procedimientos, que den orden al trabajo y la forma en que toda la estructura organizacional deba realizarlo.<\/li><li>Reglamentos de Estructura de Socios (\u00f3rganos de autoridad), con lo cual tambi\u00e9n debe mejorars el Servicio al Socio y Reglamentos del Personal Remunerado.<\/li><li>Monitoreo y evaluaci\u00f3n en base a instrumentos que puedan medir los resultados.<\/li><\/ul>\t\t\t\t\t\t\t\t<\/div>\n\t\t\t\t<\/div>\n\t\t\t\t\t<\/div>\n\t\t<\/div>\n\t\t\t\t\t<\/div>\n\t\t<\/section>\n\t\t\t\t<\/div>\n\t\t","protected":false},"excerpt":{"rendered":"<p>EJE 1\u2028 CREACI\u00d3N Y MODIFICACI\u00d3N DE LA PLATAFORMA LEGAL MUNICIPAL INCLUYENTE. ACCIONES 1.1. REFORMA CONSTITUCIONAL. Reforma al art\u00edculo 257 de la Constituci\u00f3n, sobre el monto del porcentaje de los ingresos. En la actualidad se recibe un 10%, que resulta insuficiente para la inversi\u00f3n p\u00fablica y que puede utilizarse hasta en un 90% para inversi\u00f3n y [&hellip;]<\/p>\n","protected":false},"author":4,"featured_media":0,"parent":0,"menu_order":0,"comment_status":"closed","ping_status":"closed","template":"elementor_header_footer","meta":{"footnotes":""},"class_list":["post-356","page","type-page","status-publish","hentry"],"yoast_head":"<!-- This site is optimized with the Yoast SEO plugin v27.0 - https:\/\/yoast.com\/product\/yoast-seo-wordpress\/ -->\n<title>Ejes de Trabajo - ANAM<\/title>\n<meta name=\"robots\" content=\"index, follow, max-snippet:-1, max-image-preview:large, max-video-preview:-1\" \/>\n<link rel=\"canonical\" href=\"https:\/\/anam.org.gt\/inicio\/ejes\/\" \/>\n<meta property=\"og:locale\" content=\"es_ES\" \/>\n<meta property=\"og:type\" content=\"article\" \/>\n<meta property=\"og:title\" content=\"Ejes de Trabajo - ANAM\" \/>\n<meta property=\"og:description\" content=\"EJE 1\u2028 CREACI\u00d3N Y MODIFICACI\u00d3N DE LA PLATAFORMA LEGAL MUNICIPAL INCLUYENTE. ACCIONES 1.1. REFORMA CONSTITUCIONAL. Reforma al art\u00edculo 257 de la Constituci\u00f3n, sobre el monto del porcentaje de los ingresos. En la actualidad se recibe un 10%, que resulta insuficiente para la inversi\u00f3n p\u00fablica y que puede utilizarse hasta en un 90% para inversi\u00f3n y [&hellip;]\" \/>\n<meta property=\"og:url\" content=\"https:\/\/anam.org.gt\/inicio\/ejes\/\" \/>\n<meta property=\"og:site_name\" content=\"ANAM\" \/>\n<meta property=\"article:publisher\" content=\"https:\/\/www.facebook.com\/ANAMGuatemala.org.gt\" \/>\n<meta property=\"article:modified_time\" content=\"2024-09-22T03:34:40+00:00\" \/>\n<meta name=\"twitter:card\" content=\"summary_large_image\" \/>\n<meta name=\"twitter:site\" content=\"@ANAM_Guatemala\" \/>\n<meta name=\"twitter:label1\" content=\"Tiempo de lectura\" \/>\n\t<meta name=\"twitter:data1\" content=\"9 minutos\" \/>\n<script type=\"application\/ld+json\" class=\"yoast-schema-graph\">{\"@context\":\"https:\/\/schema.org\",\"@graph\":[{\"@type\":\"WebPage\",\"@id\":\"https:\/\/anam.org.gt\/inicio\/ejes\/\",\"url\":\"https:\/\/anam.org.gt\/inicio\/ejes\/\",\"name\":\"Ejes de Trabajo - ANAM\",\"isPartOf\":{\"@id\":\"https:\/\/anam.org.gt\/inicio\/#website\"},\"datePublished\":\"2023-03-28T09:51:07+00:00\",\"dateModified\":\"2024-09-22T03:34:40+00:00\",\"breadcrumb\":{\"@id\":\"https:\/\/anam.org.gt\/inicio\/ejes\/#breadcrumb\"},\"inLanguage\":\"es\",\"potentialAction\":[{\"@type\":\"ReadAction\",\"target\":[\"https:\/\/anam.org.gt\/inicio\/ejes\/\"]}]},{\"@type\":\"BreadcrumbList\",\"@id\":\"https:\/\/anam.org.gt\/inicio\/ejes\/#breadcrumb\",\"itemListElement\":[{\"@type\":\"ListItem\",\"position\":1,\"name\":\"Portada\",\"item\":\"https:\/\/anam.org.gt\/inicio\/\"},{\"@type\":\"ListItem\",\"position\":2,\"name\":\"Ejes de Trabajo\"}]},{\"@type\":\"WebSite\",\"@id\":\"https:\/\/anam.org.gt\/inicio\/#website\",\"url\":\"https:\/\/anam.org.gt\/inicio\/\",\"name\":\"ANAM\",\"description\":\"Asociaci\u00f3n Nacional de Municipalidades de la Rep\u00fablica de Guatemala\",\"publisher\":{\"@id\":\"https:\/\/anam.org.gt\/inicio\/#organization\"},\"potentialAction\":[{\"@type\":\"SearchAction\",\"target\":{\"@type\":\"EntryPoint\",\"urlTemplate\":\"https:\/\/anam.org.gt\/inicio\/?s={search_term_string}\"},\"query-input\":{\"@type\":\"PropertyValueSpecification\",\"valueRequired\":true,\"valueName\":\"search_term_string\"}}],\"inLanguage\":\"es\"},{\"@type\":\"Organization\",\"@id\":\"https:\/\/anam.org.gt\/inicio\/#organization\",\"name\":\"Asociaci\u00f3n Nacional de Municipalidades de la Rep\u00fablica de Guatemala\",\"url\":\"https:\/\/anam.org.gt\/inicio\/\",\"logo\":{\"@type\":\"ImageObject\",\"inLanguage\":\"es\",\"@id\":\"https:\/\/anam.org.gt\/inicio\/#\/schema\/logo\/image\/\",\"url\":\"https:\/\/anam.org.gt\/inicio\/wp-content\/uploads\/2026\/02\/logo-anam-central-1.png\",\"contentUrl\":\"https:\/\/anam.org.gt\/inicio\/wp-content\/uploads\/2026\/02\/logo-anam-central-1.png\",\"width\":600,\"height\":280,\"caption\":\"Asociaci\u00f3n Nacional de Municipalidades de la Rep\u00fablica de Guatemala\"},\"image\":{\"@id\":\"https:\/\/anam.org.gt\/inicio\/#\/schema\/logo\/image\/\"},\"sameAs\":[\"https:\/\/www.facebook.com\/ANAMGuatemala.org.gt\",\"https:\/\/x.com\/ANAM_Guatemala\",\"https:\/\/www.instagram.com\/anam_guatemala\/?hl=es\"]}]}<\/script>\n<!-- \/ Yoast SEO plugin. -->","yoast_head_json":{"title":"Ejes de Trabajo - ANAM","robots":{"index":"index","follow":"follow","max-snippet":"max-snippet:-1","max-image-preview":"max-image-preview:large","max-video-preview":"max-video-preview:-1"},"canonical":"https:\/\/anam.org.gt\/inicio\/ejes\/","og_locale":"es_ES","og_type":"article","og_title":"Ejes de Trabajo - ANAM","og_description":"EJE 1\u2028 CREACI\u00d3N Y MODIFICACI\u00d3N DE LA PLATAFORMA LEGAL MUNICIPAL INCLUYENTE. ACCIONES 1.1. REFORMA CONSTITUCIONAL. Reforma al art\u00edculo 257 de la Constituci\u00f3n, sobre el monto del porcentaje de los ingresos. En la actualidad se recibe un 10%, que resulta insuficiente para la inversi\u00f3n p\u00fablica y que puede utilizarse hasta en un 90% para inversi\u00f3n y [&hellip;]","og_url":"https:\/\/anam.org.gt\/inicio\/ejes\/","og_site_name":"ANAM","article_publisher":"https:\/\/www.facebook.com\/ANAMGuatemala.org.gt","article_modified_time":"2024-09-22T03:34:40+00:00","twitter_card":"summary_large_image","twitter_site":"@ANAM_Guatemala","twitter_misc":{"Tiempo de lectura":"9 minutos"},"schema":{"@context":"https:\/\/schema.org","@graph":[{"@type":"WebPage","@id":"https:\/\/anam.org.gt\/inicio\/ejes\/","url":"https:\/\/anam.org.gt\/inicio\/ejes\/","name":"Ejes de Trabajo - ANAM","isPartOf":{"@id":"https:\/\/anam.org.gt\/inicio\/#website"},"datePublished":"2023-03-28T09:51:07+00:00","dateModified":"2024-09-22T03:34:40+00:00","breadcrumb":{"@id":"https:\/\/anam.org.gt\/inicio\/ejes\/#breadcrumb"},"inLanguage":"es","potentialAction":[{"@type":"ReadAction","target":["https:\/\/anam.org.gt\/inicio\/ejes\/"]}]},{"@type":"BreadcrumbList","@id":"https:\/\/anam.org.gt\/inicio\/ejes\/#breadcrumb","itemListElement":[{"@type":"ListItem","position":1,"name":"Portada","item":"https:\/\/anam.org.gt\/inicio\/"},{"@type":"ListItem","position":2,"name":"Ejes de Trabajo"}]},{"@type":"WebSite","@id":"https:\/\/anam.org.gt\/inicio\/#website","url":"https:\/\/anam.org.gt\/inicio\/","name":"ANAM","description":"Asociaci\u00f3n Nacional de Municipalidades de la Rep\u00fablica de Guatemala","publisher":{"@id":"https:\/\/anam.org.gt\/inicio\/#organization"},"potentialAction":[{"@type":"SearchAction","target":{"@type":"EntryPoint","urlTemplate":"https:\/\/anam.org.gt\/inicio\/?s={search_term_string}"},"query-input":{"@type":"PropertyValueSpecification","valueRequired":true,"valueName":"search_term_string"}}],"inLanguage":"es"},{"@type":"Organization","@id":"https:\/\/anam.org.gt\/inicio\/#organization","name":"Asociaci\u00f3n Nacional de Municipalidades de la Rep\u00fablica de Guatemala","url":"https:\/\/anam.org.gt\/inicio\/","logo":{"@type":"ImageObject","inLanguage":"es","@id":"https:\/\/anam.org.gt\/inicio\/#\/schema\/logo\/image\/","url":"https:\/\/anam.org.gt\/inicio\/wp-content\/uploads\/2026\/02\/logo-anam-central-1.png","contentUrl":"https:\/\/anam.org.gt\/inicio\/wp-content\/uploads\/2026\/02\/logo-anam-central-1.png","width":600,"height":280,"caption":"Asociaci\u00f3n Nacional de Municipalidades de la Rep\u00fablica de Guatemala"},"image":{"@id":"https:\/\/anam.org.gt\/inicio\/#\/schema\/logo\/image\/"},"sameAs":["https:\/\/www.facebook.com\/ANAMGuatemala.org.gt","https:\/\/x.com\/ANAM_Guatemala","https:\/\/www.instagram.com\/anam_guatemala\/?hl=es"]}]}},"_links":{"self":[{"href":"https:\/\/anam.org.gt\/inicio\/wp-json\/wp\/v2\/pages\/356","targetHints":{"allow":["GET"]}}],"collection":[{"href":"https:\/\/anam.org.gt\/inicio\/wp-json\/wp\/v2\/pages"}],"about":[{"href":"https:\/\/anam.org.gt\/inicio\/wp-json\/wp\/v2\/types\/page"}],"author":[{"embeddable":true,"href":"https:\/\/anam.org.gt\/inicio\/wp-json\/wp\/v2\/users\/4"}],"replies":[{"embeddable":true,"href":"https:\/\/anam.org.gt\/inicio\/wp-json\/wp\/v2\/comments?post=356"}],"version-history":[{"count":81,"href":"https:\/\/anam.org.gt\/inicio\/wp-json\/wp\/v2\/pages\/356\/revisions"}],"predecessor-version":[{"id":2309,"href":"https:\/\/anam.org.gt\/inicio\/wp-json\/wp\/v2\/pages\/356\/revisions\/2309"}],"wp:attachment":[{"href":"https:\/\/anam.org.gt\/inicio\/wp-json\/wp\/v2\/media?parent=356"}],"curies":[{"name":"wp","href":"https:\/\/api.w.org\/{rel}","templated":true}]}}