{"id":639,"date":"2023-03-28T13:01:43","date_gmt":"2023-03-28T13:01:43","guid":{"rendered":"https:\/\/anam.org.gt\/inicio\/?page_id=639"},"modified":"2024-09-22T00:24:06","modified_gmt":"2024-09-22T00:24:06","slug":"misionyvision","status":"publish","type":"page","link":"https:\/\/anam.org.gt\/inicio\/misionyvision\/","title":{"rendered":"Misi\u00f3n y Visi\u00f3n"},"content":{"rendered":"\t\t<div data-elementor-type=\"wp-page\" data-elementor-id=\"639\" class=\"elementor elementor-639\">\n\t\t\t\t\t\t<section class=\"elementor-section elementor-top-section elementor-element elementor-element-5a50b52 elementor-section-full_width elementor-section-height-default elementor-section-height-default\" data-id=\"5a50b52\" data-element_type=\"section\">\n\t\t\t\t\t\t<div class=\"elementor-container elementor-column-gap-no\">\n\t\t\t\t\t<div class=\"elementor-column elementor-col-100 elementor-top-column elementor-element elementor-element-b9108ed\" data-id=\"b9108ed\" data-element_type=\"column\">\n\t\t\t<div class=\"elementor-widget-wrap elementor-element-populated\">\n\t\t\t\t\t\t<div class=\"elementor-element elementor-element-a5e8f98 elementor-widget elementor-widget-govity-about\" data-id=\"a5e8f98\" data-element_type=\"widget\" data-widget_type=\"govity-about.default\">\n\t\t\t\t<div class=\"elementor-widget-container\">\n\t\t\t\t\t    <!--About Four Start-->\r\n    <section class=\"about-four\">\r\n        <div class=\"container\">\r\n            <div class=\"row\">\r\n                <div class=\"col-xl-6\">\r\n                    <div class=\"about-four__left\">\r\n                        <div class=\"about-four__shape-1 img-bounce\">\r\n                                                    <\/div>\r\n                        <div class=\"about-four__img-box\">\r\n                            <div class=\"about-four__img\">\r\n                                <img decoding=\"async\" src=\"https:\/\/anam.org.gt\/inicio\/wp-content\/uploads\/2024\/09\/about1-1.jpg\" alt=\"about1\" title=\"about1\" >                            <\/div>\r\n                            <div class=\"about-four__img-2\">\r\n                                <img decoding=\"async\" src=\"https:\/\/anam.org.gt\/inicio\/wp-content\/uploads\/2024\/09\/about2-1.jpg\" alt=\"about2\" title=\"about2\" >                            <\/div>\r\n                            <div class=\"about-four__content\">\r\n                                <h3 class=\"\">Defendemos<br> la autonom\u00eda del<br>Gobierno Municipal<\/h3>                                <div class=\"about-four__icon\">\r\n                                    <span aria-hidden=\"true\" class=\"  far fa-building\"><\/span>                                <\/div>\r\n                            <\/div>\r\n                        <\/div>\r\n                    <\/div>\r\n                <\/div>\r\n                <div class=\"col-xl-6\">\r\n                    <div class=\"about-four__right\">\r\n                        <div class=\"section-title text-left\">\r\n                            <div class=\"section-title__icon\">\r\n                                <span aria-hidden=\"true\" class=\"  far fa-address-card\"><\/span>                            <\/div>\r\n                            <span class=\"section-title__tagline\">QUIENES SOMOS<\/span><h2 class=\"section-title__title\">Asociaci\u00f3n Nacional de Municipalidades de la Rep\u00fablica de Guatemala<\/h2>                        <\/div>\r\n                                                <ul class=\"about-four__points list-unstyled ml-0\">\r\n                                                            <li>\r\n                                    <div class=\"icon\">\r\n                                        <span aria-hidden=\"true\" class=\"  fa fa-angle-right\"><\/span>                                    <\/div>\r\n                                    <div class=\"content\">\r\n                                        <h3 class=\"\">Misi\u00f3n<\/h3><p class=\"\">Defender la autonom\u00eda local y los intereses de los municipios de la Rep\u00fablica de Guatemala, impulsar la descentralizaci\u00f3n del Estado y apoyar a las municipalidades en sus tareas de servicio a la comunidad e impulso de sus territorios.<\/p>                                    <\/div>\r\n                                <\/li>\r\n                                                            <li>\r\n                                    <div class=\"icon\">\r\n                                        <span aria-hidden=\"true\" class=\"  fa fa-angle-right\"><\/span>                                    <\/div>\r\n                                    <div class=\"content\">\r\n                                        <h3 class=\" \">Visi\u00f3n<\/h3><p class=\" \">Que la Asociaci\u00f3n Nacional de Municipalidades -ANAM- sea una entidad privada, moderna, aut\u00f3noma, no lucrativa, apartidaria, no religiosa y eminentemente democr\u00e1tica, defensora de la autonom\u00eda municipal con incidencia en las pol\u00edticas de Estado, que guardan relaci\u00f3n con los municipios y sus gobiernos locales, descentralizaci\u00f3n de respaldo y apoyo a sus asociadas en materia jur\u00eddica, financiera, administrativa y gestora del desarrollo local, regional y nacional, con la capacidad y recursos suficientes para cumplir con su misi\u00f3n.<\/p>                                    <\/div>\r\n                                <\/li>\r\n                                                    <\/ul>\r\n                        <div class=\"about-four__btn-box\">\r\n                                                    <\/div>\r\n                    <\/div>\r\n                <\/div>\r\n            <\/div>\r\n        <\/div>\r\n    <\/section>\r\n    <!--About Four End-->\r\n\t\t\t\t<\/div>\n\t\t\t\t<\/div>\n\t\t\t\t\t<\/div>\n\t\t<\/div>\n\t\t\t\t\t<\/div>\n\t\t<\/section>\n\t\t\t\t<\/div>\n\t\t","protected":false},"excerpt":{"rendered":"<p>Defendemos la autonom\u00eda delGobierno Municipal QUIENES SOMOS Asociaci\u00f3n Nacional de Municipalidades de la Rep\u00fablica de Guatemala Misi\u00f3n Defender la autonom\u00eda local y los intereses de los municipios de la Rep\u00fablica de Guatemala, impulsar la descentralizaci\u00f3n del Estado y apoyar a las municipalidades en sus tareas de servicio a la comunidad e impulso de sus territorios. [&hellip;]<\/p>\n","protected":false},"author":4,"featured_media":0,"parent":0,"menu_order":0,"comment_status":"closed","ping_status":"closed","template":"elementor_header_footer","meta":{"footnotes":""},"class_list":["post-639","page","type-page","status-publish","hentry"],"yoast_head":"<!-- This site is optimized with the Yoast SEO plugin v27.0 - https:\/\/yoast.com\/product\/yoast-seo-wordpress\/ -->\n<title>Misi\u00f3n y Visi\u00f3n - ANAM<\/title>\n<meta name=\"robots\" content=\"index, follow, max-snippet:-1, max-image-preview:large, max-video-preview:-1\" \/>\n<link rel=\"canonical\" href=\"https:\/\/anam.org.gt\/inicio\/misionyvision\/\" \/>\n<meta property=\"og:locale\" content=\"es_ES\" \/>\n<meta property=\"og:type\" content=\"article\" \/>\n<meta property=\"og:title\" content=\"Misi\u00f3n y Visi\u00f3n - ANAM\" \/>\n<meta property=\"og:description\" content=\"Defendemos la autonom\u00eda delGobierno Municipal QUIENES SOMOS Asociaci\u00f3n Nacional de Municipalidades de la Rep\u00fablica de Guatemala Misi\u00f3n Defender la autonom\u00eda local y los intereses de los municipios de la Rep\u00fablica de Guatemala, impulsar la descentralizaci\u00f3n del Estado y apoyar a las municipalidades en sus tareas de servicio a la comunidad e impulso de sus territorios. [&hellip;]\" \/>\n<meta property=\"og:url\" content=\"https:\/\/anam.org.gt\/inicio\/misionyvision\/\" \/>\n<meta property=\"og:site_name\" content=\"ANAM\" \/>\n<meta property=\"article:publisher\" content=\"https:\/\/www.facebook.com\/ANAMGuatemala.org.gt\" \/>\n<meta property=\"article:modified_time\" content=\"2024-09-22T00:24:06+00:00\" \/>\n<meta property=\"og:image\" content=\"https:\/\/anam.org.gt\/inicio\/wp-content\/uploads\/2024\/09\/about1-1.jpg\" \/>\n<meta name=\"twitter:card\" content=\"summary_large_image\" \/>\n<meta name=\"twitter:site\" content=\"@ANAM_Guatemala\" \/>\n<meta name=\"twitter:label1\" content=\"Tiempo de lectura\" \/>\n\t<meta name=\"twitter:data1\" content=\"1 minuto\" \/>\n<script type=\"application\/ld+json\" class=\"yoast-schema-graph\">{\"@context\":\"https:\/\/schema.org\",\"@graph\":[{\"@type\":\"WebPage\",\"@id\":\"https:\/\/anam.org.gt\/inicio\/misionyvision\/\",\"url\":\"https:\/\/anam.org.gt\/inicio\/misionyvision\/\",\"name\":\"Misi\u00f3n y Visi\u00f3n - ANAM\",\"isPartOf\":{\"@id\":\"https:\/\/anam.org.gt\/inicio\/#website\"},\"primaryImageOfPage\":{\"@id\":\"https:\/\/anam.org.gt\/inicio\/misionyvision\/#primaryimage\"},\"image\":{\"@id\":\"https:\/\/anam.org.gt\/inicio\/misionyvision\/#primaryimage\"},\"thumbnailUrl\":\"https:\/\/anam.org.gt\/inicio\/wp-content\/uploads\/2024\/09\/about1-1.jpg\",\"datePublished\":\"2023-03-28T13:01:43+00:00\",\"dateModified\":\"2024-09-22T00:24:06+00:00\",\"breadcrumb\":{\"@id\":\"https:\/\/anam.org.gt\/inicio\/misionyvision\/#breadcrumb\"},\"inLanguage\":\"es\",\"potentialAction\":[{\"@type\":\"ReadAction\",\"target\":[\"https:\/\/anam.org.gt\/inicio\/misionyvision\/\"]}]},{\"@type\":\"ImageObject\",\"inLanguage\":\"es\",\"@id\":\"https:\/\/anam.org.gt\/inicio\/misionyvision\/#primaryimage\",\"url\":\"https:\/\/anam.org.gt\/inicio\/wp-content\/uploads\/2024\/09\/about1-1.jpg\",\"contentUrl\":\"https:\/\/anam.org.gt\/inicio\/wp-content\/uploads\/2024\/09\/about1-1.jpg\",\"width\":435,\"height\":559},{\"@type\":\"BreadcrumbList\",\"@id\":\"https:\/\/anam.org.gt\/inicio\/misionyvision\/#breadcrumb\",\"itemListElement\":[{\"@type\":\"ListItem\",\"position\":1,\"name\":\"Portada\",\"item\":\"https:\/\/anam.org.gt\/inicio\/\"},{\"@type\":\"ListItem\",\"position\":2,\"name\":\"Misi\u00f3n y Visi\u00f3n\"}]},{\"@type\":\"WebSite\",\"@id\":\"https:\/\/anam.org.gt\/inicio\/#website\",\"url\":\"https:\/\/anam.org.gt\/inicio\/\",\"name\":\"ANAM\",\"description\":\"Asociaci\u00f3n Nacional de Municipalidades de la Rep\u00fablica de Guatemala\",\"publisher\":{\"@id\":\"https:\/\/anam.org.gt\/inicio\/#organization\"},\"potentialAction\":[{\"@type\":\"SearchAction\",\"target\":{\"@type\":\"EntryPoint\",\"urlTemplate\":\"https:\/\/anam.org.gt\/inicio\/?s={search_term_string}\"},\"query-input\":{\"@type\":\"PropertyValueSpecification\",\"valueRequired\":true,\"valueName\":\"search_term_string\"}}],\"inLanguage\":\"es\"},{\"@type\":\"Organization\",\"@id\":\"https:\/\/anam.org.gt\/inicio\/#organization\",\"name\":\"Asociaci\u00f3n Nacional de Municipalidades de la Rep\u00fablica de Guatemala\",\"url\":\"https:\/\/anam.org.gt\/inicio\/\",\"logo\":{\"@type\":\"ImageObject\",\"inLanguage\":\"es\",\"@id\":\"https:\/\/anam.org.gt\/inicio\/#\/schema\/logo\/image\/\",\"url\":\"https:\/\/anam.org.gt\/inicio\/wp-content\/uploads\/2026\/02\/logo-anam-central-1.png\",\"contentUrl\":\"https:\/\/anam.org.gt\/inicio\/wp-content\/uploads\/2026\/02\/logo-anam-central-1.png\",\"width\":600,\"height\":280,\"caption\":\"Asociaci\u00f3n Nacional de Municipalidades de la Rep\u00fablica de Guatemala\"},\"image\":{\"@id\":\"https:\/\/anam.org.gt\/inicio\/#\/schema\/logo\/image\/\"},\"sameAs\":[\"https:\/\/www.facebook.com\/ANAMGuatemala.org.gt\",\"https:\/\/x.com\/ANAM_Guatemala\",\"https:\/\/www.instagram.com\/anam_guatemala\/?hl=es\"]}]}<\/script>\n<!-- \/ Yoast SEO plugin. -->","yoast_head_json":{"title":"Misi\u00f3n y Visi\u00f3n - ANAM","robots":{"index":"index","follow":"follow","max-snippet":"max-snippet:-1","max-image-preview":"max-image-preview:large","max-video-preview":"max-video-preview:-1"},"canonical":"https:\/\/anam.org.gt\/inicio\/misionyvision\/","og_locale":"es_ES","og_type":"article","og_title":"Misi\u00f3n y Visi\u00f3n - ANAM","og_description":"Defendemos la autonom\u00eda delGobierno Municipal QUIENES SOMOS Asociaci\u00f3n Nacional de Municipalidades de la Rep\u00fablica de Guatemala Misi\u00f3n Defender la autonom\u00eda local y los intereses de los municipios de la Rep\u00fablica de Guatemala, impulsar la descentralizaci\u00f3n del Estado y apoyar a las municipalidades en sus tareas de servicio a la comunidad e impulso de sus territorios. [&hellip;]","og_url":"https:\/\/anam.org.gt\/inicio\/misionyvision\/","og_site_name":"ANAM","article_publisher":"https:\/\/www.facebook.com\/ANAMGuatemala.org.gt","article_modified_time":"2024-09-22T00:24:06+00:00","og_image":[{"url":"https:\/\/anam.org.gt\/inicio\/wp-content\/uploads\/2024\/09\/about1-1.jpg","type":"","width":"","height":""}],"twitter_card":"summary_large_image","twitter_site":"@ANAM_Guatemala","twitter_misc":{"Tiempo de lectura":"1 minuto"},"schema":{"@context":"https:\/\/schema.org","@graph":[{"@type":"WebPage","@id":"https:\/\/anam.org.gt\/inicio\/misionyvision\/","url":"https:\/\/anam.org.gt\/inicio\/misionyvision\/","name":"Misi\u00f3n y Visi\u00f3n - ANAM","isPartOf":{"@id":"https:\/\/anam.org.gt\/inicio\/#website"},"primaryImageOfPage":{"@id":"https:\/\/anam.org.gt\/inicio\/misionyvision\/#primaryimage"},"image":{"@id":"https:\/\/anam.org.gt\/inicio\/misionyvision\/#primaryimage"},"thumbnailUrl":"https:\/\/anam.org.gt\/inicio\/wp-content\/uploads\/2024\/09\/about1-1.jpg","datePublished":"2023-03-28T13:01:43+00:00","dateModified":"2024-09-22T00:24:06+00:00","breadcrumb":{"@id":"https:\/\/anam.org.gt\/inicio\/misionyvision\/#breadcrumb"},"inLanguage":"es","potentialAction":[{"@type":"ReadAction","target":["https:\/\/anam.org.gt\/inicio\/misionyvision\/"]}]},{"@type":"ImageObject","inLanguage":"es","@id":"https:\/\/anam.org.gt\/inicio\/misionyvision\/#primaryimage","url":"https:\/\/anam.org.gt\/inicio\/wp-content\/uploads\/2024\/09\/about1-1.jpg","contentUrl":"https:\/\/anam.org.gt\/inicio\/wp-content\/uploads\/2024\/09\/about1-1.jpg","width":435,"height":559},{"@type":"BreadcrumbList","@id":"https:\/\/anam.org.gt\/inicio\/misionyvision\/#breadcrumb","itemListElement":[{"@type":"ListItem","position":1,"name":"Portada","item":"https:\/\/anam.org.gt\/inicio\/"},{"@type":"ListItem","position":2,"name":"Misi\u00f3n y Visi\u00f3n"}]},{"@type":"WebSite","@id":"https:\/\/anam.org.gt\/inicio\/#website","url":"https:\/\/anam.org.gt\/inicio\/","name":"ANAM","description":"Asociaci\u00f3n Nacional de Municipalidades de la Rep\u00fablica de Guatemala","publisher":{"@id":"https:\/\/anam.org.gt\/inicio\/#organization"},"potentialAction":[{"@type":"SearchAction","target":{"@type":"EntryPoint","urlTemplate":"https:\/\/anam.org.gt\/inicio\/?s={search_term_string}"},"query-input":{"@type":"PropertyValueSpecification","valueRequired":true,"valueName":"search_term_string"}}],"inLanguage":"es"},{"@type":"Organization","@id":"https:\/\/anam.org.gt\/inicio\/#organization","name":"Asociaci\u00f3n Nacional de Municipalidades de la Rep\u00fablica de Guatemala","url":"https:\/\/anam.org.gt\/inicio\/","logo":{"@type":"ImageObject","inLanguage":"es","@id":"https:\/\/anam.org.gt\/inicio\/#\/schema\/logo\/image\/","url":"https:\/\/anam.org.gt\/inicio\/wp-content\/uploads\/2026\/02\/logo-anam-central-1.png","contentUrl":"https:\/\/anam.org.gt\/inicio\/wp-content\/uploads\/2026\/02\/logo-anam-central-1.png","width":600,"height":280,"caption":"Asociaci\u00f3n Nacional de Municipalidades de la Rep\u00fablica de Guatemala"},"image":{"@id":"https:\/\/anam.org.gt\/inicio\/#\/schema\/logo\/image\/"},"sameAs":["https:\/\/www.facebook.com\/ANAMGuatemala.org.gt","https:\/\/x.com\/ANAM_Guatemala","https:\/\/www.instagram.com\/anam_guatemala\/?hl=es"]}]}},"_links":{"self":[{"href":"https:\/\/anam.org.gt\/inicio\/wp-json\/wp\/v2\/pages\/639","targetHints":{"allow":["GET"]}}],"collection":[{"href":"https:\/\/anam.org.gt\/inicio\/wp-json\/wp\/v2\/pages"}],"about":[{"href":"https:\/\/anam.org.gt\/inicio\/wp-json\/wp\/v2\/types\/page"}],"author":[{"embeddable":true,"href":"https:\/\/anam.org.gt\/inicio\/wp-json\/wp\/v2\/users\/4"}],"replies":[{"embeddable":true,"href":"https:\/\/anam.org.gt\/inicio\/wp-json\/wp\/v2\/comments?post=639"}],"version-history":[{"count":57,"href":"https:\/\/anam.org.gt\/inicio\/wp-json\/wp\/v2\/pages\/639\/revisions"}],"predecessor-version":[{"id":2258,"href":"https:\/\/anam.org.gt\/inicio\/wp-json\/wp\/v2\/pages\/639\/revisions\/2258"}],"wp:attachment":[{"href":"https:\/\/anam.org.gt\/inicio\/wp-json\/wp\/v2\/media?parent=639"}],"curies":[{"name":"wp","href":"https:\/\/api.w.org\/{rel}","templated":true}]}}