{"id":749,"date":"2023-03-29T05:16:14","date_gmt":"2023-03-29T05:16:14","guid":{"rendered":"https:\/\/anam.org.gt\/inicio\/?page_id=749"},"modified":"2026-02-13T21:03:01","modified_gmt":"2026-02-13T21:03:01","slug":"juntadirectiva","status":"publish","type":"page","link":"https:\/\/anam.org.gt\/inicio\/juntadirectiva\/","title":{"rendered":"Junta Directiva"},"content":{"rendered":"\t\t<div data-elementor-type=\"wp-page\" data-elementor-id=\"749\" class=\"elementor elementor-749\">\n\t\t\t\t\t\t<section class=\"elementor-section elementor-top-section elementor-element elementor-element-78447ce7 elementor-section-full_width elementor-section-height-default elementor-section-height-default\" data-id=\"78447ce7\" data-element_type=\"section\">\n\t\t\t\t\t\t<div class=\"elementor-container elementor-column-gap-no\">\n\t\t\t\t\t<div class=\"elementor-column elementor-col-100 elementor-top-column elementor-element elementor-element-474b1b69\" data-id=\"474b1b69\" data-element_type=\"column\">\n\t\t\t<div class=\"elementor-widget-wrap elementor-element-populated\">\n\t\t\t\t\t\t<div class=\"elementor-element elementor-element-8af466b elementor-widget elementor-widget-govity-team\" data-id=\"8af466b\" data-element_type=\"widget\" data-widget_type=\"govity-team.default\">\n\t\t\t\t<div class=\"elementor-widget-container\">\n\t\t\t\t\t\t<!--Team One Start-->\r\n\t<section class=\"team-one\">\r\n\t\t<div class=\"container\">\r\n\t\t\t\t\t\t<div class=\"team-one__inner\">\r\n\t\t\t\t<div class=\"row\">\r\n\t\t\t\t\t\t\t\t\t\t\t<!--Team One Single Start-->\r\n\t\t\t\t\t\t<div class=\"col-xl-4 col-lg-4\">\r\n\t\t\t\t\t\t\t<div class=\"team-one__single\">\r\n\t\t\t\t\t\t\t\t<div class=\"team-one__shape-1\">\r\n\t\t\t\t\t\t\t\t\t\t\t\t\t\t\t\t\t<\/div>\r\n\t\t\t\t\t\t\t\t<div class=\"team-one__img-box\">\r\n\t\t\t\t\t\t\t\t\t<div class=\"team-one__img\">\r\n\t\t\t\t\t\t\t\t\t\t<img decoding=\"async\" src=\"https:\/\/anam.org.gt\/inicio\/wp-content\/uploads\/2026\/02\/SS-2_2.png\" alt=\"SS-2_2\" title=\"SS-2_2\" >\t\t\t\t\t\t\t\t\t<\/div>\r\n\t\t\t\t\t\t\t\t<\/div>\r\n\t\t\t\t\t\t\t\t<div class=\"team-one__content\">\r\n\t\t\t\t\t\t\t\t\t<h3 class=\"team-one__name\">\r\n\t\t\t\t\t\t\t\t\t\t<a class=\"\" href=\"https:\/\/anam.org.gt\/inicio\/sebastian-siero\/\"  >Sebastian Siero<\/a>\t\t\t\t\t\t\t\t\t<\/h3>\r\n\t\t\t\t\t\t\t\t\t<p class=\"team-one__sub-title\">Presidente ANAM<\/p>\t\t\t\t\t\t\t\t\t<div class=\"team-one__social\">\r\n\t\t\t\t\t\t\t\t\t\t<br>\n\n&nbsp;&nbsp;\n<a href=\"https:\/\/www.facebook.com\/ingsebastiansiero\">\n    <i class=\"fab fa-facebook\"><\/i>\n<\/a>\n&nbsp;&nbsp;\n<a href=\"https:\/\/www.tiktok.com\/@sebastiansiero\">\n    <i class=\"fab fa-tiktok\"><\/i>\n<\/a>\n&nbsp;&nbsp;\n<a href=\"https:\/\/www.instagram.com\/sebastiansiero\">\n    <i class=\"fab fa-instagram\"><\/i>\n<\/a>\n&nbsp;&nbsp;\n<a href=\"https:\/\/x.com\/sebastiansiero\">\n    <i class=\"fab fa-twitter\"><\/i>\n<\/a>\n\t\t\t\t\t\t\t\t\t<\/div>\r\n\t\t\t\t\t\t\t\t<\/div>\r\n\t\t\t\t\t\t\t<\/div>\r\n\t\t\t\t\t\t<\/div>\r\n\t\t\t\t\t\t<!--Team One Single End-->\r\n\t\t\t\t\t\t\t\t\t\t\t\t\t\t\t\t\t<!--Team One Single Start-->\r\n\t\t\t\t\t\t<div class=\"col-xl-4 col-lg-4\">\r\n\t\t\t\t\t\t\t<div class=\"team-one__single\">\r\n\t\t\t\t\t\t\t\t<div class=\"team-one__shape-2\">\r\n\t\t\t\t\t\t\t\t\t\t\t\t\t\t\t\t\t<\/div>\r\n\t\t\t\t\t\t\t\t<div class=\"team-one__img-box\">\r\n\t\t\t\t\t\t\t\t\t<div class=\"team-one__img\">\r\n\t\t\t\t\t\t\t\t\t\t<img decoding=\"async\" src=\"https:\/\/anam.org.gt\/inicio\/wp-content\/uploads\/2026\/02\/VICE.png\" alt=\"VICE\" title=\"VICE\" >\t\t\t\t\t\t\t\t\t<\/div>\r\n\t\t\t\t\t\t\t\t<\/div>\r\n\t\t\t\t\t\t\t\t<div class=\"team-one__content\">\r\n\t\t\t\t\t\t\t\t\t<h3 class=\"team-one__name\">\r\n\t\t\t\t\t\t\t\t\t\t<a class=\" \" href=\"\"  >Walther Estuardo Ayala<\/a>\t\t\t\t\t\t\t\t\t<\/h3>\r\n\t\t\t\t\t\t\t\t\t<p class=\"team-one__sub-title team-one__sub-title\">Primer Vicepresidente<\/p>\t\t\t\t\t\t\t\t\t<div class=\"team-one__social\">\r\n\t\t\t\t\t\t\t\t\t\tAlcalde - Fray Bartolom\u00e9 De Las Casas, Alta Verapaz\t\t\t\t\t\t\t\t\t<\/div>\r\n\t\t\t\t\t\t\t\t<\/div>\r\n\t\t\t\t\t\t\t<\/div>\r\n\t\t\t\t\t\t<\/div>\r\n\t\t\t\t\t\t<!--Team One Single End-->\r\n\t\t\t\t\t\t\t\t\t\t\t\t\t\t\t\t\t<!--Team One Single Start-->\r\n\t\t\t\t\t\t<div class=\"col-xl-4 col-lg-4\">\r\n\t\t\t\t\t\t\t<div class=\"team-one__single\">\r\n\t\t\t\t\t\t\t\t<div class=\"team-one__shape-3\">\r\n\t\t\t\t\t\t\t\t\t\t\t\t\t\t\t\t\t<\/div>\r\n\t\t\t\t\t\t\t\t<div class=\"team-one__img-box\">\r\n\t\t\t\t\t\t\t\t\t<div class=\"team-one__img\">\r\n\t\t\t\t\t\t\t\t\t\t<img decoding=\"async\" src=\"https:\/\/anam.org.gt\/inicio\/wp-content\/uploads\/2026\/02\/TECTITAN.png\" alt=\"TECTITAN\" title=\"TECTITAN\" >\t\t\t\t\t\t\t\t\t<\/div>\r\n\t\t\t\t\t\t\t\t<\/div>\r\n\t\t\t\t\t\t\t\t<div class=\"team-one__content\">\r\n\t\t\t\t\t\t\t\t\t<h3 class=\"team-one__name\">\r\n\t\t\t\t\t\t\t\t\t\t<a class=\"  \" href=\"\"  >Dony Rossembert Angel<\/a>\t\t\t\t\t\t\t\t\t<\/h3>\r\n\t\t\t\t\t\t\t\t\t<p class=\"team-one__sub-title team-one__sub-title team-one__sub-title\">Segundo Vicepresidente<\/p>\t\t\t\t\t\t\t\t\t<div class=\"team-one__social\">\r\n\t\t\t\t\t\t\t\t\t\t<br>\n \nAlcalde - Tectit\u00e1n, Huehuetenango.\n<br>\n \t\t\t\t\t\t\t\t\t<\/div>\r\n\t\t\t\t\t\t\t\t<\/div>\r\n\t\t\t\t\t\t\t<\/div>\r\n\t\t\t\t\t\t<\/div>\r\n\t\t\t\t\t\t<!--Team One Single End-->\r\n\t\t\t\t\t\t\t\t\t\t\t\t\t\t\t\t\t<!--Team One Single Start-->\r\n\t\t\t\t\t\t<div class=\"col-xl-4 col-lg-4\">\r\n\t\t\t\t\t\t\t<div class=\"team-one__single\">\r\n\t\t\t\t\t\t\t\t<div class=\"team-one__shape-4\">\r\n\t\t\t\t\t\t\t\t\t\t\t\t\t\t\t\t\t<\/div>\r\n\t\t\t\t\t\t\t\t<div class=\"team-one__img-box\">\r\n\t\t\t\t\t\t\t\t\t<div class=\"team-one__img\">\r\n\t\t\t\t\t\t\t\t\t\t<img decoding=\"async\" src=\"https:\/\/anam.org.gt\/inicio\/wp-content\/uploads\/2026\/02\/SALCAJA.png\" alt=\"SALCAJA\" title=\"SALCAJA\" >\t\t\t\t\t\t\t\t\t<\/div>\r\n\t\t\t\t\t\t\t\t<\/div>\r\n\t\t\t\t\t\t\t\t<div class=\"team-one__content\">\r\n\t\t\t\t\t\t\t\t\t<h3 class=\"team-one__name\">\r\n\t\t\t\t\t\t\t\t\t\t<a class=\"   \" href=\"\"  >William Bernard Calder\u00f3n<\/a>\t\t\t\t\t\t\t\t\t<\/h3>\r\n\t\t\t\t\t\t\t\t\t<p class=\"team-one__sub-title team-one__sub-title team-one__sub-title team-one__sub-title\">Tercer Vicepresidente<\/p>\t\t\t\t\t\t\t\t\t<div class=\"team-one__social\">\r\n\t\t\t\t\t\t\t\t\t\tAlcalde - Salcaj\u00e1, Quetzaltenango.\t\t\t\t\t\t\t\t\t<\/div>\r\n\t\t\t\t\t\t\t\t<\/div>\r\n\t\t\t\t\t\t\t<\/div>\r\n\t\t\t\t\t\t<\/div>\r\n\t\t\t\t\t\t<!--Team One Single End-->\r\n\t\t\t\t\t\t\t\t\t\t\t\t\t\t\t\t\t<!--Team One Single Start-->\r\n\t\t\t\t\t\t<div class=\"col-xl-4 col-lg-4\">\r\n\t\t\t\t\t\t\t<div class=\"team-one__single\">\r\n\t\t\t\t\t\t\t\t<div class=\"team-one__shape-5\">\r\n\t\t\t\t\t\t\t\t\t\t\t\t\t\t\t\t\t<\/div>\r\n\t\t\t\t\t\t\t\t<div class=\"team-one__img-box\">\r\n\t\t\t\t\t\t\t\t\t<div class=\"team-one__img\">\r\n\t\t\t\t\t\t\t\t\t\t<img decoding=\"async\" src=\"https:\/\/anam.org.gt\/inicio\/wp-content\/uploads\/2026\/02\/NUEVA-SAN-CARLOS.png\" alt=\"NUEVA-SAN-CARLOS\" title=\"NUEVA-SAN-CARLOS\" >\t\t\t\t\t\t\t\t\t<\/div>\r\n\t\t\t\t\t\t\t\t<\/div>\r\n\t\t\t\t\t\t\t\t<div class=\"team-one__content\">\r\n\t\t\t\t\t\t\t\t\t<h3 class=\"team-one__name\">\r\n\t\t\t\t\t\t\t\t\t\t<a class=\"    \" href=\"\"  >Juan Carlos Escobar <\/a>\t\t\t\t\t\t\t\t\t<\/h3>\r\n\t\t\t\t\t\t\t\t\t<p class=\"team-one__sub-title team-one__sub-title team-one__sub-title team-one__sub-title team-one__sub-title\">Secretario<\/p>\t\t\t\t\t\t\t\t\t<div class=\"team-one__social\">\r\n\t\t\t\t\t\t\t\t\t\t\nAlcalde - Nuevo San Carlos, Retalhuleu.\t\t\t\t\t\t\t\t\t<\/div>\r\n\t\t\t\t\t\t\t\t<\/div>\r\n\t\t\t\t\t\t\t<\/div>\r\n\t\t\t\t\t\t<\/div>\r\n\t\t\t\t\t\t<!--Team One Single End-->\r\n\t\t\t\t\t\t\t\t\t\t\t\t\t\t\t\t\t<!--Team One Single Start-->\r\n\t\t\t\t\t\t<div class=\"col-xl-4 col-lg-4\">\r\n\t\t\t\t\t\t\t<div class=\"team-one__single\">\r\n\t\t\t\t\t\t\t\t<div class=\"team-one__shape-6\">\r\n\t\t\t\t\t\t\t\t\t\t\t\t\t\t\t\t\t<\/div>\r\n\t\t\t\t\t\t\t\t<div class=\"team-one__img-box\">\r\n\t\t\t\t\t\t\t\t\t<div class=\"team-one__img\">\r\n\t\t\t\t\t\t\t\t\t\t<img decoding=\"async\" src=\"https:\/\/anam.org.gt\/inicio\/wp-content\/uploads\/2026\/02\/GUASTA.png\" alt=\"GUASTA\" title=\"GUASTA\" >\t\t\t\t\t\t\t\t\t<\/div>\r\n\t\t\t\t\t\t\t\t<\/div>\r\n\t\t\t\t\t\t\t\t<div class=\"team-one__content\">\r\n\t\t\t\t\t\t\t\t\t<h3 class=\"team-one__name\">\r\n\t\t\t\t\t\t\t\t\t\t<a class=\"     \" href=\"\"  >Jos\u00e9 El\u00edas Herrera<\/a>\t\t\t\t\t\t\t\t\t<\/h3>\r\n\t\t\t\t\t\t\t\t\t<p class=\"team-one__sub-title team-one__sub-title team-one__sub-title team-one__sub-title team-one__sub-title team-one__sub-title\">Tesorero<\/p>\t\t\t\t\t\t\t\t\t<div class=\"team-one__social\">\r\n\t\t\t\t\t\t\t\t\t\t<br>\rAlcalde - Guastatoya, El Progreso.\r\t\t\t\t\t\t\t\t\t<\/div>\r\n\t\t\t\t\t\t\t\t<\/div>\r\n\t\t\t\t\t\t\t<\/div>\r\n\t\t\t\t\t\t<\/div>\r\n\t\t\t\t\t\t<!--Team One Single End-->\r\n\t\t\t\t\t\t\t\t\t\t\t\t\t\t\t\t\t<!--Team One Single Start-->\r\n\t\t\t\t\t\t<div class=\"col-xl-4 col-lg-4\">\r\n\t\t\t\t\t\t\t<div class=\"team-one__single\">\r\n\t\t\t\t\t\t\t\t<div class=\"team-one__shape-1\">\r\n\t\t\t\t\t\t\t\t\t\t\t\t\t\t\t\t\t<\/div>\r\n\t\t\t\t\t\t\t\t<div class=\"team-one__img-box\">\r\n\t\t\t\t\t\t\t\t\t<div class=\"team-one__img\">\r\n\t\t\t\t\t\t\t\t\t\t<img decoding=\"async\" src=\"https:\/\/anam.org.gt\/inicio\/wp-content\/uploads\/2026\/02\/VISITACION.png\" alt=\"VISITACION\" title=\"VISITACION\" >\t\t\t\t\t\t\t\t\t<\/div>\r\n\t\t\t\t\t\t\t\t<\/div>\r\n\t\t\t\t\t\t\t\t<div class=\"team-one__content\">\r\n\t\t\t\t\t\t\t\t\t<h3 class=\"team-one__name\">\r\n\t\t\t\t\t\t\t\t\t\t<a class=\"      \" href=\"\"  >Mario Roberto Dionisio<\/a>\t\t\t\t\t\t\t\t\t<\/h3>\r\n\t\t\t\t\t\t\t\t\t<p class=\"team-one__sub-title team-one__sub-title team-one__sub-title team-one__sub-title team-one__sub-title team-one__sub-title team-one__sub-title\">Vicepresidente Departamental<\/p>\t\t\t\t\t\t\t\t\t<div class=\"team-one__social\">\r\n\t\t\t\t\t\t\t\t\t\tAlcalde - Santa Mar\u00eda Visitaci\u00f3n, Solol\u00e1.\t\t\t\t\t\t\t\t\t<\/div>\r\n\t\t\t\t\t\t\t\t<\/div>\r\n\t\t\t\t\t\t\t<\/div>\r\n\t\t\t\t\t\t<\/div>\r\n\t\t\t\t\t\t<!--Team One Single End-->\r\n\t\t\t\t\t\t\t\t\t\t\t\t\t\t\t\t\t<!--Team One Single Start-->\r\n\t\t\t\t\t\t<div class=\"col-xl-4 col-lg-4\">\r\n\t\t\t\t\t\t\t<div class=\"team-one__single\">\r\n\t\t\t\t\t\t\t\t<div class=\"team-one__shape-2\">\r\n\t\t\t\t\t\t\t\t\t\t\t\t\t\t\t\t\t<\/div>\r\n\t\t\t\t\t\t\t\t<div class=\"team-one__img-box\">\r\n\t\t\t\t\t\t\t\t\t<div class=\"team-one__img\">\r\n\t\t\t\t\t\t\t\t\t\t<img decoding=\"async\" src=\"https:\/\/anam.org.gt\/inicio\/wp-content\/uploads\/2026\/02\/Maynor.png\" alt=\"Maynor\" title=\"Maynor\" >\t\t\t\t\t\t\t\t\t<\/div>\r\n\t\t\t\t\t\t\t\t<\/div>\r\n\t\t\t\t\t\t\t\t<div class=\"team-one__content\">\r\n\t\t\t\t\t\t\t\t\t<h3 class=\"team-one__name\">\r\n\t\t\t\t\t\t\t\t\t\t<a class=\"       \" href=\"\"  >Maynor David Portillo<\/a>\t\t\t\t\t\t\t\t\t<\/h3>\r\n\t\t\t\t\t\t\t\t\t<p class=\"team-one__sub-title team-one__sub-title team-one__sub-title team-one__sub-title team-one__sub-title team-one__sub-title team-one__sub-title team-one__sub-title\">Vicepresidente Departamental<\/p>\t\t\t\t\t\t\t\t\t<div class=\"team-one__social\">\r\n\t\t\t\t\t\t\t\t\t\t<br>\nAlcalde - Morales, Izabal.\t\t\t\t\t\t\t\t\t<\/div>\r\n\t\t\t\t\t\t\t\t<\/div>\r\n\t\t\t\t\t\t\t<\/div>\r\n\t\t\t\t\t\t<\/div>\r\n\t\t\t\t\t\t<!--Team One Single End-->\r\n\t\t\t\t\t\t\t\t\t\t\t\t\t\t\t\t\t<!--Team One Single Start-->\r\n\t\t\t\t\t\t<div class=\"col-xl-4 col-lg-4\">\r\n\t\t\t\t\t\t\t<div class=\"team-one__single\">\r\n\t\t\t\t\t\t\t\t<div class=\"team-one__shape-3\">\r\n\t\t\t\t\t\t\t\t\t\t\t\t\t\t\t\t\t<\/div>\r\n\t\t\t\t\t\t\t\t<div class=\"team-one__img-box\">\r\n\t\t\t\t\t\t\t\t\t<div class=\"team-one__img\">\r\n\t\t\t\t\t\t\t\t\t\t<img decoding=\"async\" src=\"https:\/\/anam.org.gt\/inicio\/wp-content\/uploads\/2026\/02\/CUNEN.png\" alt=\"CUNE\u0301N\" title=\"CUNE\u0301N\" >\t\t\t\t\t\t\t\t\t<\/div>\r\n\t\t\t\t\t\t\t\t<\/div>\r\n\t\t\t\t\t\t\t\t<div class=\"team-one__content\">\r\n\t\t\t\t\t\t\t\t\t<h3 class=\"team-one__name\">\r\n\t\t\t\t\t\t\t\t\t\t<a class=\"        \" href=\"\"  >Jos\u00e9 Manuel Cabrera<\/a>\t\t\t\t\t\t\t\t\t<\/h3>\r\n\t\t\t\t\t\t\t\t\t<p class=\"team-one__sub-title team-one__sub-title team-one__sub-title team-one__sub-title team-one__sub-title team-one__sub-title team-one__sub-title team-one__sub-title team-one__sub-title\">Vicepresidente Departamental<\/p>\t\t\t\t\t\t\t\t\t<div class=\"team-one__social\">\r\n\t\t\t\t\t\t\t\t\t\t<br>\nAlcalde - Cun\u00e9n, Quich\u00e9.\t\t\t\t\t\t\t\t\t<\/div>\r\n\t\t\t\t\t\t\t\t<\/div>\r\n\t\t\t\t\t\t\t<\/div>\r\n\t\t\t\t\t\t<\/div>\r\n\t\t\t\t\t\t<!--Team One Single End-->\r\n\t\t\t\t\t\t\t\t\t\t\t\t\t\t\t\t\t<!--Team One Single Start-->\r\n\t\t\t\t\t\t<div class=\"col-xl-4 col-lg-4\">\r\n\t\t\t\t\t\t\t<div class=\"team-one__single\">\r\n\t\t\t\t\t\t\t\t<div class=\"team-one__shape-4\">\r\n\t\t\t\t\t\t\t\t\t\t\t\t\t\t\t\t\t<\/div>\r\n\t\t\t\t\t\t\t\t<div class=\"team-one__img-box\">\r\n\t\t\t\t\t\t\t\t\t<div class=\"team-one__img\">\r\n\t\t\t\t\t\t\t\t\t\t<img decoding=\"async\" src=\"https:\/\/anam.org.gt\/inicio\/wp-content\/uploads\/2026\/02\/MILPAS-.png\" alt=\"MILPAS-\" title=\"MILPAS-\" >\t\t\t\t\t\t\t\t\t<\/div>\r\n\t\t\t\t\t\t\t\t<\/div>\r\n\t\t\t\t\t\t\t\t<div class=\"team-one__content\">\r\n\t\t\t\t\t\t\t\t\t<h3 class=\"team-one__name\">\r\n\t\t\t\t\t\t\t\t\t\t<a class=\"         \" href=\"\"  >Luis Orlando Guerra<\/a>\t\t\t\t\t\t\t\t\t<\/h3>\r\n\t\t\t\t\t\t\t\t\t<p class=\"team-one__sub-title team-one__sub-title team-one__sub-title team-one__sub-title team-one__sub-title team-one__sub-title team-one__sub-title team-one__sub-title team-one__sub-title team-one__sub-title\">Vicepresidente Departamental<\/p>\t\t\t\t\t\t\t\t\t<div class=\"team-one__social\">\r\n\t\t\t\t\t\t\t\t\t\t<br>\nAlcalde - Santa Luc\u00eda Milpas Altas, Sacatep\u00e9quez.\t\t\t\t\t\t\t\t\t<\/div>\r\n\t\t\t\t\t\t\t\t<\/div>\r\n\t\t\t\t\t\t\t<\/div>\r\n\t\t\t\t\t\t<\/div>\r\n\t\t\t\t\t\t<!--Team One Single End-->\r\n\t\t\t\t\t\t\t\t\t\t\t\t\t\t\t\t\t<!--Team One Single Start-->\r\n\t\t\t\t\t\t<div class=\"col-xl-4 col-lg-4\">\r\n\t\t\t\t\t\t\t<div class=\"team-one__single\">\r\n\t\t\t\t\t\t\t\t<div class=\"team-one__shape-5\">\r\n\t\t\t\t\t\t\t\t\t\t\t\t\t\t\t\t\t<\/div>\r\n\t\t\t\t\t\t\t\t<div class=\"team-one__img-box\">\r\n\t\t\t\t\t\t\t\t\t<div class=\"team-one__img\">\r\n\t\t\t\t\t\t\t\t\t\t<img decoding=\"async\" src=\"https:\/\/anam.org.gt\/inicio\/wp-content\/uploads\/2026\/02\/ACATENANGO.png\" alt=\"ACATENANGO\" title=\"ACATENANGO\" >\t\t\t\t\t\t\t\t\t<\/div>\r\n\t\t\t\t\t\t\t\t<\/div>\r\n\t\t\t\t\t\t\t\t<div class=\"team-one__content\">\r\n\t\t\t\t\t\t\t\t\t<h3 class=\"team-one__name\">\r\n\t\t\t\t\t\t\t\t\t\t<a class=\"          \" href=\"\"  >Werner Abedamar Marroqu\u00edn<\/a>\t\t\t\t\t\t\t\t\t<\/h3>\r\n\t\t\t\t\t\t\t\t\t<p class=\"team-one__sub-title team-one__sub-title team-one__sub-title team-one__sub-title team-one__sub-title team-one__sub-title team-one__sub-title team-one__sub-title team-one__sub-title team-one__sub-title team-one__sub-title\">Vicepresidente Departamental<\/p>\t\t\t\t\t\t\t\t\t<div class=\"team-one__social\">\r\n\t\t\t\t\t\t\t\t\t\tAlcalde - Acatenango, Chimaltenango.\t\t\t\t\t\t\t\t\t<\/div>\r\n\t\t\t\t\t\t\t\t<\/div>\r\n\t\t\t\t\t\t\t<\/div>\r\n\t\t\t\t\t\t<\/div>\r\n\t\t\t\t\t\t<!--Team One Single End-->\r\n\t\t\t\t\t\t\t\t\t\t\t\t\t\t\t\t\t<!--Team One Single Start-->\r\n\t\t\t\t\t\t<div class=\"col-xl-4 col-lg-4\">\r\n\t\t\t\t\t\t\t<div class=\"team-one__single\">\r\n\t\t\t\t\t\t\t\t<div class=\"team-one__shape-6\">\r\n\t\t\t\t\t\t\t\t\t\t\t\t\t\t\t\t\t<\/div>\r\n\t\t\t\t\t\t\t\t<div class=\"team-one__img-box\">\r\n\t\t\t\t\t\t\t\t\t<div class=\"team-one__img\">\r\n\t\t\t\t\t\t\t\t\t\t<img decoding=\"async\" src=\"https:\/\/anam.org.gt\/inicio\/wp-content\/uploads\/2026\/02\/SAN-LORENZO.png\" alt=\"SAN-LORENZO\" title=\"SAN-LORENZO\" >\t\t\t\t\t\t\t\t\t<\/div>\r\n\t\t\t\t\t\t\t\t<\/div>\r\n\t\t\t\t\t\t\t\t<div class=\"team-one__content\">\r\n\t\t\t\t\t\t\t\t\t<h3 class=\"team-one__name\">\r\n\t\t\t\t\t\t\t\t\t\t<a class=\"           \" href=\"\"  >Maximiliano Marroquin<\/a>\t\t\t\t\t\t\t\t\t<\/h3>\r\n\t\t\t\t\t\t\t\t\t<p class=\"team-one__sub-title team-one__sub-title team-one__sub-title team-one__sub-title team-one__sub-title team-one__sub-title team-one__sub-title team-one__sub-title team-one__sub-title team-one__sub-title team-one__sub-title team-one__sub-title\">Vicepresidente Departamental<\/p>\t\t\t\t\t\t\t\t\t<div class=\"team-one__social\">\r\n\t\t\t\t\t\t\t\t\t\t<br>\n<br>\nAlcalde - San Lorenzo, San Marcos.\t\t\t\t\t\t\t\t\t<\/div>\r\n\t\t\t\t\t\t\t\t<\/div>\r\n\t\t\t\t\t\t\t<\/div>\r\n\t\t\t\t\t\t<\/div>\r\n\t\t\t\t\t\t<!--Team One Single End-->\r\n\t\t\t\t\t\t\t\t\t\t\t\t\t\t\t\t\t<!--Team One Single Start-->\r\n\t\t\t\t\t\t<div class=\"col-xl-4 col-lg-4\">\r\n\t\t\t\t\t\t\t<div class=\"team-one__single\">\r\n\t\t\t\t\t\t\t\t<div class=\"team-one__shape-1\">\r\n\t\t\t\t\t\t\t\t\t\t\t\t\t\t\t\t\t<\/div>\r\n\t\t\t\t\t\t\t\t<div class=\"team-one__img-box\">\r\n\t\t\t\t\t\t\t\t\t<div class=\"team-one__img\">\r\n\t\t\t\t\t\t\t\t\t\t<img decoding=\"async\" src=\"https:\/\/anam.org.gt\/inicio\/wp-content\/uploads\/2026\/02\/PATULUL.png\" alt=\"PATULUL\" title=\"PATULUL\" >\t\t\t\t\t\t\t\t\t<\/div>\r\n\t\t\t\t\t\t\t\t<\/div>\r\n\t\t\t\t\t\t\t\t<div class=\"team-one__content\">\r\n\t\t\t\t\t\t\t\t\t<h3 class=\"team-one__name\">\r\n\t\t\t\t\t\t\t\t\t\t<a class=\"            \" href=\"\"  >Carlos Gustavo Perez<\/a>\t\t\t\t\t\t\t\t\t<\/h3>\r\n\t\t\t\t\t\t\t\t\t<p class=\"team-one__sub-title team-one__sub-title team-one__sub-title team-one__sub-title team-one__sub-title team-one__sub-title team-one__sub-title team-one__sub-title team-one__sub-title team-one__sub-title team-one__sub-title team-one__sub-title team-one__sub-title\">Vicepresidente Departamental<\/p>\t\t\t\t\t\t\t\t\t<div class=\"team-one__social\">\r\n\t\t\t\t\t\t\t\t\t\t<br>\nAlcalde - Patulul, Suchitep\u00e9quez.\t\t\t\t\t\t\t\t\t<\/div>\r\n\t\t\t\t\t\t\t\t<\/div>\r\n\t\t\t\t\t\t\t<\/div>\r\n\t\t\t\t\t\t<\/div>\r\n\t\t\t\t\t\t<!--Team One Single End-->\r\n\t\t\t\t\t\t\t\t\t\t\t\t\t\t\t\t\t<!--Team One Single Start-->\r\n\t\t\t\t\t\t<div class=\"col-xl-4 col-lg-4\">\r\n\t\t\t\t\t\t\t<div class=\"team-one__single\">\r\n\t\t\t\t\t\t\t\t<div class=\"team-one__shape-2\">\r\n\t\t\t\t\t\t\t\t\t\t\t\t\t\t\t\t\t<\/div>\r\n\t\t\t\t\t\t\t\t<div class=\"team-one__img-box\">\r\n\t\t\t\t\t\t\t\t\t<div class=\"team-one__img\">\r\n\t\t\t\t\t\t\t\t\t\t<img decoding=\"async\" src=\"https:\/\/anam.org.gt\/inicio\/wp-content\/uploads\/2026\/02\/CASILLAS.png\" alt=\"CASILLAS\" title=\"CASILLAS\" >\t\t\t\t\t\t\t\t\t<\/div>\r\n\t\t\t\t\t\t\t\t<\/div>\r\n\t\t\t\t\t\t\t\t<div class=\"team-one__content\">\r\n\t\t\t\t\t\t\t\t\t<h3 class=\"team-one__name\">\r\n\t\t\t\t\t\t\t\t\t\t<a class=\"             \" href=\"\"  >Dayri Benjamin Bocanegra<\/a>\t\t\t\t\t\t\t\t\t<\/h3>\r\n\t\t\t\t\t\t\t\t\t<p class=\"team-one__sub-title team-one__sub-title team-one__sub-title team-one__sub-title team-one__sub-title team-one__sub-title team-one__sub-title team-one__sub-title team-one__sub-title team-one__sub-title team-one__sub-title team-one__sub-title team-one__sub-title team-one__sub-title\">Vicepresidente Departamental<\/p>\t\t\t\t\t\t\t\t\t<div class=\"team-one__social\">\r\n\t\t\t\t\t\t\t\t\t\tAlcalde - Casillas, Santa Rosa.\t\t\t\t\t\t\t\t\t<\/div>\r\n\t\t\t\t\t\t\t\t<\/div>\r\n\t\t\t\t\t\t\t<\/div>\r\n\t\t\t\t\t\t<\/div>\r\n\t\t\t\t\t\t<!--Team One Single End-->\r\n\t\t\t\t\t\t\t\t\t\t\t\t\t\t\t\t\t<!--Team One Single Start-->\r\n\t\t\t\t\t\t<div class=\"col-xl-4 col-lg-4\">\r\n\t\t\t\t\t\t\t<div class=\"team-one__single\">\r\n\t\t\t\t\t\t\t\t<div class=\"team-one__shape-3\">\r\n\t\t\t\t\t\t\t\t\t\t\t\t\t\t\t\t\t<\/div>\r\n\t\t\t\t\t\t\t\t<div class=\"team-one__img-box\">\r\n\t\t\t\t\t\t\t\t\t<div class=\"team-one__img\">\r\n\t\t\t\t\t\t\t\t\t\t<img decoding=\"async\" src=\"https:\/\/anam.org.gt\/inicio\/wp-content\/uploads\/2026\/02\/GUANAZAPA.png\" alt=\"GUANAZAPA\" title=\"GUANAZAPA\" >\t\t\t\t\t\t\t\t\t<\/div>\r\n\t\t\t\t\t\t\t\t<\/div>\r\n\t\t\t\t\t\t\t\t<div class=\"team-one__content\">\r\n\t\t\t\t\t\t\t\t\t<h3 class=\"team-one__name\">\r\n\t\t\t\t\t\t\t\t\t\t<a class=\"              \" href=\"\"  >Weimer Wuilfredo Reyes<\/a>\t\t\t\t\t\t\t\t\t<\/h3>\r\n\t\t\t\t\t\t\t\t\t<p class=\"team-one__sub-title team-one__sub-title team-one__sub-title team-one__sub-title team-one__sub-title team-one__sub-title team-one__sub-title team-one__sub-title team-one__sub-title team-one__sub-title team-one__sub-title team-one__sub-title team-one__sub-title team-one__sub-title team-one__sub-title\">Vicepresidente Departamental<\/p>\t\t\t\t\t\t\t\t\t<div class=\"team-one__social\">\r\n\t\t\t\t\t\t\t\t\t\t<br>\nAlcalde - Guanagazapa, Escuintla.\t\t\t\t\t\t\t\t\t<\/div>\r\n\t\t\t\t\t\t\t\t<\/div>\r\n\t\t\t\t\t\t\t<\/div>\r\n\t\t\t\t\t\t<\/div>\r\n\t\t\t\t\t\t<!--Team One Single End-->\r\n\t\t\t\t\t\t\t\t\t\t\t\t\t\t\t\t\t<!--Team One Single Start-->\r\n\t\t\t\t\t\t<div class=\"col-xl-4 col-lg-4\">\r\n\t\t\t\t\t\t\t<div class=\"team-one__single\">\r\n\t\t\t\t\t\t\t\t<div class=\"team-one__shape-4\">\r\n\t\t\t\t\t\t\t\t\t\t\t\t\t\t\t\t\t<\/div>\r\n\t\t\t\t\t\t\t\t<div class=\"team-one__img-box\">\r\n\t\t\t\t\t\t\t\t\t<div class=\"team-one__img\">\r\n\t\t\t\t\t\t\t\t\t\t<img decoding=\"async\" src=\"https:\/\/anam.org.gt\/inicio\/wp-content\/uploads\/2026\/02\/YUPILTE.png\" alt=\"YUPILTE\" title=\"YUPILTE\" >\t\t\t\t\t\t\t\t\t<\/div>\r\n\t\t\t\t\t\t\t\t<\/div>\r\n\t\t\t\t\t\t\t\t<div class=\"team-one__content\">\r\n\t\t\t\t\t\t\t\t\t<h3 class=\"team-one__name\">\r\n\t\t\t\t\t\t\t\t\t\t<a class=\"               \" href=\"\"  >Carlos Anibal Godoy<\/a>\t\t\t\t\t\t\t\t\t<\/h3>\r\n\t\t\t\t\t\t\t\t\t<p class=\"team-one__sub-title team-one__sub-title team-one__sub-title team-one__sub-title team-one__sub-title team-one__sub-title team-one__sub-title team-one__sub-title team-one__sub-title team-one__sub-title team-one__sub-title team-one__sub-title team-one__sub-title team-one__sub-title team-one__sub-title team-one__sub-title\">Vicepresidente Departamental<\/p>\t\t\t\t\t\t\t\t\t<div class=\"team-one__social\">\r\n\t\t\t\t\t\t\t\t\t\t<br>\nAlcalde - Yupiltepeque, Jutiapa.\t\t\t\t\t\t\t\t\t<\/div>\r\n\t\t\t\t\t\t\t\t<\/div>\r\n\t\t\t\t\t\t\t<\/div>\r\n\t\t\t\t\t\t<\/div>\r\n\t\t\t\t\t\t<!--Team One Single End-->\r\n\t\t\t\t\t\t\t\t\t\t\t\t\t\t\t\t\t<!--Team One Single Start-->\r\n\t\t\t\t\t\t<div class=\"col-xl-4 col-lg-4\">\r\n\t\t\t\t\t\t\t<div class=\"team-one__single\">\r\n\t\t\t\t\t\t\t\t<div class=\"team-one__shape-5\">\r\n\t\t\t\t\t\t\t\t\t\t\t\t\t\t\t\t\t<\/div>\r\n\t\t\t\t\t\t\t\t<div class=\"team-one__img-box\">\r\n\t\t\t\t\t\t\t\t\t<div class=\"team-one__img\">\r\n\t\t\t\t\t\t\t\t\t\t<img decoding=\"async\" src=\"https:\/\/anam.org.gt\/inicio\/wp-content\/uploads\/2026\/02\/11-1.png\" alt=\"11\" title=\"11\" >\t\t\t\t\t\t\t\t\t<\/div>\r\n\t\t\t\t\t\t\t\t<\/div>\r\n\t\t\t\t\t\t\t\t<div class=\"team-one__content\">\r\n\t\t\t\t\t\t\t\t\t<h3 class=\"team-one__name\">\r\n\t\t\t\t\t\t\t\t\t\t<a class=\"                \" href=\"\"  >Victor Jord\u00e1n De La Cr\u00faz<\/a>\t\t\t\t\t\t\t\t\t<\/h3>\r\n\t\t\t\t\t\t\t\t\t<p class=\"team-one__sub-title team-one__sub-title team-one__sub-title team-one__sub-title team-one__sub-title team-one__sub-title team-one__sub-title team-one__sub-title team-one__sub-title team-one__sub-title team-one__sub-title team-one__sub-title team-one__sub-title team-one__sub-title team-one__sub-title team-one__sub-title team-one__sub-title\">Vicepresidente Departamental<\/p>\t\t\t\t\t\t\t\t\t<div class=\"team-one__social\">\r\n\t\t\t\t\t\t\t\t\t\tAlcalde - Salam\u00e1, Baja Verapaz.\t\t\t\t\t\t\t\t\t<\/div>\r\n\t\t\t\t\t\t\t\t<\/div>\r\n\t\t\t\t\t\t\t<\/div>\r\n\t\t\t\t\t\t<\/div>\r\n\t\t\t\t\t\t<!--Team One Single End-->\r\n\t\t\t\t\t\t\t\t\t\t\t\t\t\t\t\t\t<!--Team One Single Start-->\r\n\t\t\t\t\t\t<div class=\"col-xl-4 col-lg-4\">\r\n\t\t\t\t\t\t\t<div class=\"team-one__single\">\r\n\t\t\t\t\t\t\t\t<div class=\"team-one__shape-6\">\r\n\t\t\t\t\t\t\t\t\t\t\t\t\t\t\t\t\t<\/div>\r\n\t\t\t\t\t\t\t\t<div class=\"team-one__img-box\">\r\n\t\t\t\t\t\t\t\t\t<div class=\"team-one__img\">\r\n\t\t\t\t\t\t\t\t\t\t<img decoding=\"async\" src=\"https:\/\/anam.org.gt\/inicio\/wp-content\/uploads\/2026\/02\/MELCHOR.png\" alt=\"MELCHOR\" title=\"MELCHOR\" >\t\t\t\t\t\t\t\t\t<\/div>\r\n\t\t\t\t\t\t\t\t<\/div>\r\n\t\t\t\t\t\t\t\t<div class=\"team-one__content\">\r\n\t\t\t\t\t\t\t\t\t<h3 class=\"team-one__name\">\r\n\t\t\t\t\t\t\t\t\t\t<a class=\"                 \" href=\"\"  >Jorge Alberto Rodr\u00edguez<\/a>\t\t\t\t\t\t\t\t\t<\/h3>\r\n\t\t\t\t\t\t\t\t\t<p class=\"team-one__sub-title team-one__sub-title team-one__sub-title team-one__sub-title team-one__sub-title team-one__sub-title team-one__sub-title team-one__sub-title team-one__sub-title team-one__sub-title team-one__sub-title team-one__sub-title team-one__sub-title team-one__sub-title team-one__sub-title team-one__sub-title team-one__sub-title team-one__sub-title\">Vicepresidente Departamental<\/p>\t\t\t\t\t\t\t\t\t<div class=\"team-one__social\">\r\n\t\t\t\t\t\t\t\t\t\tAlcalde - Melchor De Mencos, Pet\u00e9n.\t\t\t\t\t\t\t\t\t<\/div>\r\n\t\t\t\t\t\t\t\t<\/div>\r\n\t\t\t\t\t\t\t<\/div>\r\n\t\t\t\t\t\t<\/div>\r\n\t\t\t\t\t\t<!--Team One Single End-->\r\n\t\t\t\t\t\t\t\t\t\t\t\t\t\t\t\t\t<!--Team One Single Start-->\r\n\t\t\t\t\t\t<div class=\"col-xl-4 col-lg-4\">\r\n\t\t\t\t\t\t\t<div class=\"team-one__single\">\r\n\t\t\t\t\t\t\t\t<div class=\"team-one__shape-1\">\r\n\t\t\t\t\t\t\t\t\t\t\t\t\t\t\t\t\t<\/div>\r\n\t\t\t\t\t\t\t\t<div class=\"team-one__img-box\">\r\n\t\t\t\t\t\t\t\t\t<div class=\"team-one__img\">\r\n\t\t\t\t\t\t\t\t\t\t<img decoding=\"async\" src=\"https:\/\/anam.org.gt\/inicio\/wp-content\/uploads\/2026\/02\/SAN-JORGE.png\" alt=\"SAN-JORGE\" title=\"SAN-JORGE\" >\t\t\t\t\t\t\t\t\t<\/div>\r\n\t\t\t\t\t\t\t\t<\/div>\r\n\t\t\t\t\t\t\t\t<div class=\"team-one__content\">\r\n\t\t\t\t\t\t\t\t\t<h3 class=\"team-one__name\">\r\n\t\t\t\t\t\t\t\t\t\t<a class=\"                  \" href=\"\"  >Oscar David Trujillo<\/a>\t\t\t\t\t\t\t\t\t<\/h3>\r\n\t\t\t\t\t\t\t\t\t<p class=\"team-one__sub-title team-one__sub-title team-one__sub-title team-one__sub-title team-one__sub-title team-one__sub-title team-one__sub-title team-one__sub-title team-one__sub-title team-one__sub-title team-one__sub-title team-one__sub-title team-one__sub-title team-one__sub-title team-one__sub-title team-one__sub-title team-one__sub-title team-one__sub-title team-one__sub-title\">Vicepresidente Departamental<\/p>\t\t\t\t\t\t\t\t\t<div class=\"team-one__social\">\r\n\t\t\t\t\t\t\t\t\t\tAlcalde - San Jorge, Zacapa.\n<br>\n<br>\n<br>\t\t\t\t\t\t\t\t\t<\/div>\r\n\t\t\t\t\t\t\t\t<\/div>\r\n\t\t\t\t\t\t\t<\/div>\r\n\t\t\t\t\t\t<\/div>\r\n\t\t\t\t\t\t<!--Team One Single End-->\r\n\t\t\t\t\t\t\t\t\t\t\t\t\t\t\t\t\t<!--Team One Single Start-->\r\n\t\t\t\t\t\t<div class=\"col-xl-4 col-lg-4\">\r\n\t\t\t\t\t\t\t<div class=\"team-one__single\">\r\n\t\t\t\t\t\t\t\t<div class=\"team-one__shape-2\">\r\n\t\t\t\t\t\t\t\t\t\t\t\t\t\t\t\t\t<\/div>\r\n\t\t\t\t\t\t\t\t<div class=\"team-one__img-box\">\r\n\t\t\t\t\t\t\t\t\t<div class=\"team-one__img\">\r\n\t\t\t\t\t\t\t\t\t\t<img decoding=\"async\" src=\"https:\/\/anam.org.gt\/inicio\/wp-content\/uploads\/2026\/02\/ESQUIPULAS.png\" alt=\"ESQUIPULAS\" title=\"ESQUIPULAS\" >\t\t\t\t\t\t\t\t\t<\/div>\r\n\t\t\t\t\t\t\t\t<\/div>\r\n\t\t\t\t\t\t\t\t<div class=\"team-one__content\">\r\n\t\t\t\t\t\t\t\t\t<h3 class=\"team-one__name\">\r\n\t\t\t\t\t\t\t\t\t\t<a class=\"                   \" href=\"\"  >Carlos Alberto Portillo<\/a>\t\t\t\t\t\t\t\t\t<\/h3>\r\n\t\t\t\t\t\t\t\t\t<p class=\"team-one__sub-title team-one__sub-title team-one__sub-title team-one__sub-title team-one__sub-title team-one__sub-title team-one__sub-title team-one__sub-title team-one__sub-title team-one__sub-title team-one__sub-title team-one__sub-title team-one__sub-title team-one__sub-title team-one__sub-title team-one__sub-title team-one__sub-title team-one__sub-title team-one__sub-title team-one__sub-title\">Coordinador de Comisiones ANAM<\/p>\t\t\t\t\t\t\t\t\t<div class=\"team-one__social\">\r\n\t\t\t\t\t\t\t\t\t\t\nAlcalde - Esquipulas, Chiquimula.\n<br>\n<br>\n<br>\t\t\t\t\t\t\t\t\t<\/div>\r\n\t\t\t\t\t\t\t\t<\/div>\r\n\t\t\t\t\t\t\t<\/div>\r\n\t\t\t\t\t\t<\/div>\r\n\t\t\t\t\t\t<!--Team One Single End-->\r\n\t\t\t\t\t\t\t\t\t\t\t\t\t\t\t\t\t<!--Team One Single Start-->\r\n\t\t\t\t\t\t<div class=\"col-xl-4 col-lg-4\">\r\n\t\t\t\t\t\t\t<div class=\"team-one__single\">\r\n\t\t\t\t\t\t\t\t<div class=\"team-one__shape-3\">\r\n\t\t\t\t\t\t\t\t\t\t\t\t\t\t\t\t\t<\/div>\r\n\t\t\t\t\t\t\t\t<div class=\"team-one__img-box\">\r\n\t\t\t\t\t\t\t\t\t<div class=\"team-one__img\">\r\n\t\t\t\t\t\t\t\t\t\t<img decoding=\"async\" src=\"https:\/\/anam.org.gt\/inicio\/wp-content\/uploads\/2026\/02\/SAN-BARTOLO.png\" alt=\"SAN-BARTOLO\" title=\"SAN-BARTOLO\" >\t\t\t\t\t\t\t\t\t<\/div>\r\n\t\t\t\t\t\t\t\t<\/div>\r\n\t\t\t\t\t\t\t\t<div class=\"team-one__content\">\r\n\t\t\t\t\t\t\t\t\t<h3 class=\"team-one__name\">\r\n\t\t\t\t\t\t\t\t\t\t<a class=\"                    \" href=\"\"  >Pedro Arael Perez <\/a>\t\t\t\t\t\t\t\t\t<\/h3>\r\n\t\t\t\t\t\t\t\t\t<p class=\"team-one__sub-title team-one__sub-title team-one__sub-title team-one__sub-title team-one__sub-title team-one__sub-title team-one__sub-title team-one__sub-title team-one__sub-title team-one__sub-title team-one__sub-title team-one__sub-title team-one__sub-title team-one__sub-title team-one__sub-title team-one__sub-title team-one__sub-title team-one__sub-title team-one__sub-title team-one__sub-title team-one__sub-title\">Coordinador de los Representantes de la ANAM ante las Instituciones P\u00fablicas<\/p>\t\t\t\t\t\t\t\t\t<div class=\"team-one__social\">\r\n\t\t\t\t\t\t\t\t\t\tAlcalde - San Bartolo Aguas Calientes, Totonicap\u00e1n.\t\t\t\t\t\t\t\t\t<\/div>\r\n\t\t\t\t\t\t\t\t<\/div>\r\n\t\t\t\t\t\t\t<\/div>\r\n\t\t\t\t\t\t<\/div>\r\n\t\t\t\t\t\t<!--Team One Single End-->\r\n\t\t\t\t\t\t\t\t\t\t\t\t\t\t\t\t\t<!--Team One Single Start-->\r\n\t\t\t\t\t\t<div class=\"col-xl-4 col-lg-4\">\r\n\t\t\t\t\t\t\t<div class=\"team-one__single\">\r\n\t\t\t\t\t\t\t\t<div class=\"team-one__shape-4\">\r\n\t\t\t\t\t\t\t\t\t\t\t\t\t\t\t\t\t<\/div>\r\n\t\t\t\t\t\t\t\t<div class=\"team-one__img-box\">\r\n\t\t\t\t\t\t\t\t\t<div class=\"team-one__img\">\r\n\t\t\t\t\t\t\t\t\t\t<img decoding=\"async\" src=\"https:\/\/anam.org.gt\/inicio\/wp-content\/uploads\/2026\/02\/MONJAS.png\" alt=\"MONJAS\" title=\"MONJAS\" >\t\t\t\t\t\t\t\t\t<\/div>\r\n\t\t\t\t\t\t\t\t<\/div>\r\n\t\t\t\t\t\t\t\t<div class=\"team-one__content\">\r\n\t\t\t\t\t\t\t\t\t<h3 class=\"team-one__name\">\r\n\t\t\t\t\t\t\t\t\t\t<a class=\"                     \" href=\"\"  >Juan Antonio Orellana<\/a>\t\t\t\t\t\t\t\t\t<\/h3>\r\n\t\t\t\t\t\t\t\t\t<p class=\"team-one__sub-title team-one__sub-title team-one__sub-title team-one__sub-title team-one__sub-title team-one__sub-title team-one__sub-title team-one__sub-title team-one__sub-title team-one__sub-title team-one__sub-title team-one__sub-title team-one__sub-title team-one__sub-title team-one__sub-title team-one__sub-title team-one__sub-title team-one__sub-title team-one__sub-title team-one__sub-title team-one__sub-title team-one__sub-title\">Coordinador de Asuntos Multiculturales y G\u00e9nero<\/p>\t\t\t\t\t\t\t\t\t<div class=\"team-one__social\">\r\n\t\t\t\t\t\t\t\t\t\tAlcalde - Monjas, Jalapa.\t\t\t\t\t\t\t\t\t<\/div>\r\n\t\t\t\t\t\t\t\t<\/div>\r\n\t\t\t\t\t\t\t<\/div>\r\n\t\t\t\t\t\t<\/div>\r\n\t\t\t\t\t\t<!--Team One Single End-->\r\n\t\t\t\t\t\t\t\t\t\t\t\t\t\t\t<\/div>\r\n\t\t\t<\/div>\r\n\t\t<\/div>\r\n\t<\/section>\r\n\t<!--Team One End-->\r\n\t\t\t\t<\/div>\n\t\t\t\t<\/div>\n\t\t\t\t\t<\/div>\n\t\t<\/div>\n\t\t\t\t\t<\/div>\n\t\t<\/section>\n\t\t\t\t<\/div>\n\t\t","protected":false},"excerpt":{"rendered":"<p>Sebastian Siero Presidente ANAM &nbsp;&nbsp; &nbsp;&nbsp; &nbsp;&nbsp; &nbsp;&nbsp; Walther Estuardo Ayala Primer Vicepresidente Alcalde &#8211; Fray Bartolom\u00e9 De Las Casas, Alta Verapaz Dony Rossembert Angel Segundo Vicepresidente Alcalde &#8211; Tectit\u00e1n, Huehuetenango. William Bernard Calder\u00f3n Tercer Vicepresidente Alcalde &#8211; Salcaj\u00e1, Quetzaltenango. Juan Carlos Escobar Secretario Alcalde &#8211; Nuevo San Carlos, Retalhuleu. Jos\u00e9 El\u00edas Herrera Tesorero Alcalde [&hellip;]<\/p>\n","protected":false},"author":4,"featured_media":0,"parent":0,"menu_order":0,"comment_status":"closed","ping_status":"closed","template":"elementor_header_footer","meta":{"footnotes":""},"class_list":["post-749","page","type-page","status-publish","hentry"],"yoast_head":"<!-- This site is optimized with the Yoast SEO plugin v27.0 - https:\/\/yoast.com\/product\/yoast-seo-wordpress\/ -->\n<title>Junta Directiva - ANAM<\/title>\n<meta name=\"robots\" content=\"index, follow, max-snippet:-1, max-image-preview:large, max-video-preview:-1\" \/>\n<link rel=\"canonical\" href=\"https:\/\/anam.org.gt\/inicio\/juntadirectiva\/\" \/>\n<meta property=\"og:locale\" content=\"es_ES\" \/>\n<meta property=\"og:type\" content=\"article\" \/>\n<meta property=\"og:title\" content=\"Junta Directiva - ANAM\" \/>\n<meta property=\"og:description\" content=\"Sebastian Siero Presidente ANAM &nbsp;&nbsp; &nbsp;&nbsp; &nbsp;&nbsp; &nbsp;&nbsp; Walther Estuardo Ayala Primer Vicepresidente Alcalde &#8211; Fray Bartolom\u00e9 De Las Casas, Alta Verapaz Dony Rossembert Angel Segundo Vicepresidente Alcalde &#8211; Tectit\u00e1n, Huehuetenango. William Bernard Calder\u00f3n Tercer Vicepresidente Alcalde &#8211; Salcaj\u00e1, Quetzaltenango. Juan Carlos Escobar Secretario Alcalde &#8211; Nuevo San Carlos, Retalhuleu. Jos\u00e9 El\u00edas Herrera Tesorero Alcalde [&hellip;]\" \/>\n<meta property=\"og:url\" content=\"https:\/\/anam.org.gt\/inicio\/juntadirectiva\/\" \/>\n<meta property=\"og:site_name\" content=\"ANAM\" \/>\n<meta property=\"article:publisher\" content=\"https:\/\/www.facebook.com\/ANAMGuatemala.org.gt\" \/>\n<meta property=\"article:modified_time\" content=\"2026-02-13T21:03:01+00:00\" \/>\n<meta property=\"og:image\" content=\"https:\/\/anam.org.gt\/inicio\/wp-content\/uploads\/2026\/02\/SS-2_2.png\" \/>\n<meta name=\"twitter:card\" content=\"summary_large_image\" \/>\n<meta name=\"twitter:site\" content=\"@ANAM_Guatemala\" \/>\n<meta name=\"twitter:label1\" content=\"Tiempo de lectura\" \/>\n\t<meta name=\"twitter:data1\" content=\"1 minuto\" \/>\n<script type=\"application\/ld+json\" class=\"yoast-schema-graph\">{\"@context\":\"https:\/\/schema.org\",\"@graph\":[{\"@type\":\"WebPage\",\"@id\":\"https:\/\/anam.org.gt\/inicio\/juntadirectiva\/\",\"url\":\"https:\/\/anam.org.gt\/inicio\/juntadirectiva\/\",\"name\":\"Junta Directiva - ANAM\",\"isPartOf\":{\"@id\":\"https:\/\/anam.org.gt\/inicio\/#website\"},\"primaryImageOfPage\":{\"@id\":\"https:\/\/anam.org.gt\/inicio\/juntadirectiva\/#primaryimage\"},\"image\":{\"@id\":\"https:\/\/anam.org.gt\/inicio\/juntadirectiva\/#primaryimage\"},\"thumbnailUrl\":\"https:\/\/anam.org.gt\/inicio\/wp-content\/uploads\/2026\/02\/SS-2_2.png\",\"datePublished\":\"2023-03-29T05:16:14+00:00\",\"dateModified\":\"2026-02-13T21:03:01+00:00\",\"breadcrumb\":{\"@id\":\"https:\/\/anam.org.gt\/inicio\/juntadirectiva\/#breadcrumb\"},\"inLanguage\":\"es\",\"potentialAction\":[{\"@type\":\"ReadAction\",\"target\":[\"https:\/\/anam.org.gt\/inicio\/juntadirectiva\/\"]}]},{\"@type\":\"ImageObject\",\"inLanguage\":\"es\",\"@id\":\"https:\/\/anam.org.gt\/inicio\/juntadirectiva\/#primaryimage\",\"url\":\"https:\/\/anam.org.gt\/inicio\/wp-content\/uploads\/2026\/02\/SS-2_2.png\",\"contentUrl\":\"https:\/\/anam.org.gt\/inicio\/wp-content\/uploads\/2026\/02\/SS-2_2.png\",\"width\":1000,\"height\":1000},{\"@type\":\"BreadcrumbList\",\"@id\":\"https:\/\/anam.org.gt\/inicio\/juntadirectiva\/#breadcrumb\",\"itemListElement\":[{\"@type\":\"ListItem\",\"position\":1,\"name\":\"Portada\",\"item\":\"https:\/\/anam.org.gt\/inicio\/\"},{\"@type\":\"ListItem\",\"position\":2,\"name\":\"Junta Directiva\"}]},{\"@type\":\"WebSite\",\"@id\":\"https:\/\/anam.org.gt\/inicio\/#website\",\"url\":\"https:\/\/anam.org.gt\/inicio\/\",\"name\":\"ANAM\",\"description\":\"Asociaci\u00f3n Nacional de Municipalidades de la Rep\u00fablica de Guatemala\",\"publisher\":{\"@id\":\"https:\/\/anam.org.gt\/inicio\/#organization\"},\"potentialAction\":[{\"@type\":\"SearchAction\",\"target\":{\"@type\":\"EntryPoint\",\"urlTemplate\":\"https:\/\/anam.org.gt\/inicio\/?s={search_term_string}\"},\"query-input\":{\"@type\":\"PropertyValueSpecification\",\"valueRequired\":true,\"valueName\":\"search_term_string\"}}],\"inLanguage\":\"es\"},{\"@type\":\"Organization\",\"@id\":\"https:\/\/anam.org.gt\/inicio\/#organization\",\"name\":\"Asociaci\u00f3n Nacional de Municipalidades de la Rep\u00fablica de Guatemala\",\"url\":\"https:\/\/anam.org.gt\/inicio\/\",\"logo\":{\"@type\":\"ImageObject\",\"inLanguage\":\"es\",\"@id\":\"https:\/\/anam.org.gt\/inicio\/#\/schema\/logo\/image\/\",\"url\":\"https:\/\/anam.org.gt\/inicio\/wp-content\/uploads\/2026\/02\/logo-anam-central-1.png\",\"contentUrl\":\"https:\/\/anam.org.gt\/inicio\/wp-content\/uploads\/2026\/02\/logo-anam-central-1.png\",\"width\":600,\"height\":280,\"caption\":\"Asociaci\u00f3n Nacional de Municipalidades de la Rep\u00fablica de Guatemala\"},\"image\":{\"@id\":\"https:\/\/anam.org.gt\/inicio\/#\/schema\/logo\/image\/\"},\"sameAs\":[\"https:\/\/www.facebook.com\/ANAMGuatemala.org.gt\",\"https:\/\/x.com\/ANAM_Guatemala\",\"https:\/\/www.instagram.com\/anam_guatemala\/?hl=es\"]}]}<\/script>\n<!-- \/ Yoast SEO plugin. -->","yoast_head_json":{"title":"Junta Directiva - ANAM","robots":{"index":"index","follow":"follow","max-snippet":"max-snippet:-1","max-image-preview":"max-image-preview:large","max-video-preview":"max-video-preview:-1"},"canonical":"https:\/\/anam.org.gt\/inicio\/juntadirectiva\/","og_locale":"es_ES","og_type":"article","og_title":"Junta Directiva - ANAM","og_description":"Sebastian Siero Presidente ANAM &nbsp;&nbsp; &nbsp;&nbsp; &nbsp;&nbsp; &nbsp;&nbsp; Walther Estuardo Ayala Primer Vicepresidente Alcalde &#8211; Fray Bartolom\u00e9 De Las Casas, Alta Verapaz Dony Rossembert Angel Segundo Vicepresidente Alcalde &#8211; Tectit\u00e1n, Huehuetenango. William Bernard Calder\u00f3n Tercer Vicepresidente Alcalde &#8211; Salcaj\u00e1, Quetzaltenango. Juan Carlos Escobar Secretario Alcalde &#8211; Nuevo San Carlos, Retalhuleu. Jos\u00e9 El\u00edas Herrera Tesorero Alcalde [&hellip;]","og_url":"https:\/\/anam.org.gt\/inicio\/juntadirectiva\/","og_site_name":"ANAM","article_publisher":"https:\/\/www.facebook.com\/ANAMGuatemala.org.gt","article_modified_time":"2026-02-13T21:03:01+00:00","og_image":[{"url":"https:\/\/anam.org.gt\/inicio\/wp-content\/uploads\/2026\/02\/SS-2_2.png","type":"","width":"","height":""}],"twitter_card":"summary_large_image","twitter_site":"@ANAM_Guatemala","twitter_misc":{"Tiempo de lectura":"1 minuto"},"schema":{"@context":"https:\/\/schema.org","@graph":[{"@type":"WebPage","@id":"https:\/\/anam.org.gt\/inicio\/juntadirectiva\/","url":"https:\/\/anam.org.gt\/inicio\/juntadirectiva\/","name":"Junta Directiva - ANAM","isPartOf":{"@id":"https:\/\/anam.org.gt\/inicio\/#website"},"primaryImageOfPage":{"@id":"https:\/\/anam.org.gt\/inicio\/juntadirectiva\/#primaryimage"},"image":{"@id":"https:\/\/anam.org.gt\/inicio\/juntadirectiva\/#primaryimage"},"thumbnailUrl":"https:\/\/anam.org.gt\/inicio\/wp-content\/uploads\/2026\/02\/SS-2_2.png","datePublished":"2023-03-29T05:16:14+00:00","dateModified":"2026-02-13T21:03:01+00:00","breadcrumb":{"@id":"https:\/\/anam.org.gt\/inicio\/juntadirectiva\/#breadcrumb"},"inLanguage":"es","potentialAction":[{"@type":"ReadAction","target":["https:\/\/anam.org.gt\/inicio\/juntadirectiva\/"]}]},{"@type":"ImageObject","inLanguage":"es","@id":"https:\/\/anam.org.gt\/inicio\/juntadirectiva\/#primaryimage","url":"https:\/\/anam.org.gt\/inicio\/wp-content\/uploads\/2026\/02\/SS-2_2.png","contentUrl":"https:\/\/anam.org.gt\/inicio\/wp-content\/uploads\/2026\/02\/SS-2_2.png","width":1000,"height":1000},{"@type":"BreadcrumbList","@id":"https:\/\/anam.org.gt\/inicio\/juntadirectiva\/#breadcrumb","itemListElement":[{"@type":"ListItem","position":1,"name":"Portada","item":"https:\/\/anam.org.gt\/inicio\/"},{"@type":"ListItem","position":2,"name":"Junta Directiva"}]},{"@type":"WebSite","@id":"https:\/\/anam.org.gt\/inicio\/#website","url":"https:\/\/anam.org.gt\/inicio\/","name":"ANAM","description":"Asociaci\u00f3n Nacional de Municipalidades de la Rep\u00fablica de Guatemala","publisher":{"@id":"https:\/\/anam.org.gt\/inicio\/#organization"},"potentialAction":[{"@type":"SearchAction","target":{"@type":"EntryPoint","urlTemplate":"https:\/\/anam.org.gt\/inicio\/?s={search_term_string}"},"query-input":{"@type":"PropertyValueSpecification","valueRequired":true,"valueName":"search_term_string"}}],"inLanguage":"es"},{"@type":"Organization","@id":"https:\/\/anam.org.gt\/inicio\/#organization","name":"Asociaci\u00f3n Nacional de Municipalidades de la Rep\u00fablica de Guatemala","url":"https:\/\/anam.org.gt\/inicio\/","logo":{"@type":"ImageObject","inLanguage":"es","@id":"https:\/\/anam.org.gt\/inicio\/#\/schema\/logo\/image\/","url":"https:\/\/anam.org.gt\/inicio\/wp-content\/uploads\/2026\/02\/logo-anam-central-1.png","contentUrl":"https:\/\/anam.org.gt\/inicio\/wp-content\/uploads\/2026\/02\/logo-anam-central-1.png","width":600,"height":280,"caption":"Asociaci\u00f3n Nacional de Municipalidades de la Rep\u00fablica de Guatemala"},"image":{"@id":"https:\/\/anam.org.gt\/inicio\/#\/schema\/logo\/image\/"},"sameAs":["https:\/\/www.facebook.com\/ANAMGuatemala.org.gt","https:\/\/x.com\/ANAM_Guatemala","https:\/\/www.instagram.com\/anam_guatemala\/?hl=es"]}]}},"_links":{"self":[{"href":"https:\/\/anam.org.gt\/inicio\/wp-json\/wp\/v2\/pages\/749","targetHints":{"allow":["GET"]}}],"collection":[{"href":"https:\/\/anam.org.gt\/inicio\/wp-json\/wp\/v2\/pages"}],"about":[{"href":"https:\/\/anam.org.gt\/inicio\/wp-json\/wp\/v2\/types\/page"}],"author":[{"embeddable":true,"href":"https:\/\/anam.org.gt\/inicio\/wp-json\/wp\/v2\/users\/4"}],"replies":[{"embeddable":true,"href":"https:\/\/anam.org.gt\/inicio\/wp-json\/wp\/v2\/comments?post=749"}],"version-history":[{"count":43,"href":"https:\/\/anam.org.gt\/inicio\/wp-json\/wp\/v2\/pages\/749\/revisions"}],"predecessor-version":[{"id":5527,"href":"https:\/\/anam.org.gt\/inicio\/wp-json\/wp\/v2\/pages\/749\/revisions\/5527"}],"wp:attachment":[{"href":"https:\/\/anam.org.gt\/inicio\/wp-json\/wp\/v2\/media?parent=749"}],"curies":[{"name":"wp","href":"https:\/\/api.w.org\/{rel}","templated":true}]}}